{"id":1313,"date":"2019-07-27T17:18:43","date_gmt":"2019-07-27T15:18:43","guid":{"rendered":"https:\/\/vojnakrajina.ffzg.unizg.hr\/?page_id=1313"},"modified":"2022-10-16T22:44:25","modified_gmt":"2022-10-16T20:44:25","slug":"razvoj-krajiske-poste","status":"publish","type":"page","link":"https:\/\/vojnakrajina.ffzg.unizg.hr\/en\/razvoj-krajiske-poste\/","title":{"rendered":"DEVELOPMENT"},"content":{"rendered":"<div data-elementor-type=\"wp-page\" data-elementor-id=\"1313\" class=\"elementor elementor-1313\">\n\t\t\t\t\t\t<section class=\"elementor-section elementor-top-section elementor-element elementor-element-6afd18de elementor-section-boxed elementor-section-height-default elementor-section-height-default\" data-id=\"6afd18de\" data-element_type=\"section\" data-settings=\"{&quot;background_background&quot;:&quot;classic&quot;}\">\n\t\t\t\t\t\t<div class=\"elementor-container elementor-column-gap-default\">\n\t\t\t\t\t<div class=\"elementor-column elementor-col-100 elementor-top-column elementor-element elementor-element-10bd06ce\" data-id=\"10bd06ce\" data-element_type=\"column\">\n\t\t\t<div class=\"elementor-widget-wrap elementor-element-populated\">\n\t\t\t\t\t\t<div class=\"elementor-element elementor-element-351cf5e4 elementor-widget elementor-widget-heading\" data-id=\"351cf5e4\" data-element_type=\"widget\" data-widget_type=\"heading.default\">\n\t\t\t\t<div class=\"elementor-widget-container\">\n\t\t\t\t\t<h2 class=\"elementor-heading-title elementor-size-default\">Frontier postal system<\/h2>\t\t\t\t<\/div>\n\t\t\t\t<\/div>\n\t\t\t\t<div class=\"elementor-element elementor-element-f6c18f8 elementor-widget elementor-widget-heading\" data-id=\"f6c18f8\" data-element_type=\"widget\" data-widget_type=\"heading.default\">\n\t\t\t\t<div class=\"elementor-widget-container\">\n\t\t\t\t\t<h2 class=\"elementor-heading-title elementor-size-default\">The History of the Frontier Postal System, 1520s - 1578<\/h2>\t\t\t\t<\/div>\n\t\t\t\t<\/div>\n\t\t\t\t<div class=\"elementor-element elementor-element-decd28a elementor-widget elementor-widget-text-editor\" data-id=\"decd28a\" data-element_type=\"widget\" data-widget_type=\"text-editor.default\">\n\t\t\t\t<div class=\"elementor-widget-container\">\n\t\t\t\t\t\t\t\t\t<p><b>Author:<\/b> Filip \u0160imunjak<br \/>(\u00a92019.)<\/p>\t\t\t\t\t\t\t\t<\/div>\n\t\t\t\t<\/div>\n\t\t\t\t\t<\/div>\n\t\t<\/div>\n\t\t\t\t\t<\/div>\n\t\t<\/section>\n\t\t\t\t<section class=\"elementor-section elementor-top-section elementor-element elementor-element-4095191e elementor-section-boxed elementor-section-height-default elementor-section-height-default\" data-id=\"4095191e\" data-element_type=\"section\" data-settings=\"{&quot;background_background&quot;:&quot;classic&quot;}\">\n\t\t\t\t\t\t<div class=\"elementor-container elementor-column-gap-default\">\n\t\t\t\t\t<div class=\"elementor-column elementor-col-66 elementor-top-column elementor-element elementor-element-177ba7a1\" data-id=\"177ba7a1\" data-element_type=\"column\">\n\t\t\t<div class=\"elementor-widget-wrap elementor-element-populated\">\n\t\t\t\t\t\t<div class=\"elementor-element elementor-element-757aee53 elementor-widget elementor-widget-heading\" data-id=\"757aee53\" data-element_type=\"widget\" data-widget_type=\"heading.default\">\n\t\t\t\t<div class=\"elementor-widget-container\">\n\t\t\t\t\t<h2 class=\"elementor-heading-title elementor-size-default\">Po\u0161ta na Slavonskoj (i Hrvatskoj) krajini<\/h2>\t\t\t\t<\/div>\n\t\t\t\t<\/div>\n\t\t\t\t<div class=\"elementor-element elementor-element-6c7cb15b elementor-drop-cap-yes elementor-drop-cap-view-default elementor-widget elementor-widget-text-editor\" data-id=\"6c7cb15b\" data-element_type=\"widget\" data-settings=\"{&quot;drop_cap&quot;:&quot;yes&quot;}\" data-widget_type=\"text-editor.default\">\n\t\t\t\t<div class=\"elementor-widget-container\">\n\t\t\t\t\t\t\t\t\t<p>Va\u017enost po\u0161te i brze dojave vijesti s prostora Hrvatske i Slavonije uvidio je jo\u0161 Maksimilijan I. Habsburgovac &#8211; u njegovo vrijeme imamo prve vijesti o postojanju po\u0161te na prostoru Unutarnje Austrije (tj. dana\u0161nje Slovenije). Postoji jedna vijest o postojanju po\u0161tanske veze 1499.\/1500. godine, koja je privremeno uspostavljena prema moru, preko Ljubljane, radi sukoba s Venecijom. Ipak, znatno ve\u0107u opasnost od Venecije predstavljale su Osmanlije &#8211; tako je Maksimilijan, prilikom jednog posjeta Kranjskoj, naradio <b>1514. godine uspostavu linije Be\u010d &#8211; Graz.\u00a0<\/b><\/p><p><b>Osnovu svih po\u0161tanskih veza prema Hrvatskoj \u010dinila je linija Be\u010d \u2013 Graz \u2013 Maribor \u2013 Ljubljana o kojoj postoje dokazi o postojanju od 1520-ih godina.<\/b>\u00a0Veza se svake godine nanovo organizirala u travnju, svibnju ili lipnju i to na razdoblje od \u010detiri do \u0161est mjeseci, a u iznimnim slu\u010dajevima i do devet.\u00a0<br \/>U slu\u010daju slavonskog prostora po\u0161tanska linija je <b>nakon Maribora i\u0161la prema Slavoniji preko Celja ili Ptuja<\/b>, a Velimir Sokol navodi kako se ona prvi puta u dokumentima javlja u <b>travnju 1525. godine<\/b>.<\/p><p>Godine 1522. jo\u0161 uvijek ne postoji ideja uspostave trajne, stabilne i brze po\u0161tanske veze izme\u0111u \u0160tajerske i Hrvatske, nego su slavonski i hrvatski plemi\u0107i (kao i u prethodnim vremenima) radije samostalno slali posebne kurire. Godinu dana kasnije, 1523. godine, vijesti s osmanske granice su slali grofovi (i bra\u0107a) Frankopani, Krsto i Vuk, a kako je veza uspostavljena na zamolbu Kranjske Hozjan zaklju\u010duje da je logi\u010dno da ih je i pla\u0107ala Kranjska.<\/p><p>Kurirska veza nastavila se i sljede\u0107e dvije godine i to putem Ivana Kobasi\u0107a (za \u0161to je pla\u0107en \u010dak 1200 ugarskih forinti 1524. godine te 1000 dukata 1525. godine). Kada se 1525. godine na\u010delnik \u0161taba Ferdinandove vojske, Nikola Juri\u0161i\u0107, na dulje vrijeme utaborio u Jastrebarskom vladar je zahtijevao \u010dvr\u0161\u0107u i br\u017eu vezu Maribor \u2013 Celje \u2013 Jastrebarsko.\u00a0<b>Karakteristika prve faze razvoja vojnokraji\u0161ke po\u0161te na hrvatskom prostoru je upotreba kurira\/vojnih glasono\u0161a<\/b>, koji su obavljali put od primatelja i natrag, a kurir je naj\u010de\u0161\u0107e prenosio samo jedno pismo ili najvi\u0161e nekoliko njih.<\/p><p>Kako je rat s Ivanom Zapoljom postajao sve intezivniji tako je vremenom obrana od Osmanlija pala u drugi plan, pa izme\u0111u 1527. i 1529. godine imamo malo podataka o po\u0161ti, tek da je kralj svake godine iznova nare\u0111ivao uspostavu sezonskih vi\u0161emjese\u010dnih po\u0161tanskih veza. Zanimljivo je ipak da se te godine prvi put u hrvatskom jeziku spominje naziv \u201epo\u0161ta\u201c:\u00a0<i>To se vidi po tome \u0161to su \u00bbfideles cappelani servi et subditi unitatum Regni Croatie\u00ab tako\u0111er Ferdinandu I otpremili pismo iz Cetina u kojemu spominju da je kralj ve\u0107 obavije\u0161ten o izboru putem po\u0161te (per postas) koju je otpremio Oberstein.\u00a0<b>To pismo spominjemo zato \u0161to je prvi dokument iz povijesti Hrvatske u kojemu doma\u0107i ljudi upotrebljavaju rije\u010d \u00bbpo\u0161ta\u00ab prema njema\u010dkom uzoru<\/b><\/i>\u00a0(V. Sokol, \u201ePregled postanka i razvoja organiziranog prijenosa vijesti,\u201c str. 94).<\/p><p><b>Godine 1529. po prvi put se spominje bar privremeni prijenos vojnopo\u0161tanskih dopisa kralja i be\u010dkog dvora do Zagreba<\/b>\u00a0(linija Graz &#8211; Maribor \u2013 Celje \u2013 Zagreb). Dokaz tome je stalna korespondencija Nikole pl. Thurna (zapovjednik \u0161tajerskih trupa u Zagrebu) i glavara \u0160tajerske \u017digmunda Dietrichsteina \u2013 o\u010dito je zadatak bio imati stalnu informiranost o situaciji na granici u mjesecima osmanske opsade Be\u010da. Uz to kralj Ferdinand izdao je 29. 7. 1529. godine nalog da se komora u Be\u010du posebno pobrine za po\u0161tansku liniju Be\u010d \u2013 Zagreb:<\/p><p><i>Na\u0161i dragi i vjerni. Po\u0161to smo mi na\u0161u vojsku u Zagrebu utaborili, te po\u0161to \u0107e ova vojska neko vrijeme ondje ostati, a mogu\u0107e \u0107e, radi odbijanja nama neprijateljske sile, ondje du\u017ee vrijeme boraviti, na\u0161e potrebe zahtijevaju da mi o pokretima spomenute vojske budemo u svako doba obavije\u0161teni. Zbog &#8216;toga vam nare\u0111ujemo da se strogo\u00b7 dr\u017eite onoga \u0161to vam va\u0161a pravila nare\u0111uju, da bi po\u0161ta od Be\u010da pa do mjesta za koje bi nam bilo javljeno da se na\u0161a vojska u njemu utaborila, u svako doba brzo i redovito prenosila vijesti o njezinim pokretima i bila kori\u0161tena na na\u010din da bi nama, a i na\u0161em vjernom i dragom Nikoli grofu Thumu, na\u0161em vrhovnom zapovjedniku, vijesti o spomenutoj na\u0161oj vojsci bile dojavljivane. Dano u Linzu 29. srpnja 29e<\/i>\u00a0(V. Sokol, \u201ePregled postanka i razvoja organiziranog prijenosa vijesti,\u201c str. 99).<\/p><p>Godine 1537., nakon sporazuma kralja Ferdinanda i Ivana Zapolje, narasla je opasnost od osmanskog napada pa je Ivan Kacijanar, novopostavljeni zapovjednik vojske, poslan u Hrvatsku te je s njim trebala biti uspostavljena stalna veza od Zagreba do njegovog \u0161taba. Prema zapisima mo\u017eemo pratiti liniju Graz \u2013 Maribor \u2013 Ptuj \u2013 Sv. Kri\u017e kod Roga\u0161ke Slatine \u2013 Zagreb, a iz Zagreba dalje prema Kacijanaru i njegovom taboru (ovisno o tome gdje se nalazio u datom trenu). U rujnu kralj je zahtijevao poja\u010davanje veze izme\u0111u Be\u010da i Kacijanara, pa je na svakoj po\u0161ti du\u017e te relacije postavljen dodatni konj (jer je do tad bio samo jedan).<\/p><p>Kacijanarova izvje\u0161\u0107a stizala su do Be\u010da ve\u0107 u svega 4\/5 dana, a Hozjan zaklju\u010duje kako je po\u0161ta sada dosegla novu fazu djelovanja\u00a0<b>privremenih sezonskih vojno-po\u0161tanskih veza\u00a0<\/b>(kakve djeluju od 1522\/4. godine). Iako su se po\u0161tanske veze ukidale preko zime (jer su zimski mjeseci prolazili bez sukoba) kralj je ipak i dalje zahtijevao neku vrstu obavijesti o stanju u Slavoniji pa je postojalo preno\u0161enje i u zimskim mjesecima, a tro\u0161kovi su se napla\u0107ivali iz vicedomskih sredstava.<\/p><p>Kada su 1539. godine \u0161tajerski stale\u017ei odlu\u010dili poduzeti konkretne obrambene korake i poslali vlastitu vojsku najamnika u Vara\u017edin postalo je klju\u010dno uspostaviti po\u0161tansku liniju s tim gradom. Na sa\u010duvanom platnom popisu spominje se 6 pla\u0107enih konja (Landscha a.d. Mur, Maribor, Ptuj), svaki 4 fl\/mjesec \u2013 no ne spominje se Vara\u017edin \u0161to bi zna\u010dilo da tamo nije bilo po\u0161te pa se postavlja pitanje kako je po\u0161ta stizala od Ptuja do Vara\u017edina? Hozjan zaklju\u010duje da su izvje\u0161\u0107a iz drugih utvrda vjerojatno stizala u Vara\u017edin, a tamo bi ih pokupili ptujski po\u0161tari kada bi stigli dostaviti po\u0161tu iz druge relacije, a hitna pisma iz Vara\u017edina do Ptuja obavljali su i osobni kuriri vojnog zapovjednika. Hitna pisma stvarala su veliki tro\u0161ak zapovjedniku Hoffmannu pa se u lipnju \u017eali na tro\u0161kove.<\/p><p>Kralj Ferdinand tako\u0111er je zahtijevao uspostavu svoje linije sa zapovjednikom kraljevih \u010deta Nikolom Juri\u0161i\u0107em, preko relacije Graz \u2013 Ptuj \u2013 Juri\u0161i\u0107. Da li su postojale dvije paralelne linije ili su isti po\u0161tari obavljali posao za \u0160tajersku i za kralja, a primali posebno pla\u0107u od svakoga za njihovu po\u0161tu, ostaje otvoreno pitanje \u2013 no Hozjan smatra kako je ovo drugo vjerojatnije.<\/p><p>Sve do 1542. godine situacija je ostala ista kao u slu\u010daju Vara\u017edina \u2013 zapovjednici su manje-vi\u0161e o vlastitom tro\u0161ku slali kurire, iako se na zasjedanju \u0161tajerskih stale\u017ea 1541. godine raspravljalo o uspostavi vlastite po\u0161te na prostoru Hrvatske \u2013 no ona prema svemu sude\u0107i nije za\u017eivjela jo\u0161 te godine.<\/p><p><b>Prva (nedvojbena) potvrda postojanja vojnokraji\u0161ke po\u0161te na hrvatskom tlu dolazi 1542. godine<\/b>\u00a0kada se izme\u0111u o\u017eujka i listopada po\u0161tanski konji nalaze u\u00a0<b>Vara\u017edinu<\/b>\u00a0and\u00a0<b>Koprivnici<\/b>, pa je tako linija i\u0161la Graz \u2013 Ernov\u017e \u2013 Maribor \u2013 Ptuj \u2013 Vara\u017edin \u2013 Koprivnica, a na svakoj postaji nalazila su se po 2 konja. Linija je nastavila djelovati i u narednim godinama, a <b>o\u010dito je\u00a0bila neprekidna i preko zime<\/b>.<\/p><p>Zapovjednik \u0161tajerske vojske u Hrvatskoj, Juraj Wildenstein, redovito je izvje\u0161tavao u Graz iz Vara\u017edina \u2013 no zbog pove\u0107anja opsega korespondencija i sve vi\u0161e hitnih po\u0161iljka iz Hrvatske zbog stalne ratne opasnosti po\u0161tare sve vi\u0161e mu\u010de nov\u010dani problemi, a provodile su se i istrage oko po\u0161tarske \u201enemarnosti.\u201c Godine 1548. \u0160tajerska re\u017ee tro\u0161kove po\u0161te, no sigurno znamo da je ona u Vara\u017edinu i dalje postojala i oda\u0161iljala pisma u velikoj koli\u010dini. O \u0161tajerskoj po\u0161ti u Zagrebu jo\u0161 uvijek nema rije\u010di.<\/p><p>Godine 1551. spominju se po prvi put \u201epo\u0161tanski majstor u Slavoniji\u201c, a znamo mu i ime \u2013 Simon Belaj. Po\u0161tanske postaje postojale su u Koprivnici, Vara\u017edinu, Ptuju, Mariboru i Lan\u010di (1 konj, 6 fl\/mj) te na prostoru Ugarske po\u0161te u Donjoj Lendavi i Zalal\u00f6vu (1 konj, 5 fl\/mj), a po\u0161ta je dalje vodila prema Be\u010du. Hozjan ostavlja otvorenu mogu\u0107nost da ve\u0107 tada po\u0161tu u Zagrebu pla\u0107a \u0160tajerska jer se navodi tro\u0161ak od 10 konja, a spominje se samo sedam (ostala tri \u010dinila bi relacija Zagreb \u2013 Sv. Kri\u017e kod Slatine \u2013 Ptuj), ali nema dokaza o tome. Sljede\u0107e godine, 1552. vi\u0161e se ne spominje po\u0161tanski konj u Koprivnici, pa od tada vi\u0161e nema po\u0161te tamo.<\/p><p>S padom Virovitice 1552. godine pove\u0107ao se interes za uspje\u0161nu obranu pograni\u010dnih krajeva \u2013 tako raste va\u017enost \u0161pijuna\u017ee i kraji\u0161ke po\u0161te. Za ovu godinu prvi put se pojavljuju popisi isplata\u00a0<b>po osobi\u00a0u svakoj po\u0161tanskoj stanici<\/b>, tj. isplata svakom po\u0161taru posebno, a ne vi\u0161e jednoj osobi za vi\u0161e po\u0161tara. Kako se ove godine spominje izravno isplata po\u0161taru Toma\u017eu Krivo\u0161u u Svetom Kri\u017eu kod Roga\u0161ke Slatine logi\u010dno je zaklju\u010diti da od tada postoji i po\u0161tanska linija prema Zagrebu \u2013 tj. Graz \u2013 Maribor \u2013 Ptuj \u2013 Sv. Kri\u017e \u2013 Zagreb (tj. postojala je po\u0161ta u Zagrebu i prije, ali ju je pla\u0107ao kralj izravno, a od 1552. \u0161tajerski stale\u017ei).<\/p><p><b>Godine 1553. spominju se po\u0161te u Zagrebu i Samoboru<\/b>, uspostavljene na zahtjev Ivana Lenkovi\u0107a s po 2 konja svaka. Iste godine Lenkovi\u0107 u nizu preinaka koje predla\u017ee na prostoru Hrvatske i Slavonske vojne krajine tra\u017ei uspostavu direktne linije Vara\u017edin \u2013 Zagreb. Zagreb je tako\u0111er trebao djelovati kao linija komunikacije s Kranjskom preko linije Metlika \u2013 Petrovina \u2013 Samobor \u2013 Zagreb.\u00a0<b>Linije tada ve\u0107 postaju stalne i ne ukidaju se tijekom zimskih mjeseci.<\/b><\/p><p>Kralj Ferdinand izdao je 1555. godine punomo\u0107 donjoaustrijskim zemljama (time i \u0160tajerskoj) da mogu samostalno odlu\u010divati o manjim stvarima obrane, pa je tako uzdr\u017eavanje postrojbi, \u201evizitiranje\u201c i sre\u0111ivanje kraji\u0161kih radnji na hrvatskom prostoru koje je pla\u0107ala \u0160tajerska pre\u0161lo potpuno u \u0161tajerske ruke. Ova punomo\u0107 (kao i sve prethodne) bila je pravna osnova za uspostavu \u0161tajerske po\u0161tanske slu\u017ebe bez posebnog odobrenja Ferdinanda, ali naravno o vlastitom tro\u0161ku.<\/p><p>U razdoblju 1555.\/1556. \u0160tajerska je pla\u0107ala \u010dak 18 po\u0161tanskih konja: Graz, Lan\u010da, Maribor, Ptuj, Vara\u017edin, Zagreb te Lovo i Lendava. Tako\u0111er se spominje po prvi put i\u00a0<b>Lepoglava\u00a0<\/b>\u010dime se mo\u017ee dokazati direktna linija izme\u0111u Vara\u017edina i Zagreba (koju 1553. zahtjeva Lenkovi\u0107). Po\u0161te i dalje nema u Koprivnici i Kri\u017eevcima jer su po\u0161tu preuzimali po\u0161tari iz Vara\u017edina, a po potrebi slani su hitni sto\u017eerni kuriri. Od ove godine po\u0161ta je vjerojatno preseljena iz Sv. Kri\u017ea kod Slatine u Sv. Kri\u017e Za\u010dretje (zaklju\u010dak Andreja Hozjana).<\/p><p>Za 1555. godinu sa\u010duvan je i poimeni\u010dni popis, a iz njega slijedi:<\/p><ul><li>Ivan Kuzmi\u0107, Vara\u017edin, 3 konja, 156 fl\/o\u017eujak-studeni<\/li><li>Valentin Cs\u00e1k\u00e1ny, Lepoglava, 2 konja, 90 fl\/o\u017eujak-studeni<\/li><li>Ivan Cvetkovi\u0107, Sv. Kri\u017e, 2 konja, 40 fl\/o\u017eujak-lipanj<\/li><li>Mihovil \u0160i\u0161ka, Sv. Kri\u017e, 2 konja, 50 fl\/srpanj-studeni<\/li><li>Mihovil \u0160arap, Zagreb, 3 konja, 135 fl\/o\u017eujak-studeni<\/li><\/ul><p>Najraniji cjeloviti popis za Slavonsku krajinu, koji je i obra\u0111en u sklopu ovog projekta, jest onaj iz 1556. godine. Kako se na njemu spominju i po\u0161tari prenosimo u cijelosti poglavlje iz knjige\u00a0<i>Prve po\u0161te i po\u0161tari kontinentalne Hrvatske<\/i>\u00a0(A. Hozjan, str. 53 \u2013 54) koje se odnosi na tu godinu:<\/p><p><i>Godina velikih pritisaka osmanske sile na ugarske utvrde Siget i Veliku Kani\u017eu. Na temelju platnih registara te drugih izvora mo\u017ee se o ovda\u0161njim po\u0161tarima i njihovom radu dobiti op\u0161irnija slika. Nedostatak novca prisilio je stale\u017ee \u0160tajerske na najve\u0107u mogu\u0107u \u0161tedljivost. Dodu\u0161e, \u201eaustrijsko-slavonskokraji\u0161ka\u201c veza radila je nesmetano, a k tome je &#8220;pomogla\u201c i neprekidna korespondencija izmedu Graza i Jurja Wildensteina, upravitelja vrhovnog sto\u017eera cijele krajine &#8211; Lenkovi\u0107evog zamjenika, ve\u0107 u prolje\u0107e. Juraj se nije dvoumio u slanju hitnih pisama u Graz gdje god ga se zateklo.<\/i><\/p><p><i>Ali zato isprva nije do\u0161lo do ve\u0107 uobi\u010dajenog uspostavljanja po\u0161tanske veze iz Graza na ugarsko podru\u010dje preko Mure\/Drave. Usprkos kriznoj situaciji na podru\u010dju izmedu Sigeta i Kani\u017ee, u kasno prolje\u0107e i u ljetnim mjesecima (osmanska vojska je pod zapovjedni\u0161tvom Ali-pa\u0161e opsjedala Siget izmedu 11. lipnja i 30. srpnja, a prije toga i u isto vrijeme poznati su sna\u017eni osmanski upadi na sjever) \u0161tajerski povjerenici nisu stajali prekri\u017eenih ruku. Iskusni vrhovni kraji\u0161ki zapovjednik Ivan Lenkovi\u0107 bio je svjestan strate\u0161ke nu\u017ede brzih, neometanih veza. Zato je smjesta zahtijevao ponovnu uspostavu svih ustaljenih po\u0161ta, a k tome i dodatnu po\u0161tansku vezu do Kani\u017ee. Tada je Kani\u017ea jo\u0161 bila N\u00e1dasdyjeva utvrda, u koju je \u0160tajerska postavila manju vlastitu jedinicu pod vodstvom Andrije Rindtscheidta. S njom, prvih dana, ipak nije imala neposredne veze.<\/i><\/p><p><i>No do srpnja ju je ve\u0107 organizirala. Do Kani\u017ee je tada ved prenosila nova vi\u0161emjese\u010dna \u0161tajerska po\u0161tanska veza Graza preko Radgone, Donje Lendave i Letenya. Povezivala se sa stra\u017earskim i vojni\u010dkim posadama u Prekomurju do Mono\u0161tra\/Szentgotth\u00e1rd te dalje s kraljevom vojnopo\u0161tanskom vezom iz Be\u010da do Sigeta, s po\u0161tom K\u00f6rmendu. Istovremeno je u pomo\u0107 opsjednutima \u017eurio jaki odjel \u0161tajerskih najamnika. S njima je zemlja na svaki na\u010din htjela imati stalan kontakt. Zbog vladarevog dolaska u zale\u0111e podru\u010dja sukoba, \u0160tajerci su od po\u010detka listopada dodatno ustanovili privremene po\u0161te u Letenyu, u Raskri\u017eju\/Razkri\u017eju (R\u00e4zCanisa) i u Prelogu &#8211; tu je 8. listopada bio prisutan sam kralj Ferdinand, kada je krenuo na put prema Kani\u017ei i svakako je htio imati dobre po\u0161tanske veze do be\u010dkog dvora pa i do Po\u017euna. Veza do Kani\u017ee djelovala je besprijekorno, i naravno, bila je povezana Vara\u017edinom. Vara\u017edinski kraji\u0161ki \u0161tab i Lenkovi\u0107 isto su tako imali direktnu vezu sa Sigetom preko po\u0161ta u Prelogu te u tvr\u0111avama \u010corgovo\/Csurg\u00f3 i Bobovac\/Bab\u00f3csa. Dvorsku vezu iz Be\u010da do Sigeta, koju je o\u010dito (na temelju samo u malo kasnijih izvora) do K\u00f6rmenda financirala blagajna zemlje nadvojvodine Austrije, a nadzor prijenosa vr\u0161io je vrhovni kraljevski postanski majstor za podru\u010dje zapadne Ugarske u Gy\u00f6ru &#8211; tada ve\u0107 u rukama \u010dlanova kasnije austrijske po\u0161tanske \u201edinastije\u201c Paar &#8211; nazivam \u201ezapadno ugarska kraji\u0161ka vojnopo\u0161tanska linija\u201c, za razliku od \u201eaustrijsko-slavonskokraji\u0161ke.\u201c<\/i><\/p><p><i>Ve\u0107 tada je putovanje po\u0161toma bio skoro svakida\u0161nji pojam. Dana 10. o\u017eujka 1556., Krsto Kainach, koji se htio vratiti iz krajine u Graz, namjeravao je to u\u010diniti s \u201eain khlainen postier ritte\u201c. U \u017eurbi se tra\u017eilo po\u0161tu voziti i kolima: (&#8230;) Auch bei den geuerlichen Leuffen die Posst zuschikhen mit Wagen durffen. Lenkovi\u0107 je takoder u velikoj nu\u017edi iz Vara\u017edina u Graz slao i vlastite brze kurire, kao npr. 28. rujna: (&#8230;) bitt ich abermals mich des bei disem einem aignem dienner unuerzogennlich zuverstenndign (&#8230;).<\/i><\/p><p><i>Nakon do tada neusporedivo intenzivnih vojnih doga\u0111aja te godine, \u0161tajerski povjerenici i zapovjedni\u0161tvo odlu\u010dili su na jesen da se opseg slavonskokraji\u0161kih vojnika i slu\u017ebi preko zime, to\u010dnije od 1. studenog 1556., nikako nije smio uvelike umanjiti. Sve po\u0161tanske konje trebalo je redovito dr\u017eati. Tako su sve vojnopo\u0161tanske postaje \u2013 ili barem ve\u0107ina njih \u2013 naprekidno radile i preko Nove godine. Recimo, Ivan Lenkovi\u0107 jo\u0161 je na dan 31. prosinca javljao iz Preloga u Graz, da je iz Vara\u017edina u tom trenutku dobio turske vijesti. U zimi 1556.\/1557., uz vara\u017edinsku po\u0161tu i po\u0161ta u Prelogu neprekidno je radila. Lenkovi\u0107 je tako u Vara\u017edinu imao stalnu vezu do Sigeta iz kojeg su pisma stizala za tri dana, te vezu sa Zagrebom.<\/i><\/p><p>Drugi veoma detaljan prikaz kraji\u0161ke po\u0161te, <b>ovoga puta i za prostor Hrvatske krajine, dolazi iz 1559. godine<\/b>. Znamo da je u ovom periodu ve\u0107 sustav toliko dobro funkcionirao da su neki zapovjednici, npr. Ivan Lenkovi\u0107, slali svoje poruke i u vi\u0161e kopija na vi\u0161e lokacija (tj. u \u0160tajersku, kralju u Be\u010d\u2026). Do godine 1564. nema va\u017enijih vijesti i promjena \u2013 najva\u017enije doga\u0111aje prezentirao je Hozjan \u2013 valja samo napomenuti da su se i dalje nastavljali standardni problemi po\u0161te, tj. \u010deste su kontrole rada i kritike brzine isporuka.<\/p><p>Godine 1564. umro je kralj Ferdinand te je do\u0161lo do podijele austrijskih posjeda izme\u0111u njegovih sinova. Maximilian II. je postao nadvojvoda Austrije (Gornje i Donje) te ujedno i kralj Ugarske, a kasnije i car. Drugi sin, Ferdinand II. postao je nadvojvoda Tyrola i Vanjske\/Prednje Austrije.\u00a0<b>Karlo II., tre\u0107i sin, postao je nadvojvoda Unutarnje Austrije (tj. Kranjske, Koru\u0161ke i \u0160tajerske)<\/b>. S nadvojvodom Karlom do\u0161le su i bitne promjene u kraji\u0161koj po\u0161ti \u2013 uspostavljen je dvorski po\u0161tansko-majstorski ured Unutra\u0161nje Austrije, a na njegovo \u010delo postavljen je Ivan Krstitelj Paar.<\/p><p>Po\u0161tanska se linija dijelila u dva dijela \u2013 od Ptuja prema Zagrebu, a od tamo prema Ivani\u0107u te prema potrebi prema Kri\u017eevcima i prostoru Hrvatske krajine. Druga linija i\u0161la je du\u017e Drave do Vara\u017edina \u2013 od tamo se po\u0161ta prenosila u Me\u0111imurje, Podravinu, a prema potrebi i prema Letenju te Kri\u017eevcima. Po\u0161ta je nadalje putovala prema Ljubljani koja postaje vremenom va\u017eno sredi\u0161te po\u0161tanskih puteva od Hrvatske prema Grazu, ali i sa sjeveroistoka Europe prema Veneciji.<\/p><p>Kraji\u0161ka po\u0161ta pokazala se posebno va\u017enom u vrijeme Selja\u010dke bune 1573. godine. Hozjan zaklju\u010duje da su ve\u0107 tada pravo preno\u0161enja po\u0161te imali i\u00a0<b>kraji\u0161ki \u010dasnici, \u010dlanovi sabora i ban<\/b>, a kao dokaz hipoteze navodi \u201eiznena\u0111uju\u0107e brzo\u201c okupljanje slavonske plemi\u0107ke vojske. Sa\u010duvan nam je zanimljiv podatak iz 1574. godine kada se Oto Radmannsdorf \u017eali \u0161to je njegovo pismo iz Vara\u017edina do\u0161lo do Graza nakon \u0161est dana jer je\u00a0<b>obi\u010dno stizalo u jednom danu<\/b>.\u00a0<\/p><p>Nakon pritu\u017ebi Paara nadvojvodi, a zatim nadvojvode stale\u017eima, o stanju kraji\u0161ke po\u0161te stale\u017ei \u0160tajerske su 1576. godine<b>\u00a0sastavili instrukcije, tj. upute, o tome kako se po\u0161tar treba odnositi prema po\u0161ti i koje su njegove du\u017enosti<\/b>. Posebno je nagla\u0161eno da se konji koje pla\u0107a \u0160tajerska ne smiju koristiti za ni\u0161ta drugo osim za stvari koje su pla\u0107eni te je izvanredni prijenos dopu\u0161ten jedino po naredbi nadvojvode ili \u0160tajerske.<\/p><p>U saboru u Brucku na Muri 1578. godine dogovorena je uspostava dvije nove postaje zapadno od Zagreba \u2013 Jastrebarsko i Karlovac (koji se trebao izgraditi). Tako\u0111er, utvr\u0111ena je pla\u0107a po\u0161tara pje\u0161aka na 4 guldena\/mj i po\u0161tara konjanika na 5 do 8 guldena\/mj. Istovremeno je ukinuta i postaja u Svetom Kri\u017eu \u010dime je veza do Zagreba i\u0161la, po novome, preko Vara\u017edina (tj. Ptuj \u2013 Vara\u017edin \u2013 Lepoglava \u2013 pod Lipom \u2013 Zagreb \u2013 Jastrebarsko \u2013 Karlovac). Dogovoreno je da \u0107e \u0160tajerska i dalje zadr\u017eati\u00a0<b>isklju\u010divo pravo postavljanja po\u0161tara i uspostavi privremenih po\u0161ti<\/b>, ali je svaku novu mjeru osobno morao potvrditi nadvojvoda koji je imao kontrolu nad kraji\u0161kom po\u0161tom u okviru novouspostavljenog Ratnog vije\u0107a u Grazu.<\/p>\t\t\t\t\t\t\t\t<\/div>\n\t\t\t\t<\/div>\n\t\t\t\t<div class=\"elementor-element elementor-element-2d6e450 elementor-widget elementor-widget-heading\" data-id=\"2d6e450\" data-element_type=\"widget\" data-widget_type=\"heading.default\">\n\t\t\t\t<div class=\"elementor-widget-container\">\n\t\t\t\t\t<h2 class=\"elementor-heading-title elementor-size-default\">Po\u0161ta na Hrvatskoj krajini<\/h2>\t\t\t\t<\/div>\n\t\t\t\t<\/div>\n\t\t\t\t<div class=\"elementor-element elementor-element-7312767 elementor-drop-cap-yes elementor-drop-cap-view-default elementor-widget elementor-widget-text-editor\" data-id=\"7312767\" data-element_type=\"widget\" data-settings=\"{&quot;drop_cap&quot;:&quot;yes&quot;}\" data-widget_type=\"text-editor.default\">\n\t\t\t\t<div class=\"elementor-widget-container\">\n\t\t\t\t\t\t\t\t\t<p>Za razvoj po\u0161te na Hrvatskoj krajini imamo puno manje podataka jer nije toliko istra\u017eena kao po\u0161ta u dana\u0161njoj SZ Hrvatskoj, tj. na Slavonskoj krajini. Osim podataka o SZ Hrvatskoj, koji se ponegdje mogu primijeniti i na Hrvatsku krajinu, jedine podatke donosi ukratko Velimir Sokol i kraji\u0161ki popisi druge polovice 16. stolje\u0107a. Prema Sokolu po\u0161ta se u Hrvatskoj kretala u dva pravca:<\/p><ol><li>Biha\u0107 \u2013 \u010crnomelj \u2013 Ljubljana &#8211; Graz<\/li><li>Biha\u0107 \u2013 Senj \u2013 Ogulin ili Istra \u2013 Ljubljana \u2013 Graz<\/li><\/ol><p>Sokol takve zaklju\u010dke donosi na temelju analize pisama i mjesta njihova slanja iz tog razdoblja, a ujedno spominje i neke dokumente koji potvr\u0111uju postojanje linije <b>Be\u010d &#8211; Graz &#8211; Maribor &#8211; Celje <\/b>i od tamo <b>do Biha\u0107a <\/b>nepoznatim putem.<\/p><p>Ono \u0161to se svakako razaznaje jest da je zapadnija po\u0161tanska linija (u odnosu na onu u Slavoniji) imala dvostruko zna\u010denje za Habsburgovce &#8211; donosila je vijesti o kretanju Venecije iz primorskih gradova (Trst, Rijeka, Senj itd.) te vijesti iz unutra\u0161njosti i va\u017enih upori\u0161ta oko rijeke Une (najva\u017enije svakako Biha\u0107).<\/p><p>Takve trase vidljive su i na popisu 1559. godine \u2013 to nam je najdetaljniji popis iz ovog razdoblja za Hrvatsku krajinu po pitanju po\u0161te jer sadr\u017ei popis svih postaja i broja konja u svakoj postaji (karta se nalazi u prilogu ovoga rada). Iz iste godine sa\u010duvan nam je i zanimljiv podatak za pra\u0107enje brzine po\u0161te &#8211; naime, jedno pismo koje govori o turskoj opasnosti, poslano iz Senja 7. 4. 1559. godine, do\u0161lo je <i>preko Postojne, Planine i Logateca do Vrhnike<\/i> 11. 4. 1559. godine <i>oko podne<\/i> (V. Sokol,\u00a0<span style=\"font-size: 20px; font-style: normal; font-weight: 400;\">Ivan Vajkard Valvasor (II), bilj. 56., str. 31).<\/span><\/p><p>Da je po\u0161ta bila va\u017ena i na Hrvatskoj krajini govori i \u010dinjenica da je nadvojvoda Karlo brzo po preuzimanju du\u017enosti naredio popravak cesti prema moru, tj. posebno ceste Ljubljana \u2013 Trsat i Ljubljana \u2013 Rijeka.<\/p><p>Sokol zaklju\u010duje da su na kraju 16. stolje\u0107a, nakon podizanja utvrde Karlovac koja postaje kri\u017eanje po\u0161tanskih puteva, postojala na prostoru Hrvatske i Slavonije tri glavne vojnokraji\u0161ka po\u0161tanska pravca:<\/p><ol><li>\u201ekranjski\u201c: Graz \u2013 Ljubljana \u2013 Novo Mesto \u2013 Metlika \u2013 Karlovac<\/li><li>\u201e\u0161tajerski\u201c: Graz \u2013 Vara\u017edin \u2013 Zagreb \u2013 Jastrebarsko \u2013 Karlovac<\/li><li>\u201eprimorski\u201c: Ljubljana \u2013 Karlovac \u2013 Ogulin \u2013 Slunj \u2013 Senj<\/li><\/ol>\t\t\t\t\t\t\t\t<\/div>\n\t\t\t\t<\/div>\n\t\t\t\t<div class=\"elementor-element elementor-element-6630876 elementor-widget elementor-widget-heading\" data-id=\"6630876\" data-element_type=\"widget\" data-widget_type=\"heading.default\">\n\t\t\t\t<div class=\"elementor-widget-container\">\n\t\t\t\t\t<h2 class=\"elementor-heading-title elementor-size-default\">Problemi kraji\u0161ke po\u0161te<\/h2>\t\t\t\t<\/div>\n\t\t\t\t<\/div>\n\t\t\t\t<div class=\"elementor-element elementor-element-900ccfa elementor-drop-cap-yes elementor-drop-cap-view-default elementor-widget elementor-widget-text-editor\" data-id=\"900ccfa\" data-element_type=\"widget\" data-settings=\"{&quot;drop_cap&quot;:&quot;yes&quot;}\" data-widget_type=\"text-editor.default\">\n\t\t\t\t<div class=\"elementor-widget-container\">\n\t\t\t\t\t\t\t\t\t<p>To\u010dne lokacije po\u0161tanskih postaja variraju ovisno o po\u0161taru, tj. o tome kome se povjeri postaja. Po\u0161tari su imali postaje na svojim imanjima i svojim ku\u0107ama (budu\u0107i da su po primanju po\u0161te morali odmah krenuti), pa se to\u010dna lokacija postaja mijenjala s novim po\u0161tarom, ali bi ime postaje u popisima ostalo isto.<\/p><p>Veliki problem po\u0161tanskim vezama predstavljala je neure\u0111enost, to\u010dnije nedefiniranost sustava preno\u0161enja. Naime, iako je svaki po\u0161tar imao obvezu krenuti prema sljede\u0107oj postaji odmah po primitku po\u0161iljke to se nije uvijek doga\u0111alo. Razlozi tome bili su razli\u010diti, ponekad \u010disti nemar po\u0161tara, ali isto tako i razni financijski problemi \u2013 manjak jaha\u010da. Osim toga po\u0161tari su, uz redovne po\u0161iljke svakog dana, bili du\u017eni odmah isporu\u010divati i hitne vijesti, tzv. \u201eturski glasovi\u201c, \u0161to je zna\u010dilo da su nerijetko morali krenuti na put do idu\u0107e postaje zbog jednog jedinog papira.<\/p><p>Pritu\u017ebe na rad po\u0161te postoje od njenih po\u010detaka, a posebno se intenziviraju 1570-ih godina. Postoji vi\u0161e zapisa o nemarnim po\u0161tarima, \u010desto lokalnim seljacima koje je kao jaha\u010de zaposlio plemi\u0107 koji je dobivao po\u0161tansku slu\u017ebu. Po\u0161iljke su znale biti izgubljene, uni\u0161tene, zavr\u0161iti negdje uz cestu, a imamo sa\u010duvan i jedan zanimljiv slu\u010daj u kojem je po\u0161tar u postaji \u201enad Lipom\u201c od dokumenata koje je morao prenijeti napravio prozore na ku\u0107i.<\/p><p>Neorganiziranost i nedefiniranost sustava nastojao je rije\u0161iti sabor u Brucku 1578. godine \u2013 tada je dogovoreno da \u0107e na relaciji Graz \u2013 Ptuj \u2013 Vara\u017edin i Zagreb biti raspore\u0111eno 20 konja, a svaki \u0107e se pla\u0107ati 8 forinti mjese\u010dno.<\/p>\t\t\t\t\t\t\t\t<\/div>\n\t\t\t\t<\/div>\n\t\t\t\t<div class=\"elementor-element elementor-element-123280f elementor-widget elementor-widget-heading\" data-id=\"123280f\" data-element_type=\"widget\" data-widget_type=\"heading.default\">\n\t\t\t\t<div class=\"elementor-widget-container\">\n\t\t\t\t\t<h2 class=\"elementor-heading-title elementor-size-default\">Extras<\/h2>\t\t\t\t<\/div>\n\t\t\t\t<\/div>\n\t\t\t\t<div class=\"elementor-element elementor-element-275303b elementor-drop-cap-yes elementor-drop-cap-view-default elementor-widget elementor-widget-text-editor\" data-id=\"275303b\" data-element_type=\"widget\" data-settings=\"{&quot;drop_cap&quot;:&quot;yes&quot;}\" data-widget_type=\"text-editor.default\">\n\t\t\t\t<div class=\"elementor-widget-container\">\n\t\t\t\t\t\t\t\t\t<ul><li><b><span style=\"text-decoration: underline;\"><a href=\"https:\/\/vojnakrajina.ffzg.unizg.hr\/en\/razvoj-poste-dodaci\/\">Tablica odobrenih i pla\u0107enih svi kraji\u0161kih po\u0161tanskih konja \u0160tajerske po godinama do 1578. godine<\/a><\/span><br \/><br \/><\/b><\/li><li><span style=\"text-decoration: underline;\"><a href=\"https:\/\/vojnakrajina.ffzg.unizg.hr\/en\/razvoj-poste-dodaci\/\"><b>Prijevod prve \u0161tajerske instrukcije za slavonskokraji\u0161ke vojne po\u0161tare iz 1576. godine<\/b><\/a><\/span><\/li><\/ul>\t\t\t\t\t\t\t\t<\/div>\n\t\t\t\t<\/div>\n\t\t\t\t<div class=\"elementor-element elementor-element-4d68c8c1 elementor-widget elementor-widget-text-editor\" data-id=\"4d68c8c1\" data-element_type=\"widget\" data-widget_type=\"text-editor.default\">\n\t\t\t\t<div class=\"elementor-widget-container\">\n\t\t\t\t\t\t\t\t\t<p>Literatura:<\/p><ul><li>Hozjan, Andrej, ur. Po\u0161ta na slovenskih tleh. Maribor: Po\u0161ta Slovenije, 1997.<\/li><li>Hozjan, Andrej, ur. Po\u0161ta sjeverozapadne Hrvatske. Zagreb, Va\u017eardin: Hrvatske po\u0161te, Hrvatska akademija znanosti i umjetosti, 2002.<\/li><li>Hozjan, Andrej. \u201eVara\u017edinska vojnopo\u0161tna postaja in po\u0161tarji v 16. stoletju.\u201c U 800 godina slobodnog kraljevskog grada Vara\u017edina: 1209. \u2013 2009., ur. Miroslav \u0160icel, Slobodan Ka\u0161tela, 263 \u2013 276. Vara\u017edin: Hrvatska akademija znanosti i umjetnosti, Zavod za znanstveni rad, Grad Vara\u017edin, Vara\u017edinska \u017eupanija, 2009.<\/li><li>Hozjan, Andrej. Prve po\u0161te i po\u0161tari kontinentalne Hrvatske: Postanak i djelatnost vojnokraji\u0161kog po\u0161tanskog sustava na podru\u010dju izme\u0111u Kupe i Mure do 1606. godine. Vara\u017edin; Zagreb; Maribor: Hrvatska akademija znanosti i umjetnosti, Zavod za znanstveni rad; Filozofski fakultet, Centar za komparativnohistorijske i interkulturne studije; Univerza v Mariboru, Filozofska fakulteta, 2017.<\/li><li>Simoniti, Vasko. \u201eSistem obve\u0161\u010danja pred tur\u0161ko nevarnostjo v 16. stoletju.\u201c Kronika 28 (1980): 93 \u2013 99.<\/li><li>Sokol, Ljerka. &#8220;Organizacija prijenosa vijesti u Slavoniji od 16. do kraja 17. stolje\u0107a.&#8221; PTT Arhiv 16 (1970): 21\u00a0\u2013\u00a050.<\/li><li>Sokol, Velimir. \u201eIvan Vajkard Valvasor (II) \u2013 Prvi kroni\u010dar i histori\u010dar po\u0161ta kod nas. Po\u010deci po\u0161te u Sloveniji i Hrvatskoj.\u201c\u00a0PTT Arhiv\u00a02\u00a0(1958): 7 \u2013 33.<\/li><li>Sokol, Velimir. \u201eIvan Vajkard Valvasor (III) \u2013 Prvi kroni\u010dar i histori\u010dar po\u0161ta kod nas. Po\u010deci po\u0161te u Sloveniji i Hrvatskoj.\u201c PTT Arhiv 3 (1959): 5 \u2013 29.<\/li><li>Sokol, Velimir. \u201ePregled postanka i razvoja i razvoja organiziranog prijenosa vijesti u sjevernoj Hrvatskoj, s posebnim osvrtom na podru\u010dje grada Zagreba.\u201c PTT Arhiv 14 (1968): 64 \u2013 102.<\/li><li>Sokol, Velimir. 450 godina po\u0161te u Zagrebu: 1529 \u2013 1979. Zagreb: Radna organizacija PTT prometa, PTT muzej, 1979.<\/li><li>\u0160tefanec, Nata\u0161a. Dr\u017eava ili ne: ustroj Vojne krajine 1578. godine i hrvatsko-slavonski stale\u017ei u regionalnoj obrani i politici. Zagreb: Srednja Europa, 2011.<\/li><\/ul>\t\t\t\t\t\t\t\t<\/div>\n\t\t\t\t<\/div>\n\t\t\t\t\t<\/div>\n\t\t<\/div>\n\t\t\t\t<div class=\"elementor-column elementor-col-33 elementor-top-column elementor-element elementor-element-5d52a4fc\" data-id=\"5d52a4fc\" data-element_type=\"column\">\n\t\t\t<div class=\"elementor-widget-wrap elementor-element-populated\">\n\t\t\t\t\t\t<section class=\"elementor-section elementor-inner-section elementor-element elementor-element-c356324 elementor-section-boxed elementor-section-height-default elementor-section-height-default\" data-id=\"c356324\" data-element_type=\"section\">\n\t\t\t\t\t\t<div class=\"elementor-container elementor-column-gap-default\">\n\t\t\t\t\t<div class=\"elementor-column elementor-col-100 elementor-inner-column elementor-element elementor-element-379663d3\" data-id=\"379663d3\" data-element_type=\"column\">\n\t\t\t<div class=\"elementor-widget-wrap elementor-element-populated\">\n\t\t\t\t\t\t<div class=\"elementor-element elementor-element-5c0f430a elementor-widget elementor-widget-image\" data-id=\"5c0f430a\" data-element_type=\"widget\" data-widget_type=\"image.default\">\n\t\t\t\t<div class=\"elementor-widget-container\">\n\t\t\t\t\t\t\t\t\t\t\t\t\t\t\t\t<a href=\"https:\/\/vojnakrajina.ffzg.unizg.hr\/wp-content\/uploads\/2019\/07\/Varazdin-zbornik-radova-hozjan-264.jpg\" data-elementor-open-lightbox=\"yes\" data-elementor-lightbox-title=\"Po\u0161ta\" data-e-action-hash=\"#elementor-action%3Aaction%3Dlightbox%26settings%3DeyJpZCI6MTMyNSwidXJsIjoiaHR0cHM6XC9cL3Zvam5ha3JhamluYS5mZnpnLnVuaXpnLmhyXC93cC1jb250ZW50XC91cGxvYWRzXC8yMDE5XC8wN1wvVmFyYXpkaW4temJvcm5pay1yYWRvdmEtaG96amFuLTI2NC5qcGcifQ%3D%3D\">\n\t\t\t\t\t\t\t<img fetchpriority=\"high\" decoding=\"async\" width=\"512\" height=\"683\" src=\"https:\/\/vojnakrajina.ffzg.unizg.hr\/wp-content\/uploads\/2019\/07\/Varazdin-zbornik-radova-hozjan-264.jpg\" class=\"attachment-large size-large wp-image-1325\" alt=\"Po\u0161ta\" srcset=\"https:\/\/vojnakrajina.ffzg.unizg.hr\/wp-content\/uploads\/2019\/07\/Varazdin-zbornik-radova-hozjan-264.jpg 512w, https:\/\/vojnakrajina.ffzg.unizg.hr\/wp-content\/uploads\/2019\/07\/Varazdin-zbornik-radova-hozjan-264-225x300.jpg 225w\" sizes=\"(max-width: 512px) 100vw, 512px\" \/>\t\t\t\t\t\t\t\t<\/a>\n\t\t\t\t\t\t\t\t\t\t\t\t\t\t\t<\/div>\n\t\t\t\t<\/div>\n\t\t\t\t<div class=\"elementor-element elementor-element-4c8e080e elementor-widget elementor-widget-text-editor\" data-id=\"4c8e080e\" data-element_type=\"widget\" data-widget_type=\"text-editor.default\">\n\t\t\t\t<div class=\"elementor-widget-container\">\n\t\t\t\t\t\t\t\t\t<p><strong>Potvrda o isplati 40 gld\/mj. (po\u0161tanska pla\u0107a) koju je 1. svibnja 1551. godine primio Simon Welay u Vara\u017edinu<\/strong><br \/>A. Hozjan, \u201eVara\u017edinska vojnopo\u0161tna postaja,&#8221; str. 23.<br \/><br \/><\/p>\t\t\t\t\t\t\t\t<\/div>\n\t\t\t\t<\/div>\n\t\t\t\t\t<\/div>\n\t\t<\/div>\n\t\t\t\t\t<\/div>\n\t\t<\/section>\n\t\t\t\t<section class=\"elementor-section elementor-inner-section elementor-element elementor-element-0b564d3 elementor-section-boxed elementor-section-height-default elementor-section-height-default\" data-id=\"0b564d3\" data-element_type=\"section\">\n\t\t\t\t\t\t<div class=\"elementor-container elementor-column-gap-default\">\n\t\t\t\t\t<div class=\"elementor-column elementor-col-100 elementor-inner-column elementor-element elementor-element-a47c505\" data-id=\"a47c505\" data-element_type=\"column\">\n\t\t\t<div class=\"elementor-widget-wrap elementor-element-populated\">\n\t\t\t\t\t\t<div class=\"elementor-element elementor-element-c4edcad elementor-widget elementor-widget-image\" data-id=\"c4edcad\" data-element_type=\"widget\" data-widget_type=\"image.default\">\n\t\t\t\t<div class=\"elementor-widget-container\">\n\t\t\t\t\t\t\t\t\t\t\t\t\t\t\t\t<a href=\"https:\/\/vojnakrajina.ffzg.unizg.hr\/wp-content\/uploads\/2019\/07\/29-1525-god.jpg\" data-elementor-open-lightbox=\"yes\" data-elementor-lightbox-title=\"Po\u0161ta (1525)\" data-e-action-hash=\"#elementor-action%3Aaction%3Dlightbox%26settings%3DeyJpZCI6MTMyMSwidXJsIjoiaHR0cHM6XC9cL3Zvam5ha3JhamluYS5mZnpnLnVuaXpnLmhyXC93cC1jb250ZW50XC91cGxvYWRzXC8yMDE5XC8wN1wvMjktMTUyNS1nb2QuanBnIn0%3D\">\n\t\t\t\t\t\t\t<img decoding=\"async\" width=\"713\" height=\"1024\" src=\"https:\/\/vojnakrajina.ffzg.unizg.hr\/wp-content\/uploads\/2019\/07\/29-1525-god-713x1024.jpg\" class=\"attachment-large size-large wp-image-1321\" alt=\"Po\u0161ta (1525)\" srcset=\"https:\/\/vojnakrajina.ffzg.unizg.hr\/wp-content\/uploads\/2019\/07\/29-1525-god-713x1024.jpg 713w, https:\/\/vojnakrajina.ffzg.unizg.hr\/wp-content\/uploads\/2019\/07\/29-1525-god-209x300.jpg 209w, https:\/\/vojnakrajina.ffzg.unizg.hr\/wp-content\/uploads\/2019\/07\/29-1525-god-768x1104.jpg 768w, https:\/\/vojnakrajina.ffzg.unizg.hr\/wp-content\/uploads\/2019\/07\/29-1525-god.jpg 929w\" sizes=\"(max-width: 713px) 100vw, 713px\" \/>\t\t\t\t\t\t\t\t<\/a>\n\t\t\t\t\t\t\t\t\t\t\t\t\t\t\t<\/div>\n\t\t\t\t<\/div>\n\t\t\t\t<div class=\"elementor-element elementor-element-9017f5e elementor-widget elementor-widget-text-editor\" data-id=\"9017f5e\" data-element_type=\"widget\" data-widget_type=\"text-editor.default\">\n\t\t\t\t<div class=\"elementor-widget-container\">\n\t\t\t\t\t\t\t\t\t<p><strong>Prijenos kraji\u0161ke po\u0161te 1525. godine<\/strong><br \/>A. Hozjan, &#8220;Prve po\u0161te i po\u0161tari kontinentalne Hrvatske,&#8221; str. 29.<\/p>\t\t\t\t\t\t\t\t<\/div>\n\t\t\t\t<\/div>\n\t\t\t\t\t<\/div>\n\t\t<\/div>\n\t\t\t\t\t<\/div>\n\t\t<\/section>\n\t\t\t\t<div class=\"elementor-element elementor-element-18d2ad2 elementor-hidden-phone elementor-widget elementor-widget-spacer\" data-id=\"18d2ad2\" data-element_type=\"widget\" data-widget_type=\"spacer.default\">\n\t\t\t\t<div class=\"elementor-widget-container\">\n\t\t\t\t\t\t\t<div class=\"elementor-spacer\">\n\t\t\t<div class=\"elementor-spacer-inner\"><\/div>\n\t\t<\/div>\n\t\t\t\t\t\t<\/div>\n\t\t\t\t<\/div>\n\t\t\t\t<section class=\"elementor-section elementor-inner-section elementor-element elementor-element-39cbc26 elementor-section-boxed elementor-section-height-default elementor-section-height-default\" data-id=\"39cbc26\" data-element_type=\"section\">\n\t\t\t\t\t\t<div class=\"elementor-container elementor-column-gap-default\">\n\t\t\t\t\t<div class=\"elementor-column elementor-col-100 elementor-inner-column elementor-element elementor-element-537a901\" data-id=\"537a901\" data-element_type=\"column\">\n\t\t\t<div class=\"elementor-widget-wrap elementor-element-populated\">\n\t\t\t\t\t\t<div class=\"elementor-element elementor-element-bcd1dda elementor-widget elementor-widget-image\" data-id=\"bcd1dda\" data-element_type=\"widget\" data-widget_type=\"image.default\">\n\t\t\t\t<div class=\"elementor-widget-container\">\n\t\t\t\t\t\t\t\t\t\t\t\t\t\t\t\t<a href=\"https:\/\/vojnakrajina.ffzg.unizg.hr\/wp-content\/uploads\/2019\/07\/34-1539-god.jpg\" data-elementor-open-lightbox=\"yes\" data-elementor-lightbox-title=\"Po\u0161ta (1539)\" data-e-action-hash=\"#elementor-action%3Aaction%3Dlightbox%26settings%3DeyJpZCI6MTMxNSwidXJsIjoiaHR0cHM6XC9cL3Zvam5ha3JhamluYS5mZnpnLnVuaXpnLmhyXC93cC1jb250ZW50XC91cGxvYWRzXC8yMDE5XC8wN1wvMzQtMTUzOS1nb2QuanBnIn0%3D\">\n\t\t\t\t\t\t\t<img decoding=\"async\" width=\"1024\" height=\"718\" src=\"https:\/\/vojnakrajina.ffzg.unizg.hr\/wp-content\/uploads\/2019\/07\/34-1539-god-1024x718.jpg\" class=\"attachment-large size-large wp-image-1315\" alt=\"Po\u0161ta (1539)\" srcset=\"https:\/\/vojnakrajina.ffzg.unizg.hr\/wp-content\/uploads\/2019\/07\/34-1539-god-1024x718.jpg 1024w, https:\/\/vojnakrajina.ffzg.unizg.hr\/wp-content\/uploads\/2019\/07\/34-1539-god-300x210.jpg 300w, https:\/\/vojnakrajina.ffzg.unizg.hr\/wp-content\/uploads\/2019\/07\/34-1539-god-768x538.jpg 768w, https:\/\/vojnakrajina.ffzg.unizg.hr\/wp-content\/uploads\/2019\/07\/34-1539-god.jpg 1300w\" sizes=\"(max-width: 1024px) 100vw, 1024px\" \/>\t\t\t\t\t\t\t\t<\/a>\n\t\t\t\t\t\t\t\t\t\t\t\t\t\t\t<\/div>\n\t\t\t\t<\/div>\n\t\t\t\t<div class=\"elementor-element elementor-element-71ccd13 elementor-widget elementor-widget-text-editor\" data-id=\"71ccd13\" data-element_type=\"widget\" data-widget_type=\"text-editor.default\">\n\t\t\t\t<div class=\"elementor-widget-container\">\n\t\t\t\t\t\t\t\t\t<p><strong>Prijenos kraji\u0161ke po\u0161te 1539. godine<\/strong><br \/>A. Hozjan, &#8220;Prve po\u0161te i po\u0161tari kontinentalne Hrvatske,&#8221; str. 34.<\/p>\t\t\t\t\t\t\t\t<\/div>\n\t\t\t\t<\/div>\n\t\t\t\t\t<\/div>\n\t\t<\/div>\n\t\t\t\t\t<\/div>\n\t\t<\/section>\n\t\t\t\t<div class=\"elementor-element elementor-element-25f1514 elementor-hidden-phone elementor-widget elementor-widget-spacer\" data-id=\"25f1514\" data-element_type=\"widget\" data-widget_type=\"spacer.default\">\n\t\t\t\t<div class=\"elementor-widget-container\">\n\t\t\t\t\t\t\t<div class=\"elementor-spacer\">\n\t\t\t<div class=\"elementor-spacer-inner\"><\/div>\n\t\t<\/div>\n\t\t\t\t\t\t<\/div>\n\t\t\t\t<\/div>\n\t\t\t\t<section class=\"elementor-section elementor-inner-section elementor-element elementor-element-791d44b elementor-section-boxed elementor-section-height-default elementor-section-height-default\" data-id=\"791d44b\" data-element_type=\"section\">\n\t\t\t\t\t\t<div class=\"elementor-container elementor-column-gap-default\">\n\t\t\t\t\t<div class=\"elementor-column elementor-col-100 elementor-inner-column elementor-element elementor-element-3a0be12\" data-id=\"3a0be12\" data-element_type=\"column\">\n\t\t\t<div class=\"elementor-widget-wrap elementor-element-populated\">\n\t\t\t\t\t\t<div class=\"elementor-element elementor-element-1eea28b elementor-widget elementor-widget-image\" data-id=\"1eea28b\" data-element_type=\"widget\" data-widget_type=\"image.default\">\n\t\t\t\t<div class=\"elementor-widget-container\">\n\t\t\t\t\t\t\t\t\t\t\t\t\t\t\t\t<a href=\"https:\/\/vojnakrajina.ffzg.unizg.hr\/wp-content\/uploads\/2019\/07\/44-1551-god.jpg\" data-elementor-open-lightbox=\"yes\" data-elementor-lightbox-title=\"Po\u0161ta (1551)\" data-e-action-hash=\"#elementor-action%3Aaction%3Dlightbox%26settings%3DeyJpZCI6MTMxNiwidXJsIjoiaHR0cHM6XC9cL3Zvam5ha3JhamluYS5mZnpnLnVuaXpnLmhyXC93cC1jb250ZW50XC91cGxvYWRzXC8yMDE5XC8wN1wvNDQtMTU1MS1nb2QuanBnIn0%3D\">\n\t\t\t\t\t\t\t<img loading=\"lazy\" decoding=\"async\" width=\"1024\" height=\"718\" src=\"https:\/\/vojnakrajina.ffzg.unizg.hr\/wp-content\/uploads\/2019\/07\/44-1551-god-1024x718.jpg\" class=\"attachment-large size-large wp-image-1316\" alt=\"Po\u0161ta (1551)\" srcset=\"https:\/\/vojnakrajina.ffzg.unizg.hr\/wp-content\/uploads\/2019\/07\/44-1551-god-1024x718.jpg 1024w, https:\/\/vojnakrajina.ffzg.unizg.hr\/wp-content\/uploads\/2019\/07\/44-1551-god-300x210.jpg 300w, https:\/\/vojnakrajina.ffzg.unizg.hr\/wp-content\/uploads\/2019\/07\/44-1551-god-768x538.jpg 768w, https:\/\/vojnakrajina.ffzg.unizg.hr\/wp-content\/uploads\/2019\/07\/44-1551-god.jpg 1301w\" sizes=\"(max-width: 1024px) 100vw, 1024px\" \/>\t\t\t\t\t\t\t\t<\/a>\n\t\t\t\t\t\t\t\t\t\t\t\t\t\t\t<\/div>\n\t\t\t\t<\/div>\n\t\t\t\t<div class=\"elementor-element elementor-element-032ff64 elementor-widget elementor-widget-text-editor\" data-id=\"032ff64\" data-element_type=\"widget\" data-widget_type=\"text-editor.default\">\n\t\t\t\t<div class=\"elementor-widget-container\">\n\t\t\t\t\t\t\t\t\t<p><strong>Prijenos kraji\u0161ke po\u0161te 1551. godine<\/strong><br \/>A. Hozjan, &#8220;Prve po\u0161te i po\u0161tari kontinentalne Hrvatske,&#8221; str. 44.<\/p>\t\t\t\t\t\t\t\t<\/div>\n\t\t\t\t<\/div>\n\t\t\t\t\t<\/div>\n\t\t<\/div>\n\t\t\t\t\t<\/div>\n\t\t<\/section>\n\t\t\t\t<div class=\"elementor-element elementor-element-b26ea6a elementor-hidden-phone elementor-widget elementor-widget-spacer\" data-id=\"b26ea6a\" data-element_type=\"widget\" data-widget_type=\"spacer.default\">\n\t\t\t\t<div class=\"elementor-widget-container\">\n\t\t\t\t\t\t\t<div class=\"elementor-spacer\">\n\t\t\t<div class=\"elementor-spacer-inner\"><\/div>\n\t\t<\/div>\n\t\t\t\t\t\t<\/div>\n\t\t\t\t<\/div>\n\t\t\t\t<section class=\"elementor-section elementor-inner-section elementor-element elementor-element-afdbdc1 elementor-section-boxed elementor-section-height-default elementor-section-height-default\" data-id=\"afdbdc1\" data-element_type=\"section\">\n\t\t\t\t\t\t<div class=\"elementor-container elementor-column-gap-default\">\n\t\t\t\t\t<div class=\"elementor-column elementor-col-100 elementor-inner-column elementor-element elementor-element-d0669e6\" data-id=\"d0669e6\" data-element_type=\"column\">\n\t\t\t<div class=\"elementor-widget-wrap elementor-element-populated\">\n\t\t\t\t\t\t<div class=\"elementor-element elementor-element-41430a7 elementor-widget elementor-widget-image\" data-id=\"41430a7\" data-element_type=\"widget\" data-widget_type=\"image.default\">\n\t\t\t\t<div class=\"elementor-widget-container\">\n\t\t\t\t\t\t\t\t\t\t\t\t\t\t\t\t<a href=\"https:\/\/vojnakrajina.ffzg.unizg.hr\/wp-content\/uploads\/2019\/07\/46-1553-god.jpg\" data-elementor-open-lightbox=\"yes\" data-elementor-lightbox-title=\"Po\u0161ta (1553)\" data-e-action-hash=\"#elementor-action%3Aaction%3Dlightbox%26settings%3DeyJpZCI6MTMxNywidXJsIjoiaHR0cHM6XC9cL3Zvam5ha3JhamluYS5mZnpnLnVuaXpnLmhyXC93cC1jb250ZW50XC91cGxvYWRzXC8yMDE5XC8wN1wvNDYtMTU1My1nb2QuanBnIn0%3D\">\n\t\t\t\t\t\t\t<img loading=\"lazy\" decoding=\"async\" width=\"711\" height=\"1024\" src=\"https:\/\/vojnakrajina.ffzg.unizg.hr\/wp-content\/uploads\/2019\/07\/46-1553-god-711x1024.jpg\" class=\"attachment-large size-large wp-image-1317\" alt=\"Po\u0161ta (1553)\" srcset=\"https:\/\/vojnakrajina.ffzg.unizg.hr\/wp-content\/uploads\/2019\/07\/46-1553-god-711x1024.jpg 711w, https:\/\/vojnakrajina.ffzg.unizg.hr\/wp-content\/uploads\/2019\/07\/46-1553-god-208x300.jpg 208w, https:\/\/vojnakrajina.ffzg.unizg.hr\/wp-content\/uploads\/2019\/07\/46-1553-god-768x1107.jpg 768w, https:\/\/vojnakrajina.ffzg.unizg.hr\/wp-content\/uploads\/2019\/07\/46-1553-god.jpg 927w\" sizes=\"(max-width: 711px) 100vw, 711px\" \/>\t\t\t\t\t\t\t\t<\/a>\n\t\t\t\t\t\t\t\t\t\t\t\t\t\t\t<\/div>\n\t\t\t\t<\/div>\n\t\t\t\t<div class=\"elementor-element elementor-element-cdf69eb elementor-widget elementor-widget-text-editor\" data-id=\"cdf69eb\" data-element_type=\"widget\" data-widget_type=\"text-editor.default\">\n\t\t\t\t<div class=\"elementor-widget-container\">\n\t\t\t\t\t\t\t\t\t<p><strong>Prijenos kraji\u0161ke po\u0161te 1553. godine<\/strong><br \/>A. Hozjan, &#8220;Prve po\u0161te i po\u0161tari kontinentalne Hrvatske,&#8221; str. 46.<\/p>\t\t\t\t\t\t\t\t<\/div>\n\t\t\t\t<\/div>\n\t\t\t\t\t<\/div>\n\t\t<\/div>\n\t\t\t\t\t<\/div>\n\t\t<\/section>\n\t\t\t\t<div class=\"elementor-element elementor-element-64192fd elementor-hidden-phone elementor-widget elementor-widget-spacer\" data-id=\"64192fd\" data-element_type=\"widget\" data-widget_type=\"spacer.default\">\n\t\t\t\t<div class=\"elementor-widget-container\">\n\t\t\t\t\t\t\t<div class=\"elementor-spacer\">\n\t\t\t<div class=\"elementor-spacer-inner\"><\/div>\n\t\t<\/div>\n\t\t\t\t\t\t<\/div>\n\t\t\t\t<\/div>\n\t\t\t\t<section class=\"elementor-section elementor-inner-section elementor-element elementor-element-a71513b elementor-section-boxed elementor-section-height-default elementor-section-height-default\" data-id=\"a71513b\" data-element_type=\"section\">\n\t\t\t\t\t\t<div class=\"elementor-container elementor-column-gap-default\">\n\t\t\t\t\t<div class=\"elementor-column elementor-col-100 elementor-inner-column elementor-element elementor-element-b6a511b\" data-id=\"b6a511b\" data-element_type=\"column\">\n\t\t\t<div class=\"elementor-widget-wrap elementor-element-populated\">\n\t\t\t\t\t\t<div class=\"elementor-element elementor-element-9041430 elementor-widget elementor-widget-image\" data-id=\"9041430\" data-element_type=\"widget\" data-widget_type=\"image.default\">\n\t\t\t\t<div class=\"elementor-widget-container\">\n\t\t\t\t\t\t\t\t\t\t\t\t\t\t\t\t<a href=\"https:\/\/vojnakrajina.ffzg.unizg.hr\/wp-content\/uploads\/2019\/10\/Posta-1556-BEZ-GRIDA-BEZ-LINIJE-SIGET.jpg\" data-elementor-open-lightbox=\"yes\" data-elementor-lightbox-title=\"Po\u0161ta (1556)\" data-e-action-hash=\"#elementor-action%3Aaction%3Dlightbox%26settings%3DeyJpZCI6MTM5MSwidXJsIjoiaHR0cHM6XC9cL3Zvam5ha3JhamluYS5mZnpnLnVuaXpnLmhyXC93cC1jb250ZW50XC91cGxvYWRzXC8yMDE5XC8xMFwvUG9zdGEtMTU1Ni1CRVotR1JJREEtQkVaLUxJTklKRS1TSUdFVC5qcGcifQ%3D%3D\">\n\t\t\t\t\t\t\t<img loading=\"lazy\" decoding=\"async\" width=\"1024\" height=\"729\" src=\"https:\/\/vojnakrajina.ffzg.unizg.hr\/wp-content\/uploads\/2019\/10\/Posta-1556-BEZ-GRIDA-BEZ-LINIJE-SIGET-1024x729.jpg\" class=\"attachment-large size-large wp-image-1391\" alt=\"Po\u0161ta (1556)\" srcset=\"https:\/\/vojnakrajina.ffzg.unizg.hr\/wp-content\/uploads\/2019\/10\/Posta-1556-BEZ-GRIDA-BEZ-LINIJE-SIGET-1024x729.jpg 1024w, https:\/\/vojnakrajina.ffzg.unizg.hr\/wp-content\/uploads\/2019\/10\/Posta-1556-BEZ-GRIDA-BEZ-LINIJE-SIGET-300x213.jpg 300w, https:\/\/vojnakrajina.ffzg.unizg.hr\/wp-content\/uploads\/2019\/10\/Posta-1556-BEZ-GRIDA-BEZ-LINIJE-SIGET-768x546.jpg 768w\" sizes=\"(max-width: 1024px) 100vw, 1024px\" \/>\t\t\t\t\t\t\t\t<\/a>\n\t\t\t\t\t\t\t\t\t\t\t\t\t\t\t<\/div>\n\t\t\t\t<\/div>\n\t\t\t\t<div class=\"elementor-element elementor-element-6d850e9 elementor-widget elementor-widget-text-editor\" data-id=\"6d850e9\" data-element_type=\"widget\" data-widget_type=\"text-editor.default\">\n\t\t\t\t<div class=\"elementor-widget-container\">\n\t\t\t\t\t\t\t\t\t<p><strong>Prijenos kraji\u0161ke po\u0161te 1556. godine<\/strong><br \/>Izradio Filip \u0160imunjak (na temelju kraji\u0161kog popisa iz iste godine)<\/p>\t\t\t\t\t\t\t\t<\/div>\n\t\t\t\t<\/div>\n\t\t\t\t\t<\/div>\n\t\t<\/div>\n\t\t\t\t\t<\/div>\n\t\t<\/section>\n\t\t\t\t<div class=\"elementor-element elementor-element-afe4d4f elementor-hidden-phone elementor-widget elementor-widget-spacer\" data-id=\"afe4d4f\" data-element_type=\"widget\" data-widget_type=\"spacer.default\">\n\t\t\t\t<div class=\"elementor-widget-container\">\n\t\t\t\t\t\t\t<div class=\"elementor-spacer\">\n\t\t\t<div class=\"elementor-spacer-inner\"><\/div>\n\t\t<\/div>\n\t\t\t\t\t\t<\/div>\n\t\t\t\t<\/div>\n\t\t\t\t<section class=\"elementor-section elementor-inner-section elementor-element elementor-element-8c11445 elementor-section-boxed elementor-section-height-default elementor-section-height-default\" data-id=\"8c11445\" data-element_type=\"section\">\n\t\t\t\t\t\t<div class=\"elementor-container elementor-column-gap-default\">\n\t\t\t\t\t<div class=\"elementor-column elementor-col-100 elementor-inner-column elementor-element elementor-element-9f17a90\" data-id=\"9f17a90\" data-element_type=\"column\">\n\t\t\t<div class=\"elementor-widget-wrap elementor-element-populated\">\n\t\t\t\t\t\t<div class=\"elementor-element elementor-element-266a9e6 elementor-widget elementor-widget-image\" data-id=\"266a9e6\" data-element_type=\"widget\" data-widget_type=\"image.default\">\n\t\t\t\t<div class=\"elementor-widget-container\">\n\t\t\t\t\t\t\t\t\t\t\t\t\t\t\t\t<a href=\"https:\/\/vojnakrajina.ffzg.unizg.hr\/wp-content\/uploads\/2019\/10\/Posta-1559a.jpeg\" data-elementor-open-lightbox=\"yes\" data-elementor-lightbox-title=\"Po\u0161ta (1559)\" data-e-action-hash=\"#elementor-action%3Aaction%3Dlightbox%26settings%3DeyJpZCI6MTM5MiwidXJsIjoiaHR0cHM6XC9cL3Zvam5ha3JhamluYS5mZnpnLnVuaXpnLmhyXC93cC1jb250ZW50XC91cGxvYWRzXC8yMDE5XC8xMFwvUG9zdGEtMTU1OWEuanBlZyJ9\">\n\t\t\t\t\t\t\t<img loading=\"lazy\" decoding=\"async\" width=\"1024\" height=\"963\" src=\"https:\/\/vojnakrajina.ffzg.unizg.hr\/wp-content\/uploads\/2019\/10\/Posta-1559a-1024x963.jpeg\" class=\"attachment-large size-large wp-image-1392\" alt=\"Po\u0161ta (1559)\" srcset=\"https:\/\/vojnakrajina.ffzg.unizg.hr\/wp-content\/uploads\/2019\/10\/Posta-1559a-1024x963.jpeg 1024w, https:\/\/vojnakrajina.ffzg.unizg.hr\/wp-content\/uploads\/2019\/10\/Posta-1559a-300x282.jpeg 300w, https:\/\/vojnakrajina.ffzg.unizg.hr\/wp-content\/uploads\/2019\/10\/Posta-1559a-768x722.jpeg 768w, https:\/\/vojnakrajina.ffzg.unizg.hr\/wp-content\/uploads\/2019\/10\/Posta-1559a.jpeg 1345w\" sizes=\"(max-width: 1024px) 100vw, 1024px\" \/>\t\t\t\t\t\t\t\t<\/a>\n\t\t\t\t\t\t\t\t\t\t\t\t\t\t\t<\/div>\n\t\t\t\t<\/div>\n\t\t\t\t<div class=\"elementor-element elementor-element-c54470f elementor-widget elementor-widget-text-editor\" data-id=\"c54470f\" data-element_type=\"widget\" data-widget_type=\"text-editor.default\">\n\t\t\t\t<div class=\"elementor-widget-container\">\n\t\t\t\t\t\t\t\t\t<p><strong>Prijenos kraji\u0161ke po\u0161te 1559. godine<\/strong><br \/>Izradio Filip \u0160imunjak (na temelju kraji\u0161kog popisa iz iste godine i\u00a0<span style=\"font-size: 16px; font-style: normal; font-weight: 400;\">A. Hozjan, &#8220;Prve po\u0161te i po\u0161tari kontinentalne Hrvatske&#8221;<\/span><span style=\"font-size: 16px;\">)<\/span><\/p>\t\t\t\t\t\t\t\t<\/div>\n\t\t\t\t<\/div>\n\t\t\t\t\t<\/div>\n\t\t<\/div>\n\t\t\t\t\t<\/div>\n\t\t<\/section>\n\t\t\t\t<section class=\"elementor-section elementor-inner-section elementor-element elementor-element-2f76db3 elementor-section-boxed elementor-section-height-default elementor-section-height-default\" data-id=\"2f76db3\" data-element_type=\"section\">\n\t\t\t\t\t\t<div class=\"elementor-container elementor-column-gap-default\">\n\t\t\t\t\t<div class=\"elementor-column elementor-col-100 elementor-inner-column elementor-element elementor-element-970c6aa\" data-id=\"970c6aa\" data-element_type=\"column\">\n\t\t\t<div class=\"elementor-widget-wrap elementor-element-populated\">\n\t\t\t\t\t\t<div class=\"elementor-element elementor-element-f314149 elementor-widget elementor-widget-image\" data-id=\"f314149\" data-element_type=\"widget\" data-widget_type=\"image.default\">\n\t\t\t\t<div class=\"elementor-widget-container\">\n\t\t\t\t\t\t\t\t\t\t\t\t\t\t\t\t<a href=\"https:\/\/vojnakrajina.ffzg.unizg.hr\/wp-content\/uploads\/2019\/07\/60a-1563-god.jpg\" data-elementor-open-lightbox=\"yes\" data-elementor-lightbox-title=\"Po\u0161ta (1563)\" data-e-action-hash=\"#elementor-action%3Aaction%3Dlightbox%26settings%3DeyJpZCI6MTMxOCwidXJsIjoiaHR0cHM6XC9cL3Zvam5ha3JhamluYS5mZnpnLnVuaXpnLmhyXC93cC1jb250ZW50XC91cGxvYWRzXC8yMDE5XC8wN1wvNjBhLTE1NjMtZ29kLmpwZyJ9\">\n\t\t\t\t\t\t\t<img loading=\"lazy\" decoding=\"async\" width=\"715\" height=\"1024\" src=\"https:\/\/vojnakrajina.ffzg.unizg.hr\/wp-content\/uploads\/2019\/07\/60a-1563-god-715x1024.jpg\" class=\"attachment-large size-large wp-image-1318\" alt=\"Po\u0161ta (1563)\" srcset=\"https:\/\/vojnakrajina.ffzg.unizg.hr\/wp-content\/uploads\/2019\/07\/60a-1563-god-715x1024.jpg 715w, https:\/\/vojnakrajina.ffzg.unizg.hr\/wp-content\/uploads\/2019\/07\/60a-1563-god-209x300.jpg 209w, https:\/\/vojnakrajina.ffzg.unizg.hr\/wp-content\/uploads\/2019\/07\/60a-1563-god-768x1100.jpg 768w, https:\/\/vojnakrajina.ffzg.unizg.hr\/wp-content\/uploads\/2019\/07\/60a-1563-god.jpg 929w\" sizes=\"(max-width: 715px) 100vw, 715px\" \/>\t\t\t\t\t\t\t\t<\/a>\n\t\t\t\t\t\t\t\t\t\t\t\t\t\t\t<\/div>\n\t\t\t\t<\/div>\n\t\t\t\t<div class=\"elementor-element elementor-element-0f1602d elementor-widget elementor-widget-text-editor\" data-id=\"0f1602d\" data-element_type=\"widget\" data-widget_type=\"text-editor.default\">\n\t\t\t\t<div class=\"elementor-widget-container\">\n\t\t\t\t\t\t\t\t\t<p><strong>Prijenos kraji\u0161ke po\u0161te 1563. godine<\/strong><br \/>A. Hozjan, &#8220;Prve po\u0161te i po\u0161tari kontinentalne Hrvatske,&#8221; str. 60.<\/p>\t\t\t\t\t\t\t\t<\/div>\n\t\t\t\t<\/div>\n\t\t\t\t\t<\/div>\n\t\t<\/div>\n\t\t\t\t\t<\/div>\n\t\t<\/section>\n\t\t\t\t<section class=\"elementor-section elementor-inner-section elementor-element elementor-element-edd5dd9 elementor-section-boxed elementor-section-height-default elementor-section-height-default\" data-id=\"edd5dd9\" data-element_type=\"section\">\n\t\t\t\t\t\t<div class=\"elementor-container elementor-column-gap-default\">\n\t\t\t\t\t<div class=\"elementor-column elementor-col-100 elementor-inner-column elementor-element elementor-element-f2695c3\" data-id=\"f2695c3\" data-element_type=\"column\">\n\t\t\t<div class=\"elementor-widget-wrap elementor-element-populated\">\n\t\t\t\t\t\t<div class=\"elementor-element elementor-element-e5c847f elementor-widget elementor-widget-image\" data-id=\"e5c847f\" data-element_type=\"widget\" data-widget_type=\"image.default\">\n\t\t\t\t<div class=\"elementor-widget-container\">\n\t\t\t\t\t\t\t\t\t\t\t\t\t\t\t\t<a href=\"https:\/\/vojnakrajina.ffzg.unizg.hr\/wp-content\/uploads\/2019\/10\/Posta-1576a.jpeg\" data-elementor-open-lightbox=\"yes\" data-elementor-lightbox-title=\"Po\u0161ta (1576)\" data-e-action-hash=\"#elementor-action%3Aaction%3Dlightbox%26settings%3DeyJpZCI6MTM5MywidXJsIjoiaHR0cHM6XC9cL3Zvam5ha3JhamluYS5mZnpnLnVuaXpnLmhyXC93cC1jb250ZW50XC91cGxvYWRzXC8yMDE5XC8xMFwvUG9zdGEtMTU3NmEuanBlZyJ9\">\n\t\t\t\t\t\t\t<img loading=\"lazy\" decoding=\"async\" width=\"1024\" height=\"963\" src=\"https:\/\/vojnakrajina.ffzg.unizg.hr\/wp-content\/uploads\/2019\/10\/Posta-1576a-1024x963.jpeg\" class=\"attachment-large size-large wp-image-1393\" alt=\"Po\u0161ta (1576)\" srcset=\"https:\/\/vojnakrajina.ffzg.unizg.hr\/wp-content\/uploads\/2019\/10\/Posta-1576a-1024x963.jpeg 1024w, https:\/\/vojnakrajina.ffzg.unizg.hr\/wp-content\/uploads\/2019\/10\/Posta-1576a-300x282.jpeg 300w, https:\/\/vojnakrajina.ffzg.unizg.hr\/wp-content\/uploads\/2019\/10\/Posta-1576a-768x722.jpeg 768w, https:\/\/vojnakrajina.ffzg.unizg.hr\/wp-content\/uploads\/2019\/10\/Posta-1576a.jpeg 1345w\" sizes=\"(max-width: 1024px) 100vw, 1024px\" \/>\t\t\t\t\t\t\t\t<\/a>\n\t\t\t\t\t\t\t\t\t\t\t\t\t\t\t<\/div>\n\t\t\t\t<\/div>\n\t\t\t\t<div class=\"elementor-element elementor-element-9609fb0 elementor-widget elementor-widget-text-editor\" data-id=\"9609fb0\" data-element_type=\"widget\" data-widget_type=\"text-editor.default\">\n\t\t\t\t<div class=\"elementor-widget-container\">\n\t\t\t\t\t\t\t\t\t<p><strong>Prijenos kraji\u0161ke po\u0161te 1576. godine<\/strong><br \/>Izradio Filip \u0160imunjak (na temelju kraji\u0161kog popisa iz iste godine)<\/p>\t\t\t\t\t\t\t\t<\/div>\n\t\t\t\t<\/div>\n\t\t\t\t\t<\/div>\n\t\t<\/div>\n\t\t\t\t\t<\/div>\n\t\t<\/section>\n\t\t\t\t<section class=\"elementor-section elementor-inner-section elementor-element elementor-element-80c6cf6 elementor-section-boxed elementor-section-height-default elementor-section-height-default\" data-id=\"80c6cf6\" data-element_type=\"section\">\n\t\t\t\t\t\t<div class=\"elementor-container elementor-column-gap-default\">\n\t\t\t\t\t<div class=\"elementor-column elementor-col-100 elementor-inner-column elementor-element elementor-element-a5deac5\" data-id=\"a5deac5\" data-element_type=\"column\">\n\t\t\t<div class=\"elementor-widget-wrap elementor-element-populated\">\n\t\t\t\t\t\t<div class=\"elementor-element elementor-element-7b2636b elementor-widget elementor-widget-image\" data-id=\"7b2636b\" data-element_type=\"widget\" data-widget_type=\"image.default\">\n\t\t\t\t<div class=\"elementor-widget-container\">\n\t\t\t\t\t\t\t\t\t\t\t\t\t\t\t\t<a href=\"https:\/\/vojnakrajina.ffzg.unizg.hr\/wp-content\/uploads\/2019\/10\/Posta-1578a.jpeg\" data-elementor-open-lightbox=\"yes\" data-elementor-lightbox-title=\"Po\u0161ta (1578)\" data-e-action-hash=\"#elementor-action%3Aaction%3Dlightbox%26settings%3DeyJpZCI6MTM5NSwidXJsIjoiaHR0cHM6XC9cL3Zvam5ha3JhamluYS5mZnpnLnVuaXpnLmhyXC93cC1jb250ZW50XC91cGxvYWRzXC8yMDE5XC8xMFwvUG9zdGEtMTU3OGEuanBlZyJ9\">\n\t\t\t\t\t\t\t<img loading=\"lazy\" decoding=\"async\" width=\"1024\" height=\"963\" src=\"https:\/\/vojnakrajina.ffzg.unizg.hr\/wp-content\/uploads\/2019\/10\/Posta-1578a-1024x963.jpeg\" class=\"attachment-large size-large wp-image-1395\" alt=\"Po\u0161ta (1578)\" srcset=\"https:\/\/vojnakrajina.ffzg.unizg.hr\/wp-content\/uploads\/2019\/10\/Posta-1578a-1024x963.jpeg 1024w, https:\/\/vojnakrajina.ffzg.unizg.hr\/wp-content\/uploads\/2019\/10\/Posta-1578a-300x282.jpeg 300w, https:\/\/vojnakrajina.ffzg.unizg.hr\/wp-content\/uploads\/2019\/10\/Posta-1578a-768x722.jpeg 768w, https:\/\/vojnakrajina.ffzg.unizg.hr\/wp-content\/uploads\/2019\/10\/Posta-1578a.jpeg 1345w\" sizes=\"(max-width: 1024px) 100vw, 1024px\" \/>\t\t\t\t\t\t\t\t<\/a>\n\t\t\t\t\t\t\t\t\t\t\t\t\t\t\t<\/div>\n\t\t\t\t<\/div>\n\t\t\t\t<div class=\"elementor-element elementor-element-acd890e elementor-widget elementor-widget-text-editor\" data-id=\"acd890e\" data-element_type=\"widget\" data-widget_type=\"text-editor.default\">\n\t\t\t\t<div class=\"elementor-widget-container\">\n\t\t\t\t\t\t\t\t\t<p><strong>Prijenos kraji\u0161ke po\u0161te 1578. godine<\/strong><br \/>Izradio Filip \u0160imunjak (na temelju kraji\u0161kog popisa iz iste godine)<\/p>\t\t\t\t\t\t\t\t<\/div>\n\t\t\t\t<\/div>\n\t\t\t\t\t<\/div>\n\t\t<\/div>\n\t\t\t\t\t<\/div>\n\t\t<\/section>\n\t\t\t\t<section class=\"elementor-section elementor-inner-section elementor-element elementor-element-5bb8db6 elementor-section-boxed elementor-section-height-default elementor-section-height-default\" data-id=\"5bb8db6\" data-element_type=\"section\">\n\t\t\t\t\t\t<div class=\"elementor-container elementor-column-gap-default\">\n\t\t\t\t\t<div class=\"elementor-column elementor-col-100 elementor-inner-column elementor-element elementor-element-6e6de0e\" data-id=\"6e6de0e\" data-element_type=\"column\">\n\t\t\t<div class=\"elementor-widget-wrap elementor-element-populated\">\n\t\t\t\t\t\t<div class=\"elementor-element elementor-element-76b0de8 elementor-widget elementor-widget-image\" data-id=\"76b0de8\" data-element_type=\"widget\" data-widget_type=\"image.default\">\n\t\t\t\t<div class=\"elementor-widget-container\">\n\t\t\t\t\t\t\t\t\t\t\t\t\t\t\t\t<a href=\"https:\/\/vojnakrajina.ffzg.unizg.hr\/wp-content\/uploads\/2019\/10\/Posta-1578-i-1579-Hozjan-Prve-poste-74a.jpeg\" data-elementor-open-lightbox=\"yes\" data-elementor-lightbox-title=\"Po\u0161ta (1578\/9)\" data-e-action-hash=\"#elementor-action%3Aaction%3Dlightbox%26settings%3DeyJpZCI6MTM5NCwidXJsIjoiaHR0cHM6XC9cL3Zvam5ha3JhamluYS5mZnpnLnVuaXpnLmhyXC93cC1jb250ZW50XC91cGxvYWRzXC8yMDE5XC8xMFwvUG9zdGEtMTU3OC1pLTE1NzktSG96amFuLVBydmUtcG9zdGUtNzRhLmpwZWcifQ%3D%3D\">\n\t\t\t\t\t\t\t<img loading=\"lazy\" decoding=\"async\" width=\"1024\" height=\"963\" src=\"https:\/\/vojnakrajina.ffzg.unizg.hr\/wp-content\/uploads\/2019\/10\/Posta-1578-i-1579-Hozjan-Prve-poste-74a-1024x963.jpeg\" class=\"attachment-large size-large wp-image-1394\" alt=\"Po\u0161ta (1578\/9)\" srcset=\"https:\/\/vojnakrajina.ffzg.unizg.hr\/wp-content\/uploads\/2019\/10\/Posta-1578-i-1579-Hozjan-Prve-poste-74a-1024x963.jpeg 1024w, https:\/\/vojnakrajina.ffzg.unizg.hr\/wp-content\/uploads\/2019\/10\/Posta-1578-i-1579-Hozjan-Prve-poste-74a-300x282.jpeg 300w, https:\/\/vojnakrajina.ffzg.unizg.hr\/wp-content\/uploads\/2019\/10\/Posta-1578-i-1579-Hozjan-Prve-poste-74a-768x722.jpeg 768w, https:\/\/vojnakrajina.ffzg.unizg.hr\/wp-content\/uploads\/2019\/10\/Posta-1578-i-1579-Hozjan-Prve-poste-74a.jpeg 1345w\" sizes=\"(max-width: 1024px) 100vw, 1024px\" \/>\t\t\t\t\t\t\t\t<\/a>\n\t\t\t\t\t\t\t\t\t\t\t\t\t\t\t<\/div>\n\t\t\t\t<\/div>\n\t\t\t\t<div class=\"elementor-element elementor-element-8c0ad12 elementor-widget elementor-widget-text-editor\" data-id=\"8c0ad12\" data-element_type=\"widget\" data-widget_type=\"text-editor.default\">\n\t\t\t\t<div class=\"elementor-widget-container\">\n\t\t\t\t\t\t\t\t\t<p><strong>Prijenos kraji\u0161ke po\u0161te 1578\/9. godine<\/strong><br \/>Izradio Filip \u0160imunjak (na temelju karte iz:\u00a0<span style=\"font-size: 16px; font-style: normal; font-weight: 400;\">A. Hozjan, &#8220;Prve po\u0161te i po\u0161tari kontinentalne Hrvatske,&#8221; str. 74.<\/span><span style=\"font-size: 16px;\">)<\/span><\/p>\t\t\t\t\t\t\t\t<\/div>\n\t\t\t\t<\/div>\n\t\t\t\t\t<\/div>\n\t\t<\/div>\n\t\t\t\t\t<\/div>\n\t\t<\/section>\n\t\t\t\t<section class=\"elementor-section elementor-inner-section elementor-element elementor-element-7dc4900 elementor-section-boxed elementor-section-height-default elementor-section-height-default\" data-id=\"7dc4900\" data-element_type=\"section\">\n\t\t\t\t\t\t<div class=\"elementor-container elementor-column-gap-default\">\n\t\t\t\t\t<div class=\"elementor-column elementor-col-100 elementor-inner-column elementor-element elementor-element-e901256\" data-id=\"e901256\" data-element_type=\"column\">\n\t\t\t<div class=\"elementor-widget-wrap elementor-element-populated\">\n\t\t\t\t\t\t<div class=\"elementor-element elementor-element-433433a elementor-widget elementor-widget-image\" data-id=\"433433a\" data-element_type=\"widget\" data-widget_type=\"image.default\">\n\t\t\t\t<div class=\"elementor-widget-container\">\n\t\t\t\t\t\t\t\t\t\t\t\t\t\t\t\t<a href=\"https:\/\/vojnakrajina.ffzg.unizg.hr\/wp-content\/uploads\/2019\/07\/Sokol-1959-Poste-karta-str.-23..jpg\" data-elementor-open-lightbox=\"yes\" data-elementor-lightbox-title=\"Po\u0161ta\" data-e-action-hash=\"#elementor-action%3Aaction%3Dlightbox%26settings%3DeyJpZCI6MTMyNCwidXJsIjoiaHR0cHM6XC9cL3Zvam5ha3JhamluYS5mZnpnLnVuaXpnLmhyXC93cC1jb250ZW50XC91cGxvYWRzXC8yMDE5XC8wN1wvU29rb2wtMTk1OS1Qb3N0ZS1rYXJ0YS1zdHIuLTIzLi5qcGcifQ%3D%3D\">\n\t\t\t\t\t\t\t<img loading=\"lazy\" decoding=\"async\" width=\"818\" height=\"923\" src=\"https:\/\/vojnakrajina.ffzg.unizg.hr\/wp-content\/uploads\/2019\/07\/Sokol-1959-Poste-karta-str.-23..jpg\" class=\"attachment-large size-large wp-image-1324\" alt=\"Po\u0161ta\" srcset=\"https:\/\/vojnakrajina.ffzg.unizg.hr\/wp-content\/uploads\/2019\/07\/Sokol-1959-Poste-karta-str.-23..jpg 818w, https:\/\/vojnakrajina.ffzg.unizg.hr\/wp-content\/uploads\/2019\/07\/Sokol-1959-Poste-karta-str.-23.-266x300.jpg 266w, https:\/\/vojnakrajina.ffzg.unizg.hr\/wp-content\/uploads\/2019\/07\/Sokol-1959-Poste-karta-str.-23.-768x867.jpg 768w\" sizes=\"(max-width: 818px) 100vw, 818px\" \/>\t\t\t\t\t\t\t\t<\/a>\n\t\t\t\t\t\t\t\t\t\t\t\t\t\t\t<\/div>\n\t\t\t\t<\/div>\n\t\t\t\t<div class=\"elementor-element elementor-element-cbdf08c elementor-widget elementor-widget-text-editor\" data-id=\"cbdf08c\" data-element_type=\"widget\" data-widget_type=\"text-editor.default\">\n\t\t\t\t<div class=\"elementor-widget-container\">\n\t\t\t\t\t\t\t\t\t<p><strong>Prijenos po\u0161te krajem 16. stolje\u0107a prema Velimiru Sokolu<br \/><\/strong>V. Sokol, \u201eIvan Vajkard Valvasor,&#8221; str. 23.<\/p>\t\t\t\t\t\t\t\t<\/div>\n\t\t\t\t<\/div>\n\t\t\t\t\t<\/div>\n\t\t<\/div>\n\t\t\t\t\t<\/div>\n\t\t<\/section>\n\t\t\t\t\t<\/div>\n\t\t<\/div>\n\t\t\t\t\t<\/div>\n\t\t<\/section>\n\t\t\t\t<\/div>","protected":false},"excerpt":{"rendered":"<p>Kraji\u0161ka po\u0161ta Razvoj kraji\u0161ke po\u0161te od 1520-ih do 1578. godine Pi\u0161e: Filip \u0160imunjak (\u00a92019.) Po\u0161ta na Slavonskoj (i Hrvatskoj) krajini Va\u017enost po\u0161te i brze dojave vijesti s prostora Hrvatske i Slavonije uvidio je jo\u0161 Maksimilijan I. Habsburgovac &#8211; u njegovo vrijeme imamo prve vijesti o postojanju po\u0161te na prostoru Unutarnje Austrije (tj. dana\u0161nje Slovenije). Postoji [&hellip;]<\/p>","protected":false},"author":1,"featured_media":0,"parent":0,"menu_order":0,"comment_status":"closed","ping_status":"closed","template":"","meta":{"_acf_changed":false,"_monsterinsights_skip_tracking":false,"_monsterinsights_sitenote_active":false,"_monsterinsights_sitenote_note":"","_monsterinsights_sitenote_category":0,"site-sidebar-layout":"no-sidebar","site-content-layout":"page-builder","ast-site-content-layout":"default","site-content-style":"default","site-sidebar-style":"default","ast-global-header-display":"","ast-banner-title-visibility":"","ast-main-header-display":"","ast-hfb-above-header-display":"","ast-hfb-below-header-display":"","ast-hfb-mobile-header-display":"","site-post-title":"disabled","ast-breadcrumbs-content":"","ast-featured-img":"disabled","footer-sml-layout":"","ast-disable-related-posts":"","theme-transparent-header-meta":"default","adv-header-id-meta":"","stick-header-meta":"","header-above-stick-meta":"","header-main-stick-meta":"","header-below-stick-meta":"","astra-migrate-meta-layouts":"default","ast-page-background-enabled":"default","ast-page-background-meta":{"desktop":{"background-color":"","background-image":"","background-repeat":"repeat","background-position":"center center","background-size":"auto","background-attachment":"scroll","background-type":"","background-media":"","overlay-type":"","overlay-color":"","overlay-opacity":"","overlay-gradient":""},"tablet":{"background-color":"","background-image":"","background-repeat":"repeat","background-position":"center center","background-size":"auto","background-attachment":"scroll","background-type":"","background-media":"","overlay-type":"","overlay-color":"","overlay-opacity":"","overlay-gradient":""},"mobile":{"background-color":"","background-image":"","background-repeat":"repeat","background-position":"center center","background-size":"auto","background-attachment":"scroll","background-type":"","background-media":"","overlay-type":"","overlay-color":"","overlay-opacity":"","overlay-gradient":""}},"ast-content-background-meta":{"desktop":{"background-color":"var(--ast-global-color-5)","background-image":"","background-repeat":"repeat","background-position":"center center","background-size":"auto","background-attachment":"scroll","background-type":"","background-media":"","overlay-type":"","overlay-color":"","overlay-opacity":"","overlay-gradient":""},"tablet":{"background-color":"var(--ast-global-color-5)","background-image":"","background-repeat":"repeat","background-position":"center center","background-size":"auto","background-attachment":"scroll","background-type":"","background-media":"","overlay-type":"","overlay-color":"","overlay-opacity":"","overlay-gradient":""},"mobile":{"background-color":"var(--ast-global-color-5)","background-image":"","background-repeat":"repeat","background-position":"center center","background-size":"auto","background-attachment":"scroll","background-type":"","background-media":"","overlay-type":"","overlay-color":"","overlay-opacity":"","overlay-gradient":""}},"footnotes":""},"class_list":["post-1313","page","type-page","status-publish","hentry"],"acf":[],"yoast_head":"<!-- This site is optimized with the Yoast SEO plugin v26.6 - https:\/\/yoast.com\/wordpress\/plugins\/seo\/ -->\n<title>Bulwark of Europe - Vojna krajina u 16. stolje\u0107u - Razvoj kraji\u0161ke po\u0161te<\/title>\n<meta name=\"description\" content=\"Razvoj kraji\u0161ke po\u0161te - Bulwark of Europe - digitalizirana povijest Vojne krajine. Istra\u017eite povijest Hrvatske i Slavonske vojne krajine u 16. stolje\u0107u.\" \/>\n<meta name=\"robots\" content=\"index, follow, max-snippet:-1, max-image-preview:large, max-video-preview:-1\" \/>\n<link rel=\"canonical\" href=\"https:\/\/vojnakrajina.ffzg.unizg.hr\/en\/razvoj-krajiske-poste\/\" \/>\n<meta property=\"og:locale\" content=\"en_GB\" \/>\n<meta property=\"og:type\" content=\"article\" \/>\n<meta property=\"og:title\" content=\"Bulwark of Europe - Vojna krajina u 16. stolje\u0107u - Razvoj kraji\u0161ke po\u0161te\" \/>\n<meta property=\"og:description\" content=\"Razvoj kraji\u0161ke po\u0161te - Bulwark of Europe - digitalizirana povijest Vojne krajine. Istra\u017eite povijest Hrvatske i Slavonske vojne krajine u 16. stolje\u0107u.\" \/>\n<meta property=\"og:url\" content=\"https:\/\/vojnakrajina.ffzg.unizg.hr\/en\/razvoj-krajiske-poste\/\" \/>\n<meta property=\"og:site_name\" content=\"Bulwark of Europe\" \/>\n<meta property=\"article:modified_time\" content=\"2022-10-16T20:44:25+00:00\" \/>\n<meta property=\"og:image\" content=\"https:\/\/vojnakrajina.ffzg.unizg.hr\/wp-content\/uploads\/2019\/07\/Varazdin-zbornik-radova-hozjan-264.jpg\" \/>\n<meta name=\"twitter:card\" content=\"summary_large_image\" \/>\n<meta name=\"twitter:label1\" content=\"Estimated reading time\" \/>\n\t<meta name=\"twitter:data1\" content=\"20 minutes\" \/>\n<script type=\"application\/ld+json\" class=\"yoast-schema-graph\">{\"@context\":\"https:\/\/schema.org\",\"@graph\":[{\"@type\":\"WebPage\",\"@id\":\"https:\/\/vojnakrajina.ffzg.unizg.hr\/razvoj-krajiske-poste\/\",\"url\":\"https:\/\/vojnakrajina.ffzg.unizg.hr\/razvoj-krajiske-poste\/\",\"name\":\"Bulwark of Europe - Vojna krajina u 16. stolje\u0107u - Razvoj kraji\u0161ke po\u0161te\",\"isPartOf\":{\"@id\":\"https:\/\/vojnakrajina.ffzg.unizg.hr\/#website\"},\"primaryImageOfPage\":{\"@id\":\"https:\/\/vojnakrajina.ffzg.unizg.hr\/razvoj-krajiske-poste\/#primaryimage\"},\"image\":{\"@id\":\"https:\/\/vojnakrajina.ffzg.unizg.hr\/razvoj-krajiske-poste\/#primaryimage\"},\"thumbnailUrl\":\"https:\/\/vojnakrajina.ffzg.unizg.hr\/wp-content\/uploads\/2019\/07\/Varazdin-zbornik-radova-hozjan-264.jpg\",\"datePublished\":\"2019-07-27T15:18:43+00:00\",\"dateModified\":\"2022-10-16T20:44:25+00:00\",\"description\":\"Razvoj kraji\u0161ke po\u0161te - Bulwark of Europe - digitalizirana povijest Vojne krajine. Istra\u017eite povijest Hrvatske i Slavonske vojne krajine u 16. stolje\u0107u.\",\"breadcrumb\":{\"@id\":\"https:\/\/vojnakrajina.ffzg.unizg.hr\/razvoj-krajiske-poste\/#breadcrumb\"},\"inLanguage\":\"en-GB\",\"potentialAction\":[{\"@type\":\"ReadAction\",\"target\":[\"https:\/\/vojnakrajina.ffzg.unizg.hr\/razvoj-krajiske-poste\/\"]}]},{\"@type\":\"ImageObject\",\"inLanguage\":\"en-GB\",\"@id\":\"https:\/\/vojnakrajina.ffzg.unizg.hr\/razvoj-krajiske-poste\/#primaryimage\",\"url\":\"https:\/\/vojnakrajina.ffzg.unizg.hr\/wp-content\/uploads\/2019\/07\/Varazdin-zbornik-radova-hozjan-264.jpg\",\"contentUrl\":\"https:\/\/vojnakrajina.ffzg.unizg.hr\/wp-content\/uploads\/2019\/07\/Varazdin-zbornik-radova-hozjan-264.jpg\"},{\"@type\":\"BreadcrumbList\",\"@id\":\"https:\/\/vojnakrajina.ffzg.unizg.hr\/razvoj-krajiske-poste\/#breadcrumb\",\"itemListElement\":[{\"@type\":\"ListItem\",\"position\":1,\"name\":\"Home\",\"item\":\"https:\/\/vojnakrajina.ffzg.unizg.hr\/\"},{\"@type\":\"ListItem\",\"position\":2,\"name\":\"Razvoj kraji\u0161ke po\u0161te\"}]},{\"@type\":\"WebSite\",\"@id\":\"https:\/\/vojnakrajina.ffzg.unizg.hr\/#website\",\"url\":\"https:\/\/vojnakrajina.ffzg.unizg.hr\/\",\"name\":\"Bulwark of Europe - Vojna krajina u 16. stolje\u0107u\",\"description\":\"Digitizing Habsburg-Ottoman Border\",\"potentialAction\":[{\"@type\":\"SearchAction\",\"target\":{\"@type\":\"EntryPoint\",\"urlTemplate\":\"https:\/\/vojnakrajina.ffzg.unizg.hr\/?s={search_term_string}\"},\"query-input\":{\"@type\":\"PropertyValueSpecification\",\"valueRequired\":true,\"valueName\":\"search_term_string\"}}],\"inLanguage\":\"en-GB\"}]}<\/script>\n<!-- \/ Yoast SEO plugin. -->","yoast_head_json":{"title":"Bulwark of Europe - Vojna krajina u 16. stolje\u0107u - Razvoj kraji\u0161ke po\u0161te","description":"Razvoj kraji\u0161ke po\u0161te - Bulwark of Europe - digitalizirana povijest Vojne krajine. Istra\u017eite povijest Hrvatske i Slavonske vojne krajine u 16. stolje\u0107u.","robots":{"index":"index","follow":"follow","max-snippet":"max-snippet:-1","max-image-preview":"max-image-preview:large","max-video-preview":"max-video-preview:-1"},"canonical":"https:\/\/vojnakrajina.ffzg.unizg.hr\/en\/razvoj-krajiske-poste\/","og_locale":"en_GB","og_type":"article","og_title":"Bulwark of Europe - Vojna krajina u 16. stolje\u0107u - Razvoj kraji\u0161ke po\u0161te","og_description":"Razvoj kraji\u0161ke po\u0161te - Bulwark of Europe - digitalizirana povijest Vojne krajine. Istra\u017eite povijest Hrvatske i Slavonske vojne krajine u 16. stolje\u0107u.","og_url":"https:\/\/vojnakrajina.ffzg.unizg.hr\/en\/razvoj-krajiske-poste\/","og_site_name":"Bulwark of Europe","article_modified_time":"2022-10-16T20:44:25+00:00","og_image":[{"url":"https:\/\/vojnakrajina.ffzg.unizg.hr\/wp-content\/uploads\/2019\/07\/Varazdin-zbornik-radova-hozjan-264.jpg","type":"","width":"","height":""}],"twitter_card":"summary_large_image","twitter_misc":{"Estimated reading time":"20 minutes"},"schema":{"@context":"https:\/\/schema.org","@graph":[{"@type":"WebPage","@id":"https:\/\/vojnakrajina.ffzg.unizg.hr\/razvoj-krajiske-poste\/","url":"https:\/\/vojnakrajina.ffzg.unizg.hr\/razvoj-krajiske-poste\/","name":"Bulwark of Europe - Vojna krajina u 16. stolje\u0107u - Razvoj kraji\u0161ke po\u0161te","isPartOf":{"@id":"https:\/\/vojnakrajina.ffzg.unizg.hr\/#website"},"primaryImageOfPage":{"@id":"https:\/\/vojnakrajina.ffzg.unizg.hr\/razvoj-krajiske-poste\/#primaryimage"},"image":{"@id":"https:\/\/vojnakrajina.ffzg.unizg.hr\/razvoj-krajiske-poste\/#primaryimage"},"thumbnailUrl":"https:\/\/vojnakrajina.ffzg.unizg.hr\/wp-content\/uploads\/2019\/07\/Varazdin-zbornik-radova-hozjan-264.jpg","datePublished":"2019-07-27T15:18:43+00:00","dateModified":"2022-10-16T20:44:25+00:00","description":"Razvoj kraji\u0161ke po\u0161te - Bulwark of Europe - digitalizirana povijest Vojne krajine. Istra\u017eite povijest Hrvatske i Slavonske vojne krajine u 16. stolje\u0107u.","breadcrumb":{"@id":"https:\/\/vojnakrajina.ffzg.unizg.hr\/razvoj-krajiske-poste\/#breadcrumb"},"inLanguage":"en-GB","potentialAction":[{"@type":"ReadAction","target":["https:\/\/vojnakrajina.ffzg.unizg.hr\/razvoj-krajiske-poste\/"]}]},{"@type":"ImageObject","inLanguage":"en-GB","@id":"https:\/\/vojnakrajina.ffzg.unizg.hr\/razvoj-krajiske-poste\/#primaryimage","url":"https:\/\/vojnakrajina.ffzg.unizg.hr\/wp-content\/uploads\/2019\/07\/Varazdin-zbornik-radova-hozjan-264.jpg","contentUrl":"https:\/\/vojnakrajina.ffzg.unizg.hr\/wp-content\/uploads\/2019\/07\/Varazdin-zbornik-radova-hozjan-264.jpg"},{"@type":"BreadcrumbList","@id":"https:\/\/vojnakrajina.ffzg.unizg.hr\/razvoj-krajiske-poste\/#breadcrumb","itemListElement":[{"@type":"ListItem","position":1,"name":"Home","item":"https:\/\/vojnakrajina.ffzg.unizg.hr\/"},{"@type":"ListItem","position":2,"name":"Razvoj kraji\u0161ke po\u0161te"}]},{"@type":"WebSite","@id":"https:\/\/vojnakrajina.ffzg.unizg.hr\/#website","url":"https:\/\/vojnakrajina.ffzg.unizg.hr\/","name":"Bulwark of Europe - Vojna krajina u 16. stolje\u0107u","description":"Digitizing Habsburg-Ottoman Border","potentialAction":[{"@type":"SearchAction","target":{"@type":"EntryPoint","urlTemplate":"https:\/\/vojnakrajina.ffzg.unizg.hr\/?s={search_term_string}"},"query-input":{"@type":"PropertyValueSpecification","valueRequired":true,"valueName":"search_term_string"}}],"inLanguage":"en-GB"}]}},"_links":{"self":[{"href":"https:\/\/vojnakrajina.ffzg.unizg.hr\/en\/wp-json\/wp\/v2\/pages\/1313","targetHints":{"allow":["GET"]}}],"collection":[{"href":"https:\/\/vojnakrajina.ffzg.unizg.hr\/en\/wp-json\/wp\/v2\/pages"}],"about":[{"href":"https:\/\/vojnakrajina.ffzg.unizg.hr\/en\/wp-json\/wp\/v2\/types\/page"}],"author":[{"embeddable":true,"href":"https:\/\/vojnakrajina.ffzg.unizg.hr\/en\/wp-json\/wp\/v2\/users\/1"}],"replies":[{"embeddable":true,"href":"https:\/\/vojnakrajina.ffzg.unizg.hr\/en\/wp-json\/wp\/v2\/comments?post=1313"}],"version-history":[{"count":23,"href":"https:\/\/vojnakrajina.ffzg.unizg.hr\/en\/wp-json\/wp\/v2\/pages\/1313\/revisions"}],"predecessor-version":[{"id":3533,"href":"https:\/\/vojnakrajina.ffzg.unizg.hr\/en\/wp-json\/wp\/v2\/pages\/1313\/revisions\/3533"}],"wp:attachment":[{"href":"https:\/\/vojnakrajina.ffzg.unizg.hr\/en\/wp-json\/wp\/v2\/media?parent=1313"}],"curies":[{"name":"wp","href":"https:\/\/api.w.org\/{rel}","templated":true}]}}