{"id":1923,"date":"2020-04-04T17:16:17","date_gmt":"2020-04-04T15:16:17","guid":{"rendered":"https:\/\/vojnakrajina.ffzg.unizg.hr\/?page_id=1923"},"modified":"2020-06-17T14:52:18","modified_gmt":"2020-06-17T12:52:18","slug":"karta-hrvatske-iz-1572-godine","status":"publish","type":"page","link":"https:\/\/vojnakrajina.ffzg.unizg.hr\/en\/karta-hrvatske-iz-1572-godine\/","title":{"rendered":"Karta Hrvatske iz 1572. godine"},"content":{"rendered":"<div data-elementor-type=\"wp-page\" data-elementor-id=\"1923\" class=\"elementor elementor-1923\">\n\t\t\t\t\t\t<section class=\"elementor-section elementor-top-section elementor-element elementor-element-23f9415f elementor-section-boxed elementor-section-height-default elementor-section-height-default\" data-id=\"23f9415f\" data-element_type=\"section\" data-settings=\"{&quot;background_background&quot;:&quot;classic&quot;}\">\n\t\t\t\t\t\t<div class=\"elementor-container elementor-column-gap-default\">\n\t\t\t\t\t<div class=\"elementor-column elementor-col-100 elementor-top-column elementor-element elementor-element-94fe16b\" data-id=\"94fe16b\" data-element_type=\"column\">\n\t\t\t<div class=\"elementor-widget-wrap elementor-element-populated\">\n\t\t\t\t\t\t<div class=\"elementor-element elementor-element-2c1f82c0 elementor-widget elementor-widget-heading\" data-id=\"2c1f82c0\" data-element_type=\"widget\" data-widget_type=\"heading.default\">\n\t\t\t\t<div class=\"elementor-widget-container\">\n\t\t\t\t\t<h2 class=\"elementor-heading-title elementor-size-default\"><font color=\"#943616\"><span style=\"font-size: 40px\">Map of Croatia, Slavonia and Dalmatia, 1572<\/span><\/font><\/h2>\t\t\t\t<\/div>\n\t\t\t\t<\/div>\n\t\t\t\t<div class=\"elementor-element elementor-element-6e3bb3ff elementor-widget elementor-widget-heading\" data-id=\"6e3bb3ff\" data-element_type=\"widget\" data-widget_type=\"heading.default\">\n\t\t\t\t<div class=\"elementor-widget-container\">\n\t\t\t\t\t<h2 class=\"elementor-heading-title elementor-size-default\">Author: Joannes Sambucus<\/h2>\t\t\t\t<\/div>\n\t\t\t\t<\/div>\n\t\t\t\t\t<\/div>\n\t\t<\/div>\n\t\t\t\t\t<\/div>\n\t\t<\/section>\n\t\t\t\t<section class=\"elementor-section elementor-top-section elementor-element elementor-element-2a1a975c elementor-hidden-desktop elementor-hidden-tablet elementor-hidden-phone elementor-section-boxed elementor-section-height-default elementor-section-height-default\" data-id=\"2a1a975c\" data-element_type=\"section\" data-settings=\"{&quot;background_background&quot;:&quot;classic&quot;}\">\n\t\t\t\t\t\t<div class=\"elementor-container elementor-column-gap-default\">\n\t\t\t\t\t<div class=\"elementor-column elementor-col-100 elementor-top-column elementor-element elementor-element-10669bad\" data-id=\"10669bad\" data-element_type=\"column\">\n\t\t\t<div class=\"elementor-widget-wrap elementor-element-populated\">\n\t\t\t\t\t\t<div class=\"elementor-element elementor-element-540e1f78 elementor-widget elementor-widget-text-editor\" data-id=\"540e1f78\" data-element_type=\"widget\" data-widget_type=\"text-editor.default\">\n\t\t\t\t<div class=\"elementor-widget-container\">\n\t\t\t\t\t\t\t\t\t<p>Kratki opis dodati (naglasiti va\u017enost prostornog obuhvata Slavonije, Hrvatske, Dalmacije i Bosne. Izme\u0111u prve i druge verzije postoje odre\u0111ene razlike u oznakama (obuhva\u0107a li Hrvatska i Primorje ili ne)).<\/p>\t\t\t\t\t\t\t\t<\/div>\n\t\t\t\t<\/div>\n\t\t\t\t\t<\/div>\n\t\t<\/div>\n\t\t\t\t\t<\/div>\n\t\t<\/section>\n\t\t\t\t<section class=\"elementor-section elementor-top-section elementor-element elementor-element-10169181 elementor-section-boxed elementor-section-height-default elementor-section-height-default\" data-id=\"10169181\" data-element_type=\"section\" data-settings=\"{&quot;background_background&quot;:&quot;classic&quot;}\">\n\t\t\t\t\t\t<div class=\"elementor-container elementor-column-gap-default\">\n\t\t\t\t\t<div class=\"elementor-column elementor-col-25 elementor-top-column elementor-element elementor-element-36ad6ee2\" data-id=\"36ad6ee2\" data-element_type=\"column\">\n\t\t\t<div class=\"elementor-widget-wrap\">\n\t\t\t\t\t\t\t<\/div>\n\t\t<\/div>\n\t\t\t\t<div class=\"elementor-column elementor-col-50 elementor-top-column elementor-element elementor-element-1e02a9c8\" data-id=\"1e02a9c8\" data-element_type=\"column\">\n\t\t\t<div class=\"elementor-widget-wrap elementor-element-populated\">\n\t\t\t\t\t\t<div class=\"elementor-element elementor-element-1630be0 elementor-widget elementor-widget-heading\" data-id=\"1630be0\" data-element_type=\"widget\" data-widget_type=\"heading.default\">\n\t\t\t\t<div class=\"elementor-widget-container\">\n\t\t\t\t\t<h2 class=\"elementor-heading-title elementor-size-default\">Version A<\/h2>\t\t\t\t<\/div>\n\t\t\t\t<\/div>\n\t\t\t\t<div class=\"elementor-element elementor-element-60747e9c zoooom elementor-widget elementor-widget-image\" data-id=\"60747e9c\" data-element_type=\"widget\" data-widget_type=\"image.default\">\n\t\t\t\t<div class=\"elementor-widget-container\">\n\t\t\t\t\t\t\t\t\t\t\t\t\t\t\t<img fetchpriority=\"high\" decoding=\"async\" width=\"1024\" height=\"806\" src=\"https:\/\/vojnakrajina.ffzg.unizg.hr\/wp-content\/uploads\/2020\/04\/1572.-godina-Joannes-Sambucus-Illyricum-ver-1-min-1024x806.jpg\" class=\"attachment-large size-large wp-image-1925\" alt=\"Karta Hrvatske, Slavonije i Dalmacije, 1572. godina\" srcset=\"https:\/\/vojnakrajina.ffzg.unizg.hr\/wp-content\/uploads\/2020\/04\/1572.-godina-Joannes-Sambucus-Illyricum-ver-1-min-1024x806.jpg 1024w, https:\/\/vojnakrajina.ffzg.unizg.hr\/wp-content\/uploads\/2020\/04\/1572.-godina-Joannes-Sambucus-Illyricum-ver-1-min-300x236.jpg 300w, https:\/\/vojnakrajina.ffzg.unizg.hr\/wp-content\/uploads\/2020\/04\/1572.-godina-Joannes-Sambucus-Illyricum-ver-1-min-768x605.jpg 768w, https:\/\/vojnakrajina.ffzg.unizg.hr\/wp-content\/uploads\/2020\/04\/1572.-godina-Joannes-Sambucus-Illyricum-ver-1-min-1536x1210.jpg 1536w, https:\/\/vojnakrajina.ffzg.unizg.hr\/wp-content\/uploads\/2020\/04\/1572.-godina-Joannes-Sambucus-Illyricum-ver-1-min-2048x1613.jpg 2048w, https:\/\/vojnakrajina.ffzg.unizg.hr\/wp-content\/uploads\/2020\/04\/1572.-godina-Joannes-Sambucus-Illyricum-ver-1-min-scaled.jpg 2560w\" sizes=\"(max-width: 1024px) 100vw, 1024px\" \/>\t\t\t\t\t\t\t\t\t\t\t\t\t\t\t<\/div>\n\t\t\t\t<\/div>\n\t\t\t\t<div class=\"elementor-element elementor-element-256801e8 elementor-widget elementor-widget-text-editor\" data-id=\"256801e8\" data-element_type=\"widget\" data-widget_type=\"text-editor.default\">\n\t\t\t\t<div class=\"elementor-widget-container\">\n\t\t\t\t\t\t\t\t\t<p><strong>*move the cursor along the maps to open the Zoom window<\/strong><\/p>\t\t\t\t\t\t\t\t<\/div>\n\t\t\t\t<\/div>\n\t\t\t\t<div class=\"elementor-element elementor-element-4d72a532 elementor-widget elementor-widget-text-editor\" data-id=\"4d72a532\" data-element_type=\"widget\" data-widget_type=\"text-editor.default\">\n\t\t\t\t<div class=\"elementor-widget-container\">\n\t\t\t\t\t\t\t\t\t<strong>SOURCE:\u00a0<\/strong><a style=\"font-size: 22px; background-color: ;\" href=\"https:\/\/artsandculture.google.com\/asset\/map-illyricum\/YAE16_5ktOVQRw\" target=\"_blank\" rel=\"noopener\">Nacionalna\u00a0knji\u017enica Slovenija<\/a>\t\t\t\t\t\t\t\t<\/div>\n\t\t\t\t<\/div>\n\t\t\t\t\t<\/div>\n\t\t<\/div>\n\t\t\t\t<div class=\"elementor-column elementor-col-25 elementor-top-column elementor-element elementor-element-b073828\" data-id=\"b073828\" data-element_type=\"column\">\n\t\t\t<div class=\"elementor-widget-wrap\">\n\t\t\t\t\t\t\t<\/div>\n\t\t<\/div>\n\t\t\t\t\t<\/div>\n\t\t<\/section>\n\t\t\t\t<section class=\"elementor-section elementor-top-section elementor-element elementor-element-079a14e elementor-section-boxed elementor-section-height-default elementor-section-height-default\" data-id=\"079a14e\" data-element_type=\"section\" data-settings=\"{&quot;background_background&quot;:&quot;classic&quot;}\">\n\t\t\t\t\t\t<div class=\"elementor-container elementor-column-gap-default\">\n\t\t\t\t\t<div class=\"elementor-column elementor-col-25 elementor-top-column elementor-element elementor-element-f22415d\" data-id=\"f22415d\" data-element_type=\"column\">\n\t\t\t<div class=\"elementor-widget-wrap\">\n\t\t\t\t\t\t\t<\/div>\n\t\t<\/div>\n\t\t\t\t<div class=\"elementor-column elementor-col-50 elementor-top-column elementor-element elementor-element-9f86ced\" data-id=\"9f86ced\" data-element_type=\"column\">\n\t\t\t<div class=\"elementor-widget-wrap elementor-element-populated\">\n\t\t\t\t\t\t<div class=\"elementor-element elementor-element-0ca76e4 elementor-widget elementor-widget-heading\" data-id=\"0ca76e4\" data-element_type=\"widget\" data-widget_type=\"heading.default\">\n\t\t\t\t<div class=\"elementor-widget-container\">\n\t\t\t\t\t<h2 class=\"elementor-heading-title elementor-size-default\">Version B<\/h2>\t\t\t\t<\/div>\n\t\t\t\t<\/div>\n\t\t\t\t<div class=\"elementor-element elementor-element-c46bcb5 zoooom elementor-widget elementor-widget-image\" data-id=\"c46bcb5\" data-element_type=\"widget\" data-widget_type=\"image.default\">\n\t\t\t\t<div class=\"elementor-widget-container\">\n\t\t\t\t\t\t\t\t\t\t\t\t\t\t\t<img decoding=\"async\" width=\"1024\" height=\"790\" src=\"https:\/\/vojnakrajina.ffzg.unizg.hr\/wp-content\/uploads\/2020\/04\/1572.-godina-Joannes-Sambucus-Illyricum-ver-2-min-1024x790.jpg\" class=\"attachment-large size-large wp-image-1926\" alt=\"Karta Hrvatske, Slavonije i Dalmacije, 1572. godina\" srcset=\"https:\/\/vojnakrajina.ffzg.unizg.hr\/wp-content\/uploads\/2020\/04\/1572.-godina-Joannes-Sambucus-Illyricum-ver-2-min-1024x790.jpg 1024w, https:\/\/vojnakrajina.ffzg.unizg.hr\/wp-content\/uploads\/2020\/04\/1572.-godina-Joannes-Sambucus-Illyricum-ver-2-min-300x232.jpg 300w, https:\/\/vojnakrajina.ffzg.unizg.hr\/wp-content\/uploads\/2020\/04\/1572.-godina-Joannes-Sambucus-Illyricum-ver-2-min-768x593.jpg 768w, https:\/\/vojnakrajina.ffzg.unizg.hr\/wp-content\/uploads\/2020\/04\/1572.-godina-Joannes-Sambucus-Illyricum-ver-2-min-1536x1185.jpg 1536w, https:\/\/vojnakrajina.ffzg.unizg.hr\/wp-content\/uploads\/2020\/04\/1572.-godina-Joannes-Sambucus-Illyricum-ver-2-min-2048x1581.jpg 2048w, https:\/\/vojnakrajina.ffzg.unizg.hr\/wp-content\/uploads\/2020\/04\/1572.-godina-Joannes-Sambucus-Illyricum-ver-2-min-scaled.jpg 2560w\" sizes=\"(max-width: 1024px) 100vw, 1024px\" \/>\t\t\t\t\t\t\t\t\t\t\t\t\t\t\t<\/div>\n\t\t\t\t<\/div>\n\t\t\t\t<div class=\"elementor-element elementor-element-1582529 elementor-widget elementor-widget-text-editor\" data-id=\"1582529\" data-element_type=\"widget\" data-widget_type=\"text-editor.default\">\n\t\t\t\t<div class=\"elementor-widget-container\">\n\t\t\t\t\t\t\t\t\t<p><strong>*move the cursor along the maps to open the Zoom window<\/strong><\/p>\t\t\t\t\t\t\t\t<\/div>\n\t\t\t\t<\/div>\n\t\t\t\t<div class=\"elementor-element elementor-element-823028a elementor-widget elementor-widget-text-editor\" data-id=\"823028a\" data-element_type=\"widget\" data-widget_type=\"text-editor.default\">\n\t\t\t\t<div class=\"elementor-widget-container\">\n\t\t\t\t\t\t\t\t\t<strong>SOURCE:\u00a0<\/strong><a style=\"font-size: 22px; background-color: ;\" href=\"https:\/\/mapy.mzk.cz\/en\/mzk03\/001\/052\/573\/2619316524\/\" target=\"_blank\" rel=\"noopener\">Moll&#8217;s mapp collection<\/a>\t\t\t\t\t\t\t\t<\/div>\n\t\t\t\t<\/div>\n\t\t\t\t\t<\/div>\n\t\t<\/div>\n\t\t\t\t<div class=\"elementor-column elementor-col-25 elementor-top-column elementor-element elementor-element-016a672\" data-id=\"016a672\" data-element_type=\"column\">\n\t\t\t<div class=\"elementor-widget-wrap\">\n\t\t\t\t\t\t\t<\/div>\n\t\t<\/div>\n\t\t\t\t\t<\/div>\n\t\t<\/section>\n\t\t\t\t<section class=\"elementor-section elementor-top-section elementor-element elementor-element-cebe32c elementor-section-boxed elementor-section-height-default elementor-section-height-default\" data-id=\"cebe32c\" data-element_type=\"section\" data-settings=\"{&quot;background_background&quot;:&quot;classic&quot;}\">\n\t\t\t\t\t\t<div class=\"elementor-container elementor-column-gap-default\">\n\t\t\t\t\t<div class=\"elementor-column elementor-col-25 elementor-top-column elementor-element elementor-element-52258af\" data-id=\"52258af\" data-element_type=\"column\">\n\t\t\t<div class=\"elementor-widget-wrap\">\n\t\t\t\t\t\t\t<\/div>\n\t\t<\/div>\n\t\t\t\t<div class=\"elementor-column elementor-col-50 elementor-top-column elementor-element elementor-element-7ec371c\" data-id=\"7ec371c\" data-element_type=\"column\">\n\t\t\t<div class=\"elementor-widget-wrap elementor-element-populated\">\n\t\t\t\t\t\t<div class=\"elementor-element elementor-element-6a6fe28 elementor-widget elementor-widget-heading\" data-id=\"6a6fe28\" data-element_type=\"widget\" data-widget_type=\"heading.default\">\n\t\t\t\t<div class=\"elementor-widget-container\">\n\t\t\t\t\t<h2 class=\"elementor-heading-title elementor-size-default\">Version C<\/h2>\t\t\t\t<\/div>\n\t\t\t\t<\/div>\n\t\t\t\t<div class=\"elementor-element elementor-element-2dfdac7 zoooom elementor-widget elementor-widget-image\" data-id=\"2dfdac7\" data-element_type=\"widget\" data-widget_type=\"image.default\">\n\t\t\t\t<div class=\"elementor-widget-container\">\n\t\t\t\t\t\t\t\t\t\t\t\t\t\t\t<img decoding=\"async\" width=\"1024\" height=\"745\" src=\"https:\/\/vojnakrajina.ffzg.unizg.hr\/wp-content\/uploads\/2020\/04\/1572.-godina-Joannes-Sambucus-Illyricum-ver-3-min-1024x745.jpg\" class=\"attachment-large size-large wp-image-1932\" alt=\"Karta Hrvatske, Slavonije i Dalmacije, 1572. godina\" srcset=\"https:\/\/vojnakrajina.ffzg.unizg.hr\/wp-content\/uploads\/2020\/04\/1572.-godina-Joannes-Sambucus-Illyricum-ver-3-min-1024x745.jpg 1024w, https:\/\/vojnakrajina.ffzg.unizg.hr\/wp-content\/uploads\/2020\/04\/1572.-godina-Joannes-Sambucus-Illyricum-ver-3-min-300x218.jpg 300w, https:\/\/vojnakrajina.ffzg.unizg.hr\/wp-content\/uploads\/2020\/04\/1572.-godina-Joannes-Sambucus-Illyricum-ver-3-min-768x558.jpg 768w, https:\/\/vojnakrajina.ffzg.unizg.hr\/wp-content\/uploads\/2020\/04\/1572.-godina-Joannes-Sambucus-Illyricum-ver-3-min-1536x1117.jpg 1536w, https:\/\/vojnakrajina.ffzg.unizg.hr\/wp-content\/uploads\/2020\/04\/1572.-godina-Joannes-Sambucus-Illyricum-ver-3-min-2048x1489.jpg 2048w, https:\/\/vojnakrajina.ffzg.unizg.hr\/wp-content\/uploads\/2020\/04\/1572.-godina-Joannes-Sambucus-Illyricum-ver-3-min-scaled.jpg 2560w\" sizes=\"(max-width: 1024px) 100vw, 1024px\" \/>\t\t\t\t\t\t\t\t\t\t\t\t\t\t\t<\/div>\n\t\t\t\t<\/div>\n\t\t\t\t<div class=\"elementor-element elementor-element-f5926d6 elementor-widget elementor-widget-text-editor\" data-id=\"f5926d6\" data-element_type=\"widget\" data-widget_type=\"text-editor.default\">\n\t\t\t\t<div class=\"elementor-widget-container\">\n\t\t\t\t\t\t\t\t\t<p><strong>*move the cursor along the maps to open the Zoom window<\/strong><\/p>\t\t\t\t\t\t\t\t<\/div>\n\t\t\t\t<\/div>\n\t\t\t\t<div class=\"elementor-element elementor-element-953f929 elementor-widget elementor-widget-text-editor\" data-id=\"953f929\" data-element_type=\"widget\" data-widget_type=\"text-editor.default\">\n\t\t\t\t<div class=\"elementor-widget-container\">\n\t\t\t\t\t\t\t\t\t<strong>SOURCE:\u00a0<\/strong><a style=\"font-size: 22px; background-color: ;\" href=\"https:\/\/digitalna.nsk.hr\/pb\/?object=info&amp;id=10211\" target=\"_blank\" rel=\"noopener\">NSK<\/a>\t\t\t\t\t\t\t\t<\/div>\n\t\t\t\t<\/div>\n\t\t\t\t\t<\/div>\n\t\t<\/div>\n\t\t\t\t<div class=\"elementor-column elementor-col-25 elementor-top-column elementor-element elementor-element-c12ca14\" data-id=\"c12ca14\" data-element_type=\"column\">\n\t\t\t<div class=\"elementor-widget-wrap\">\n\t\t\t\t\t\t\t<\/div>\n\t\t<\/div>\n\t\t\t\t\t<\/div>\n\t\t<\/section>\n\t\t\t\t<\/div>","protected":false},"excerpt":{"rendered":"<p>Karta Hrvatske, Slavonije i Dalmacije, 1572. godina Autor: Joannes Sambucus Kratki opis dodati (naglasiti va\u017enost prostornog obuhvata Slavonije, Hrvatske, Dalmacije i Bosne. Izme\u0111u prve i druge verzije postoje odre\u0111ene razlike u oznakama (obuhva\u0107a li Hrvatska i Primorje ili ne)). Verzija A *prelaskom mi\u0161a preko karta otvara se &#8220;zoom&#8221; prozor s desne strane IZVOR:\u00a0Nacionalna\u00a0knji\u017enica Slovenija Verzija [&hellip;]<\/p>","protected":false},"author":1,"featured_media":0,"parent":0,"menu_order":0,"comment_status":"closed","ping_status":"closed","template":"","meta":{"_acf_changed":false,"_monsterinsights_skip_tracking":false,"_monsterinsights_sitenote_active":false,"_monsterinsights_sitenote_note":"","_monsterinsights_sitenote_category":0,"site-sidebar-layout":"no-sidebar","site-content-layout":"page-builder","ast-site-content-layout":"default","site-content-style":"default","site-sidebar-style":"default","ast-global-header-display":"","ast-banner-title-visibility":"","ast-main-header-display":"","ast-hfb-above-header-display":"","ast-hfb-below-header-display":"","ast-hfb-mobile-header-display":"","site-post-title":"disabled","ast-breadcrumbs-content":"","ast-featured-img":"disabled","footer-sml-layout":"","ast-disable-related-posts":"","theme-transparent-header-meta":"default","adv-header-id-meta":"","stick-header-meta":"","header-above-stick-meta":"","header-main-stick-meta":"","header-below-stick-meta":"","astra-migrate-meta-layouts":"default","ast-page-background-enabled":"default","ast-page-background-meta":{"desktop":{"background-color":"","background-image":"","background-repeat":"repeat","background-position":"center center","background-size":"auto","background-attachment":"scroll","background-type":"","background-media":"","overlay-type":"","overlay-color":"","overlay-opacity":"","overlay-gradient":""},"tablet":{"background-color":"","background-image":"","background-repeat":"repeat","background-position":"center center","background-size":"auto","background-attachment":"scroll","background-type":"","background-media":"","overlay-type":"","overlay-color":"","overlay-opacity":"","overlay-gradient":""},"mobile":{"background-color":"","background-image":"","background-repeat":"repeat","background-position":"center center","background-size":"auto","background-attachment":"scroll","background-type":"","background-media":"","overlay-type":"","overlay-color":"","overlay-opacity":"","overlay-gradient":""}},"ast-content-background-meta":{"desktop":{"background-color":"var(--ast-global-color-5)","background-image":"","background-repeat":"repeat","background-position":"center center","background-size":"auto","background-attachment":"scroll","background-type":"","background-media":"","overlay-type":"","overlay-color":"","overlay-opacity":"","overlay-gradient":""},"tablet":{"background-color":"var(--ast-global-color-5)","background-image":"","background-repeat":"repeat","background-position":"center center","background-size":"auto","background-attachment":"scroll","background-type":"","background-media":"","overlay-type":"","overlay-color":"","overlay-opacity":"","overlay-gradient":""},"mobile":{"background-color":"var(--ast-global-color-5)","background-image":"","background-repeat":"repeat","background-position":"center center","background-size":"auto","background-attachment":"scroll","background-type":"","background-media":"","overlay-type":"","overlay-color":"","overlay-opacity":"","overlay-gradient":""}},"footnotes":""},"class_list":["post-1923","page","type-page","status-publish","hentry"],"acf":[],"yoast_head":"<!-- This site is optimized with the Yoast SEO plugin v26.6 - https:\/\/yoast.com\/wordpress\/plugins\/seo\/ -->\n<title>Karta Hrvatske iz 1572. godine - Bulwark of Europe<\/title>\n<meta name=\"description\" content=\"Karta Hrvatske iz 1572. godine na kojoj se vidi teritorijalna rasprostranjenost pojmova Hrvatska, Slavonija, Dalmacija i Bosna.\" \/>\n<meta name=\"robots\" content=\"index, follow, max-snippet:-1, max-image-preview:large, max-video-preview:-1\" \/>\n<link rel=\"canonical\" href=\"https:\/\/vojnakrajina.ffzg.unizg.hr\/en\/karta-hrvatske-iz-1572-godine\/\" \/>\n<meta property=\"og:locale\" content=\"en_GB\" \/>\n<meta property=\"og:type\" content=\"article\" \/>\n<meta property=\"og:title\" content=\"Karta Hrvatske iz 1572. godine - Bulwark of Europe\" \/>\n<meta property=\"og:description\" content=\"Karta Hrvatske iz 1572. godine na kojoj se vidi teritorijalna rasprostranjenost pojmova Hrvatska, Slavonija, Dalmacija i Bosna.\" \/>\n<meta property=\"og:url\" content=\"https:\/\/vojnakrajina.ffzg.unizg.hr\/en\/karta-hrvatske-iz-1572-godine\/\" \/>\n<meta property=\"og:site_name\" content=\"Bulwark of Europe\" \/>\n<meta property=\"article:modified_time\" content=\"2020-06-17T12:52:18+00:00\" \/>\n<meta property=\"og:image\" content=\"https:\/\/vojnakrajina.ffzg.unizg.hr\/wp-content\/uploads\/2020\/04\/1572.-godina-Joannes-Sambucus-Illyricum-ver-1-min-1024x806.jpg\" \/>\n<meta name=\"twitter:card\" content=\"summary_large_image\" \/>\n<script type=\"application\/ld+json\" class=\"yoast-schema-graph\">{\"@context\":\"https:\/\/schema.org\",\"@graph\":[{\"@type\":\"WebPage\",\"@id\":\"https:\/\/vojnakrajina.ffzg.unizg.hr\/karta-hrvatske-iz-1572-godine\/\",\"url\":\"https:\/\/vojnakrajina.ffzg.unizg.hr\/karta-hrvatske-iz-1572-godine\/\",\"name\":\"Karta Hrvatske iz 1572. godine - Bulwark of Europe\",\"isPartOf\":{\"@id\":\"https:\/\/vojnakrajina.ffzg.unizg.hr\/#website\"},\"primaryImageOfPage\":{\"@id\":\"https:\/\/vojnakrajina.ffzg.unizg.hr\/karta-hrvatske-iz-1572-godine\/#primaryimage\"},\"image\":{\"@id\":\"https:\/\/vojnakrajina.ffzg.unizg.hr\/karta-hrvatske-iz-1572-godine\/#primaryimage\"},\"thumbnailUrl\":\"https:\/\/vojnakrajina.ffzg.unizg.hr\/wp-content\/uploads\/2020\/04\/1572.-godina-Joannes-Sambucus-Illyricum-ver-1-min-1024x806.jpg\",\"datePublished\":\"2020-04-04T15:16:17+00:00\",\"dateModified\":\"2020-06-17T12:52:18+00:00\",\"description\":\"Karta Hrvatske iz 1572. godine na kojoj se vidi teritorijalna rasprostranjenost pojmova Hrvatska, Slavonija, Dalmacija i Bosna.\",\"breadcrumb\":{\"@id\":\"https:\/\/vojnakrajina.ffzg.unizg.hr\/karta-hrvatske-iz-1572-godine\/#breadcrumb\"},\"inLanguage\":\"en-GB\",\"potentialAction\":[{\"@type\":\"ReadAction\",\"target\":[\"https:\/\/vojnakrajina.ffzg.unizg.hr\/karta-hrvatske-iz-1572-godine\/\"]}]},{\"@type\":\"ImageObject\",\"inLanguage\":\"en-GB\",\"@id\":\"https:\/\/vojnakrajina.ffzg.unizg.hr\/karta-hrvatske-iz-1572-godine\/#primaryimage\",\"url\":\"https:\/\/vojnakrajina.ffzg.unizg.hr\/wp-content\/uploads\/2020\/04\/1572.-godina-Joannes-Sambucus-Illyricum-ver-1-min-1024x806.jpg\",\"contentUrl\":\"https:\/\/vojnakrajina.ffzg.unizg.hr\/wp-content\/uploads\/2020\/04\/1572.-godina-Joannes-Sambucus-Illyricum-ver-1-min-1024x806.jpg\"},{\"@type\":\"BreadcrumbList\",\"@id\":\"https:\/\/vojnakrajina.ffzg.unizg.hr\/karta-hrvatske-iz-1572-godine\/#breadcrumb\",\"itemListElement\":[{\"@type\":\"ListItem\",\"position\":1,\"name\":\"Home\",\"item\":\"https:\/\/vojnakrajina.ffzg.unizg.hr\/\"},{\"@type\":\"ListItem\",\"position\":2,\"name\":\"Karta Hrvatske iz 1572. godine\"}]},{\"@type\":\"WebSite\",\"@id\":\"https:\/\/vojnakrajina.ffzg.unizg.hr\/#website\",\"url\":\"https:\/\/vojnakrajina.ffzg.unizg.hr\/\",\"name\":\"Bulwark of Europe - Vojna krajina u 16. stolje\u0107u\",\"description\":\"Digitizing Habsburg-Ottoman Border\",\"potentialAction\":[{\"@type\":\"SearchAction\",\"target\":{\"@type\":\"EntryPoint\",\"urlTemplate\":\"https:\/\/vojnakrajina.ffzg.unizg.hr\/?s={search_term_string}\"},\"query-input\":{\"@type\":\"PropertyValueSpecification\",\"valueRequired\":true,\"valueName\":\"search_term_string\"}}],\"inLanguage\":\"en-GB\"}]}<\/script>\n<!-- \/ Yoast SEO plugin. -->","yoast_head_json":{"title":"Karta Hrvatske iz 1572. godine - Bulwark of Europe","description":"Karta Hrvatske iz 1572. godine na kojoj se vidi teritorijalna rasprostranjenost pojmova Hrvatska, Slavonija, Dalmacija i Bosna.","robots":{"index":"index","follow":"follow","max-snippet":"max-snippet:-1","max-image-preview":"max-image-preview:large","max-video-preview":"max-video-preview:-1"},"canonical":"https:\/\/vojnakrajina.ffzg.unizg.hr\/en\/karta-hrvatske-iz-1572-godine\/","og_locale":"en_GB","og_type":"article","og_title":"Karta Hrvatske iz 1572. godine - Bulwark of Europe","og_description":"Karta Hrvatske iz 1572. godine na kojoj se vidi teritorijalna rasprostranjenost pojmova Hrvatska, Slavonija, Dalmacija i Bosna.","og_url":"https:\/\/vojnakrajina.ffzg.unizg.hr\/en\/karta-hrvatske-iz-1572-godine\/","og_site_name":"Bulwark of Europe","article_modified_time":"2020-06-17T12:52:18+00:00","og_image":[{"url":"https:\/\/vojnakrajina.ffzg.unizg.hr\/wp-content\/uploads\/2020\/04\/1572.-godina-Joannes-Sambucus-Illyricum-ver-1-min-1024x806.jpg","type":"","width":"","height":""}],"twitter_card":"summary_large_image","schema":{"@context":"https:\/\/schema.org","@graph":[{"@type":"WebPage","@id":"https:\/\/vojnakrajina.ffzg.unizg.hr\/karta-hrvatske-iz-1572-godine\/","url":"https:\/\/vojnakrajina.ffzg.unizg.hr\/karta-hrvatske-iz-1572-godine\/","name":"Karta Hrvatske iz 1572. godine - Bulwark of Europe","isPartOf":{"@id":"https:\/\/vojnakrajina.ffzg.unizg.hr\/#website"},"primaryImageOfPage":{"@id":"https:\/\/vojnakrajina.ffzg.unizg.hr\/karta-hrvatske-iz-1572-godine\/#primaryimage"},"image":{"@id":"https:\/\/vojnakrajina.ffzg.unizg.hr\/karta-hrvatske-iz-1572-godine\/#primaryimage"},"thumbnailUrl":"https:\/\/vojnakrajina.ffzg.unizg.hr\/wp-content\/uploads\/2020\/04\/1572.-godina-Joannes-Sambucus-Illyricum-ver-1-min-1024x806.jpg","datePublished":"2020-04-04T15:16:17+00:00","dateModified":"2020-06-17T12:52:18+00:00","description":"Karta Hrvatske iz 1572. godine na kojoj se vidi teritorijalna rasprostranjenost pojmova Hrvatska, Slavonija, Dalmacija i Bosna.","breadcrumb":{"@id":"https:\/\/vojnakrajina.ffzg.unizg.hr\/karta-hrvatske-iz-1572-godine\/#breadcrumb"},"inLanguage":"en-GB","potentialAction":[{"@type":"ReadAction","target":["https:\/\/vojnakrajina.ffzg.unizg.hr\/karta-hrvatske-iz-1572-godine\/"]}]},{"@type":"ImageObject","inLanguage":"en-GB","@id":"https:\/\/vojnakrajina.ffzg.unizg.hr\/karta-hrvatske-iz-1572-godine\/#primaryimage","url":"https:\/\/vojnakrajina.ffzg.unizg.hr\/wp-content\/uploads\/2020\/04\/1572.-godina-Joannes-Sambucus-Illyricum-ver-1-min-1024x806.jpg","contentUrl":"https:\/\/vojnakrajina.ffzg.unizg.hr\/wp-content\/uploads\/2020\/04\/1572.-godina-Joannes-Sambucus-Illyricum-ver-1-min-1024x806.jpg"},{"@type":"BreadcrumbList","@id":"https:\/\/vojnakrajina.ffzg.unizg.hr\/karta-hrvatske-iz-1572-godine\/#breadcrumb","itemListElement":[{"@type":"ListItem","position":1,"name":"Home","item":"https:\/\/vojnakrajina.ffzg.unizg.hr\/"},{"@type":"ListItem","position":2,"name":"Karta Hrvatske iz 1572. godine"}]},{"@type":"WebSite","@id":"https:\/\/vojnakrajina.ffzg.unizg.hr\/#website","url":"https:\/\/vojnakrajina.ffzg.unizg.hr\/","name":"Bulwark of Europe - Vojna krajina u 16. stolje\u0107u","description":"Digitizing Habsburg-Ottoman Border","potentialAction":[{"@type":"SearchAction","target":{"@type":"EntryPoint","urlTemplate":"https:\/\/vojnakrajina.ffzg.unizg.hr\/?s={search_term_string}"},"query-input":{"@type":"PropertyValueSpecification","valueRequired":true,"valueName":"search_term_string"}}],"inLanguage":"en-GB"}]}},"_links":{"self":[{"href":"https:\/\/vojnakrajina.ffzg.unizg.hr\/en\/wp-json\/wp\/v2\/pages\/1923","targetHints":{"allow":["GET"]}}],"collection":[{"href":"https:\/\/vojnakrajina.ffzg.unizg.hr\/en\/wp-json\/wp\/v2\/pages"}],"about":[{"href":"https:\/\/vojnakrajina.ffzg.unizg.hr\/en\/wp-json\/wp\/v2\/types\/page"}],"author":[{"embeddable":true,"href":"https:\/\/vojnakrajina.ffzg.unizg.hr\/en\/wp-json\/wp\/v2\/users\/1"}],"replies":[{"embeddable":true,"href":"https:\/\/vojnakrajina.ffzg.unizg.hr\/en\/wp-json\/wp\/v2\/comments?post=1923"}],"version-history":[{"count":5,"href":"https:\/\/vojnakrajina.ffzg.unizg.hr\/en\/wp-json\/wp\/v2\/pages\/1923\/revisions"}],"predecessor-version":[{"id":2440,"href":"https:\/\/vojnakrajina.ffzg.unizg.hr\/en\/wp-json\/wp\/v2\/pages\/1923\/revisions\/2440"}],"wp:attachment":[{"href":"https:\/\/vojnakrajina.ffzg.unizg.hr\/en\/wp-json\/wp\/v2\/media?parent=1923"}],"curies":[{"name":"wp","href":"https:\/\/api.w.org\/{rel}","templated":true}]}}