{"id":858,"date":"2019-07-05T14:24:15","date_gmt":"2019-07-05T14:24:15","guid":{"rendered":"https:\/\/vojnakrajina.ffzg.unizg.hr\/?page_id=858"},"modified":"2025-04-02T15:26:59","modified_gmt":"2025-04-02T13:26:59","slug":"razvoj-krajine","status":"publish","type":"page","link":"https:\/\/vojnakrajina.ffzg.unizg.hr\/en\/razvoj-krajine\/","title":{"rendered":"Razvoj krajine"},"content":{"rendered":"<div data-elementor-type=\"wp-post\" data-elementor-id=\"858\" class=\"elementor elementor-858\">\n\t\t\t\t\t\t<section class=\"elementor-section elementor-top-section elementor-element elementor-element-2e928513 elementor-section-boxed elementor-section-height-default elementor-section-height-default\" data-id=\"2e928513\" data-element_type=\"section\" data-settings=\"{&quot;background_background&quot;:&quot;classic&quot;}\">\n\t\t\t\t\t\t<div class=\"elementor-container elementor-column-gap-default\">\n\t\t\t\t\t<div class=\"elementor-column elementor-col-100 elementor-top-column elementor-element elementor-element-2fc830eb\" data-id=\"2fc830eb\" data-element_type=\"column\">\n\t\t\t<div class=\"elementor-widget-wrap elementor-element-populated\">\n\t\t\t\t\t\t<div class=\"elementor-element elementor-element-741f3e3f elementor-widget elementor-widget-heading\" data-id=\"741f3e3f\" data-element_type=\"widget\" data-widget_type=\"heading.default\">\n\t\t\t\t<div class=\"elementor-widget-container\">\n\t\t\t\t\t<h2 class=\"elementor-heading-title elementor-size-default\">The History of the Military Frontier until 1578<\/h2>\t\t\t\t<\/div>\n\t\t\t\t<\/div>\n\t\t\t\t<div class=\"elementor-element elementor-element-488a627e elementor-widget elementor-widget-heading\" data-id=\"488a627e\" data-element_type=\"widget\" data-widget_type=\"heading.default\">\n\t\t\t\t<div class=\"elementor-widget-container\">\n\t\t\t\t\t<h2 class=\"elementor-heading-title elementor-size-default\">with Special Reference to the Wider Context <\/h2>\t\t\t\t<\/div>\n\t\t\t\t<\/div>\n\t\t\t\t<div class=\"elementor-element elementor-element-756d7fe elementor-widget elementor-widget-text-editor\" data-id=\"756d7fe\" data-element_type=\"widget\" data-widget_type=\"text-editor.default\">\n\t\t\t\t<div class=\"elementor-widget-container\">\n\t\t\t\t\t\t\t\t\t<p style=\"text-align: center;\"><b>Author:<\/b> Filip \u0160imunjak<br \/>(\u00a92019.)<\/p>\t\t\t\t\t\t\t\t<\/div>\n\t\t\t\t<\/div>\n\t\t\t\t\t<\/div>\n\t\t<\/div>\n\t\t\t\t\t<\/div>\n\t\t<\/section>\n\t\t\t\t<section class=\"elementor-section elementor-top-section elementor-element elementor-element-7f3bad81 elementor-section-boxed elementor-section-height-default elementor-section-height-default\" data-id=\"7f3bad81\" data-element_type=\"section\" data-settings=\"{&quot;background_background&quot;:&quot;classic&quot;}\">\n\t\t\t\t\t\t<div class=\"elementor-container elementor-column-gap-default\">\n\t\t\t\t\t<div class=\"elementor-column elementor-col-100 elementor-top-column elementor-element elementor-element-5dff2ef7\" data-id=\"5dff2ef7\" data-element_type=\"column\">\n\t\t\t<div class=\"elementor-widget-wrap elementor-element-populated\">\n\t\t\t\t\t\t<div class=\"elementor-element elementor-element-a05e608 elementor-widget elementor-widget-text-editor\" data-id=\"a05e608\" data-element_type=\"widget\" data-widget_type=\"text-editor.default\">\n\t\t\t\t<div class=\"elementor-widget-container\">\n\t\t\t\t\t\t\t\t\t<p>U ovom eseju \u0107emo se prije svega pozabaviti razvojem Hrvatsko-slavenske vojne krajine unutar konteksta cjelokupne krajine Ugarskog Kraljevstva. Povremeno \u0107emo se, tamo gdje je to neophodno ili korisno, dotaknuti i osmanske strane, no zbog opsega rada ona \u0107e nam ipak ostati izvan fokusa.<a href=\"#_ftn1\" name=\"_ftnref1\">[1]<\/a><\/p>\n<p>Po\u010detak Vojne krajine mo\u017eemo tra\u017eiti ve\u0107 u kasnome srednjem vijeku. Ve\u0107 1352. godine Osmanlije stupaju na europsko tlo osvajanjem Galipolja odakle \u0107e ubrzo krenuti njihovo daljnje osvajanje Europe. Tada\u0161nji ugarski kralj Ludovik An\u017euvinac (1342. \u2013 1382.) nije shvatio ozbiljnost situacije i stoga nije zapo\u010deo provedbu protuosmanskih obrambenih mjera.<a href=\"#_ftn2\" name=\"_ftnref2\">[2]<\/a> Formiranje \u201eobrambenog pojasa\u201c protiv Osmanlija mo\u017eemo vidjeti tek u vrijeme Sigismunda Luksembur\u0161kog (1387. \u2013 1437.) \u0161to ne \u010dudi s obzirom na to da je i sam kod Nikopolja 1396. gotovo izgubio \u017eivot i shvatio razmjere osmanske opasnosti. Sigismund je po\u010deo preuzimati velika\u0161ke utvrde u donjem toku Dunava, ve\u0107 1397. uspostavlja <i>militia portalis<\/i>, tj. vojnu obvezu za kmetove u slu\u010daju opasnosti,<a href=\"#_ftn3\" name=\"_ftnref3\">[3]<\/a> a sve vi\u0161e nudi smje\u0161taj Srbima koji bje\u017ee pred Osmanlijama te oni postaju konjanici (husari) i vojnici na grani\u010dnom prostoru. Uz <i>militia portalis<\/i> (\u201elokalna milicija\u201c) glavninu vojske je i dalje \u010dinila tzv. banderijska vojska. Milicija i banderij nisu bili staja\u0107a vojska, ve\u0107 su se podizali prema potrebi iz \u010dega i proizlazi njihova najve\u0107a mana \u2013 iako je takav oblik vojske bio pogodan za srednjovjekovno ratovanje i za ofenzivne kampanje, u trenutku kada Osmansko Carstvo prelazi u ofenzivu, a Ugarska se brani, takav je sustav postao nepogodan. Naime, milicija i banderiji su se sporo podizali te su bili podizani tek kada bi do\u0161la vijest o opasnosti, a to je vrlo \u010desto bilo u trenutku kad je ve\u0107 osmanska vojska bila preblizu da bi se adekvatno pripremila obrana.<a href=\"#_ftn4\" name=\"_ftnref4\">[4]<\/a><\/p>\n<p>Sigismund je, potresen porazom na Nikopolju i vo\u0111en svojim ambicijama igranja ve\u0107e i va\u017enije uloge u europskoj politici, morao organizirati stabilnu obranu prema Osmanlijama. Godine 1408. osnovao je \u201eZmajev red\u201c koji \u0107e postati temelj protuosmanske lige kojoj \u0107e se priklju\u010diti srpski, vla\u0161ki, bosanski, bugarski i albanski vladari i istaknuti magnati.<a href=\"#_ftn5\" name=\"_ftnref5\">[5]<\/a> Jedan od klju\u010dnih doga\u0111aja u konsolidaciji obrane mo\u017eemo vidjeti u zaposjedanju Beograda ugovorom u Tati sa srpskim despotom Stefanom Lazarevi\u0107em iz 1426. godine.<a href=\"#_ftn6\" name=\"_ftnref6\">[6]<\/a> Razvoju obrane je svakako pomogao i <i>interregnum<\/i> u Osmanskom Carstvu izme\u0111u 1402. i 1413. godine koji je privremeno obustavio napredovanja prema Europi. Beograd je po smrti despota Lazarevi\u0107a 1427. godine pre\u0161ao u ruke Sigismunda te \u0107e od tada \u010diniti klju\u010dnu to\u010dku u obrani Ugarske. Sigismund je bio sna\u017ean vladar koji se jo\u0161 uvijek nosio s Osmanlijama \u201erame uz rame\u201c te je tako iz rata protiv Osmanskog Carstva (1414. \u2013 1419.) iza\u0161ao kao pobjednik i uspio nametnuti neke odredbe pora\u017eenoj strani. Njegove reforme rezultirale su odre\u0111enim pomacima \u2013 po\u010deo se razvijati sustav obrane u dva \u201esloja\u201c temeljen na va\u017enim utvrdama koji \u0107e u kona\u010dnici doraditi tek Matija Korvin, jer \u0107e nakon smrti Sigismunda 1437. godine na prijestolju sljede\u0107a dva desetlje\u0107a sjediti nesposobni vladari koji nisu napravili ve\u0107e pomake u obrani.<a href=\"#_ftn7\" name=\"_ftnref7\">[7]<\/a><\/p>\n<p>U vremenu izme\u0111u smrti Sigismunda i dolaska Korvina (izme\u0111u 1437. i 1458.) u ratu protiv Osmanlija najvi\u0161e se proslavio Ivan Hunyadi (tzv. Sibinjanin Janko) \u2013 sposoban i hrabar zapovjednik, vojvoda Transilvanije, koji je vodio vi\u0161e uspje\u0161nih ratova s Osmanskim Carstvom. Ipak, ovo \u201eme\u0111urazdoblje\u201c obilje\u017eio je veliki poraz kr\u0161\u0107anskih snaga kod Varne 1444. godine. Pobjede kr\u0161\u0107ana ohrabrile su papu da sazove kri\u017earski rat \u2013 na poziv su se odazvali Vladislav III., kralj Poljske (od 1434.) te Ma\u0111arske i Hrvatske (od 1440.), Ivan Hunyadi i \u0110urad Brankovi\u0107, srpski despot. Prvi pohod krenuo je 1443. godine, ali se vojska ubrzo vratila zbog zime \u2013 no, prije toga su uspjeli izvojevati nekoliko pobjeda. Istovremeno se u Albaniji di\u017ee pobuna pod Kastrioti(\u0107)em, a despot Konstantin (budu\u0107i car Bizantskog Carstva) kre\u0107e u ofenzivu s Moreje prema unutarnjoj Gr\u010dkoj i obnavlja razru\u0161eni Heksamilijski zid (sru\u0161ili Turci 1423. godine).<a href=\"#_ftn8\" name=\"_ftnref8\">[8]<\/a> Godine 1444. sklopljen je sporazum kr\u0161\u0107ana i sultana \u2013 deset godina primirja, manja ovisnost Vla\u0161ke i povratak \u0110uradu izgubljenih zemalja. Iako je sporazum bio iznimno povoljan, u kona\u010dnici je kr\u0161\u0107anska strana, vo\u0111ena arogancijom koju su stvorile pobjede te pritiskom pape, odlu\u010dila nastaviti pohod, ali je \u0110urad istupio iz saveza zadovoljan dogovorom sa sultanom. Kona\u010dno, kri\u017earska vojska se susre\u0107e sa sultanom kod Varne 10. studenog 1444. godine te biva te\u0161ko pora\u017eena, a u bitki je umro i kralj Vladislav.<a href=\"#_ftn9\" name=\"_ftnref9\">[9]<\/a> Hunyadiju je kona\u010dno zadan te\u017eak udarac 1448. godine porazom na Kosovom polju (tzv. Druga bitka na Kosovu). Osmanlije su u dva navrata, 1440. i 1456. godine, poku\u0161ali osvojiti Beograd, ali nisu uspjeli. U ovom periodu osmanska opasnost postaje ve\u0107a nego ikada prije \u2013 29. svibnja 1453. godine pao je Konstantinopol i tako je sa svjetske pozornice nestalo Isto\u010dno Rimsko Carstvo \u2013 veliki \u0161ok za Europu i najava onoga \u0161to se sprema dr\u017eavama balkanskog prostora. Tijekom druge opsade, svega tri godine nakon pada Bizanta, Beograd je te\u0161kom mukom obranjen, ali je ubrzo kuga poharala grad te je od bolesti pao i jedan od heroja obrane, Ivan Hunyadi.<\/p>\n<p>Sljede\u0107u va\u017enu etapu predstavlja vladavina Hunyadijeva sina Matije Korvina (1458. \u2013 1490.) koji je proveo opse\u017ene reforme \u2013 u njegovo se vrijeme kraljevska vlast po\u010dela u Hrvatskoj i Slavoniji osje\u0107ati puno ja\u010de nego za njegovih prethodnika.<a href=\"#_ftn10\" name=\"_ftnref10\">[10]<\/a> Korvin je, osim reforme obrane o kojima \u0107emo ne\u0161to vi\u0161e re\u0107i uskoro, proveo i uspostavu prve profesionalne vojske s nekim elementima staja\u0107e, tj. ono \u0161to se u historiografiji naziva \u201ecrna vojska\u201c kralja Korvina.<a href=\"#_ftn11\" name=\"_ftnref11\">[11]<\/a> Sredinom 1460-ih, nakon pada Bosne 1463. godine, zapo\u010dinje period od gotovo 50 godina mira izme\u0111u Ugarske i Osmanskog Carstva \u0161to je Korvin vje\u0161to iskoristio. Godine 1469. uspostavljena je prva kapetanija u Senju nakon \u0161to je on, zajedno s Oto\u010dcem i Brinjem, oduzet Frankopanima \u2013 razlog je, me\u0111u ostalim, bio i pribli\u017eavanje frankopanskog kneza Stjepana II. austrijskom vladaru i mleta\u010dkom du\u017edu te je vladar bio zabrinut zbog eventualnog \u0161irenja utjecaja susjednih sila na prostor Senja.<a href=\"#_ftn12\" name=\"_ftnref12\">[12]<\/a> Ranije su ve\u0107 osnovane Jaja\u010dka i Srebreni\u010dka banovina (banat) u svrhu obrane od novih prodora \u2013 osnovane su na prostoru sjeverne Bosne koji je Korvin osvojio u pohodima 1463\/4. godine.<a href=\"#_ftn13\" name=\"_ftnref13\">[13]<\/a> Za povijest Hrvatske i Slavonije najva\u017enija je odluka bila ujedinjenje funkcije bana Dalmacije i Hrvatske s banom Slavonije u jedinstvenu funkciju 1476. godine.<a href=\"#_ftn14\" name=\"_ftnref14\">[14]<\/a> Reformama su izme\u0111u 1464. i 1476. godine formirane dvije linije utvrda, kako navodi P\u00e1lffy: <i>Sz\u00f6r\u00e9ny, Orsova, Szentl\u00e1szl\u00f3, Beograd, Zemun, \u0160abac, Srebernik, Jajce, Knin, Skradin i Klis<\/i> (ju\u017enija linija) te <i>Lugos, Kar\u00e1nsebes, Temi\u0161var, Petrovaradin, manje utvrde Srijema, Dubica, Krupa, Biha\u0107 i Senj<\/i> (sjevernija linija).<a href=\"#_ftn15\" name=\"_ftnref15\">[15]<\/a> Sustav ipak nije bio savr\u0161en \u0161to je u svojoj analizi dokazao Ivan Jurkovi\u0107. Naime, prostor Slavonije i Srijema imao je prirodnu prepreku prema Osmanlijama, tj. rijeku Savu i Dunav te je tako, iako ravni\u010darski prostor, bio relativno siguran od upada. S druge strane prostor Hrvatskog Kraljevstva nije imao prirodne prepreke. Imao je, dodu\u0161e, brdovit i nepristupa\u010dan teren te mnogo \u0161uma, ali ta je \u201eprednost\u201c bila i mana \u2013 u vi\u0161e navrata se znalo dogoditi da Osmanlije zahvaljuju\u0107i toj \u201eprednosti\u201c upadnu potpuno neprimije\u0107eno na prostor Hrvatske (naro\u010dito u kasnijim razdobljima nakon pada Beograda).<a href=\"#_ftn16\" name=\"_ftnref16\">[16]<\/a> Korvinove reforme rezultirale su postojanjem koherentnijeg sustava kojim se moglo lak\u0161e upravljati, a isto je tako omogu\u0107eno br\u017ee podizanje vojske u slu\u010daju opasnosti. Me\u0111utim, istovremeno se zbog ograni\u010denih resursa Kraljevstva i zbog sve ve\u0107e osmanske opasnosti vojno djelovanje po\u010dinje sve vi\u0161e svoditi isklju\u010divo na defenzivnu ulogu. Korvinove su reforme imali za cilj stvoriti \u201etampon zonu\u201c na prostoru susjednih dr\u017eava kako bi se osmanskoj opasnosti suprotstavilo izvan teritorija Ugarske i Hrvatske.<a href=\"#_ftn17\" name=\"_ftnref17\">[17]<\/a><\/p>\n<p>Ve\u0107 se u vrijeme Korvina na Hrvatsku i Slavoniju gledalo kao na periferiju Zemalja krune sv. Stjepana \u2013 gubitkom Dalmacije i njenih luka te dolaskom na vlast slabe dinastije Jagelovi\u0107 takav se periferni polo\u017eaj dodatno u\u010dvrstio \u2013 Hrvatska je bila na margini Kraljevstva.<a href=\"#_ftn18\" name=\"_ftnref18\">[18]<\/a> Marginalizacija je, prema mi\u0161ljenju Borislava Grgina, bila najizra\u017eenija u vrijeme Vladislava II. i Ludovika II. Jagelovi\u0107a \u2013 njima je hrvatski prostor bio zanimljiv isklju\u010divo radi obrambene uloge. Nedostatak novca za u\u010dinkovitu obranu u kombinaciji sa slabom dinastijom doveo je do postepenog pribli\u017eavanja hrvatskog plemstva vladaru susjednog kraljevstva, tj. Ferdinandu Habsburgu.<\/p>\n<p>Godine 1482. pao je prostor Hercegovine, a ubrzo pada i ve\u0107i dio Srebrni\u010dke banovine i neki dijelovi hrvatskog teritorija. Osmanske provale na prostor Hrvatskog Kraljevstva postaju sve \u010de\u0161\u0107e, a kako se na tronu nakon Korvina ponovno nalazi niz slabih vladara plemstvo se na\u0161lo u velikoj mjeri prepu\u0161teno samo sebi u pitanju obrane.<a href=\"#_ftn19\" name=\"_ftnref19\">[19]<\/a><\/p>\n<p>Do 1520-ih godina, kada kre\u0107u nove osmanske ofenzive, pod vodstvom sultana Sulejmana, Korvinov je sustav bio zapu\u0161ten \u2013 utvrde su bile u lo\u0161em stanju, a sustav reagiranja vojske je u potpunosti zamro. Jurkovi\u0107 razdoblje izme\u0111u 1513. i 1529. godine naziva fazom \u201esloma Korvinova sustava\u201c kao rezultat pada niza va\u017enih utvrda toga sustava \u2013 \u0160apac i Beograd (1521.), Knin (1522.) i Jajce (1528.).<a href=\"#_ftn20\" name=\"_ftnref20\">[20]<\/a> Tijekom vladavina dinastije Jagelovi\u0107 zemlja je ekonomski, socijalno i politi\u010dki uni\u0161tena.<a href=\"#_ftn21\" name=\"_ftnref21\">[21]<\/a> Padom Beograda otvoren je put prema unutra\u0161njosti Ugarske te ubrzo padaju utvrde oko donjeg Dunava, ali i Knin te jo\u0161 neke utvrde \u0161to rezultira brzim uru\u0161avanjem \u201eju\u017ene linije\u201c. Vapaji Berdinanda Frankopana na saboru u N\u00fcrnbergu (1522. godine) na kojem je upozoravao njema\u010dke stale\u017ee <i>i o Tebi se radi kad susjedova ku\u0107a gori<\/i> nisu urodili plodom \u2013 do kraja 1520-ih godina Osmanlije \u0107e osvojiti gotovo cijeli prostor \u017eupanija ju\u017ene Ugarske uz Dunav i Savu te gotovo cijeli prostor srednjovjekovnog Hrvatskog Kraljevstva.<a href=\"#_ftn22\" name=\"_ftnref22\">[22]<\/a> U ovo vrijeme, \u0161to je posebno va\u017eno za na\u0161 prostor, hrvatske stale\u017ee u borbi protiv Osmanlija po\u010dinje sve vi\u0161e pomagati Ferdinand Habsbur\u0161ki slanjem nov\u010dane pomo\u0107i i vojske, uz pristanak kralja Ludovika (naime, u me\u0111uvremenu su sklopljeni brakovi izme\u0111u dinastija, a Ferdinand je 1521. godine o\u017eenio kraljevu k\u0107er Anu Jagelovi\u0107). Na taj je na\u010din Ferdinand jo\u0161 aktivnije zakora\u010dio na prostor Hrvatske \u2013 pomo\u0107 naravno nije bila potaknuta vladarevim altruizmom ve\u0107 pragmati\u010dno\u0161\u0107u. Naime, Ferdinand je po\u010deo graditi na prostoru Hrvatske i Slavonije sli\u010dan sustav kakav je i Korvin poku\u0161ao ranije na prostoru balkanskih dr\u017eavica \u2013 po\u010deo je graditi \u201etampon zonu\u201c ispred svojih posjeda u Austriji.<a href=\"#_ftn23\" name=\"_ftnref23\">[23]<\/a> Istovremeno se s uru\u0161avanjem Hrvatskog Kraljevstva javlja i nova \u201e(polu)profesionalna vojska\u201c, tj. uskoci, kojoj se u toj fazi uglavnom priklju\u010duju pripadnici prognanog plemstva \u2013 uskoci su s prostora Senja i Klisa imali zadatak braniti pozadinu od provala Osmanlija, ali isto tako i vr\u0161iti prodore na osmanski prostor.<a href=\"#_ftn24\" name=\"_ftnref24\">[24]<\/a> Mo\u017eemo re\u0107i da je ve\u0107 1520-ih godina po\u010delo formiranje \u201eVojne krajine\u201c u kasnijem zna\u010denju tog naziva \u2013 Ferdinandove profesionalne trupe preuzimaju sve vi\u0161e utvrda, javljaju se usko\u010dke postrojbe, a i financiranje obrane hrvatsko-slavonskog prostora sve vi\u0161e ovisi o novcu koji dolazi \u201eizvana\u201c.<\/p>\n<p>Kralj Ludovik II. Jagelovi\u0107 poku\u0161ao je poraziti Osmanlije u odlu\u010duju\u0107oj bitki kod Moha\u010da 29. kolovoza 1526. godine, ali u tome nije uspio te i sam pogiba. Uz problem s Osmanlijama do\u0161lo je i do i do gra\u0111anskog rata izme\u0111u Ferdinanda Habsbur\u0161kog i Ivana Zapolje. Na kratko \u0107emo samo skrenuti s teme razvoja krajine na pitanje gra\u0111anskog rata jer \u0107e on biti va\u017ean faktor za razumijevanje situacije u narednim desetlje\u0107ima. Ivan Zapolja izabran je za kralja na saboru u Sz\u00e9kesfeh\u00e9rv\u00e1riju 11. studenog 1526. godine, ali pravna osnova njegove krunidbe nije bila, kako to \u010desto navode povjesni\u010dari, odluka Ugarskog sabora iz 1505. godine da strani vladar ne mo\u017ee biti izabran za kralja.<a href=\"#_ftn25\" name=\"_ftnref25\">[25]<\/a> Odluka je bila va\u017eno propagandno oru\u0111e za njegov izbor, ali legalnost njegove krunidbe proizlazi iz odluke sabora te pra\u0107enja tri tradicije krunidbe: krunjen je u Sz\u00e9kesfeh\u00e9rv\u00e1riju, krunjen je krunom sv. Stjepana i krunio ga je vode\u0107i prelat Ugarske.<\/p>\n<p>Sli\u010dna situacija je i s Ferdinandom Habsbur\u0161kim koji se pozivao na niz ugovora o nasljedstvu izme\u0111u Habsburgovaca i Matija\u0161a Korvina (1463), odnosno Habsburgovaca i Jagelovi\u0107a (1491. i 1506) te na svoj brak s Anom Jagelovi\u0107 (iz 1515. godine) \u2013 sve to poslu\u017eilo je za propagandu i dobivanje potpore, ali nije bila osnova za nasljedstvo.<a href=\"#_ftn26\" name=\"_ftnref26\">[26]<\/a> Temelj njegove krunidbe bio je slobodni izbor ugarskih stale\u017ea u Po\u017eunu 16. prosinca 1526. godine. Valja napomenuti da je Ferdinand dobio potporu vode\u0107ih magnata Ugarskog Kraljevstva, dok je Zapolja na saboru u Sz\u00e9kesfeh\u00e9rv\u00e1riju uglavnom dobio potporu ni\u017eeg plemstva. Hrvatska i Slavonija su se tako\u0111er na\u0161le podijeljene u ovom sukobu \u2013 na saboru u Cetingradu (1. sije\u010dnja 1527.) hrvatski su stale\u017ei izabrali Ferdinanda za svog kralja, ponajvi\u0161e zbog pomo\u0107i koju im je do tada pru\u017eao u ratu (iako se u tzv. Cetingradskoj ispravi pozivaju na ranije spomenute ugovore). Slavonski su stale\u017ei u Dubravi kod \u010cazme (6. \u2013 8. sije\u010dnja 1527.) priznali izbor Zapolje za kralja, pri \u010demu su klju\u010dnu ulogu imali ban Krsto Frankopan i zagreba\u010dki biskup \u0160imun Erd\u0151dy.<a href=\"#_ftn27\" name=\"_ftnref27\">[27]<\/a><\/p>\n<p>Zapolja je ubrzo pora\u017een u bitki kod Tokaja 27. rujna 1526. godine nakon koje bje\u017ei u Transilvaniju. Ferdinand je napredovao te je kona\u010dno okrunjen za kralja 3. studenog 1527. godine sa sva tri segmenta kao i Zapolja: u Sz\u00e9kesfeh\u00e9rv\u00e1riju, s krunom sv. Stjepana i krunio ga je vode\u0107i prelat Ugarske, s dodatkom da je Ferdinanda zajedno s biskupom okrunio i palatin \u010dime je htio poslati poruku da je njegov legitimitet ja\u010di.<a href=\"#_ftn28\" name=\"_ftnref28\">[28]<\/a> Iste je godine poginuo i Krsto Frankopan \u010dime je potpora Zapolji u Slavoniji opasno naru\u0161ena \u2013 bez mnogo potpore i \u201estjeran u kut\u201c kraljevstva Zapolja se 1528. godine okrenuo za pomo\u0107 sultanu, a ta \u0107e ga odluka ve\u0107 kroz nekoliko godina pretvoriti u <i>de facto<\/i> vazala Osmanskog Carstva.<\/p>\n<p>Ferdinand se na\u0161ao u te\u0161kom polo\u017eaju \u2013 morao je organizirati grani\u010dno podru\u010dje prema Osmanlijama, a nije imao \u201epredaha\u201c od ratovanja da to provede. Ve\u0107 1529. godine Be\u010d se na\u0161ao pod prvom opsadom. Novi poku\u0161aj uslijedio je 1532. godine, ali je hrabar otpor Nikole Juri\u0161i\u0107a kod Kisega uspio zadr\u017eati Osmanlije dovoljno dugo da im zbog vremena pohod na Be\u010d postane neisplativ.<a href=\"#_ftn29\" name=\"_ftnref29\">[29]<\/a> Ubrzo je 1533. godine potpisano primirje \u2013 Osmanlije su odlu\u010dili krenuti u pohod na Perziju (1534. \u2013 1535.), a va\u017enu je ulogu imalo i otvaranje tzv. \u201emediteranskog fronta\u201c Ferdinandovog brata, cara Karla V., naspram Osmanlija.<a href=\"#_ftn30\" name=\"_ftnref30\">[30]<\/a><\/p>\n<p>Istovremeno financiranje hrvatske i slavonske granice sve vi\u0161e preuzimaju Koru\u0161ka, Kranjska i \u0160tajerska. Pomo\u0107, iako ju kao takvu doma\u0107i ljudi \u010desto nisu percipirali, \u0161alje i Ferdinand u vidu habsbur\u0161kih \u0161panjolskih\/njema\u010dkih trupa.<a href=\"#_ftn31\" name=\"_ftnref31\">[31]<\/a> Njihov dolazak potaknuo je i probleme u vidu nadle\u017enosti \u2013 1486. godine palatin je definiran kao vrhovni zapovjednik \u201ezemlje i njezinih stanovnika\u201c, no habsbur\u0161ke trupe nisu bile stanovnici zemlje te su nastali problemi po pitanju tko je kome nadle\u017ean.<a href=\"#_ftn32\" name=\"_ftnref32\">[32]<\/a> Do sporazuma u Velikom Varadinu 1538. godine Habsburgovci su ipak uspjeli napraviti neke korake prema stabilizaciji granice. Jo\u0161 od Moha\u010dke bitke glavnu rije\u010d vodili su Ferdinandovi zapovjednici, \u0161to je dodatno olak\u0161ano \u010dinjenicom da na ugarskom prostoru od 1530. godine niti nema palatina ve\u0107 umjesto njega postoji <i>locumtenens regni<\/i> <i>Hungariae<\/i> koji nema vojne ovlasti, ali igra va\u017enu ulogu u savjetovanju oko vo\u0111enja operacija. Ve\u0107ina odluka donosi se unutar \u201eratnog vije\u0107a\u201c koje \u010dine glavni zapovjednik i njegovi pomaga\u010di (<i>Feldmarschall<\/i>), a u Be\u010du klju\u010dnu ulogu igra ratni kabinet (<i>Kriegssekret\u00e4r<\/i>) \u2013 ovakav sustav ipak je bio nedovoljno centraliziran i funkcionalan.<a href=\"#_ftn33\" name=\"_ftnref33\">[33]<\/a><\/p>\n<p>Sli\u010dna situacija doga\u0111a se i na prostoru Hrvatske i Slavonije gdje ban sve vi\u0161e gubi svoje vojne ovlasti i stvara se zasebni \u201ekraji\u0161ki\u201c zapovjedni sustav koji je bio potpuno neovisan o banu i Saboru. Na \u201esre\u0107u\u201c za hrvatski prostor vremenom se glavni smjer osmanskih napada prebacuje na Panonsku nizinu te ju\u017eni dijelovi granice postaju \u201esekundarni\u201c front na kojem se uglavnom bori protiv bosanskih trupa. Od sredine 16. st. niti jedna velika osmanska ofenziva predvo\u0111ena sultanom ili velikim vezirom ne\u0107e i\u0107i ovim prostorom. Godine 1528. ban Petar Keglevi\u0107 prepustio je Biha\u0107 kralju \u010dime je formirana druga kapetanija nakon one u Senju \u2013 tzv. Biha\u0107ka kapetanija.<a href=\"#_ftn34\" name=\"_ftnref34\">[34]<\/a> Prvim kapetanom imenovan je Erazmo von Thurn. U ovom periodu po\u010dinje i ve\u0107e naseljavanje tzv. \u201eVlaha\u201c i \u201euskoka\u201c koji \u0107e biti va\u017ean faktor u obrani, ali tek od kraja 16. i po\u010detka 17. stolje\u0107a.<a href=\"#_ftn35\" name=\"_ftnref35\">[35]<\/a><\/p>\n<p>Va\u017ean doga\u0111aj 1538. godine predstavljaju pad Dubice i Jasenovca na slavonskom prostoru<a href=\"#_ftn36\" name=\"_ftnref36\">[36]<\/a> te pad Vrane na dalmatinskom prostoru \u2013 padom ovog va\u017enog upori\u0161ta Venecija je dodatno potisnuta prema obali, a Zadar se na\u0161ao bez prepreke izme\u0111u grada i Osmanlija. Kada 1540. godine umire Ivan Zapolja, Ferdinand kre\u0107e u realizaciju sporazuma u Velikom Varadinu, tj. preuzimanje utvrda kako bi postao jedini vladar. Uspje\u0161no je vra\u0107ena Pe\u0161ta, Sz\u00e9kesfeh\u00e9rv\u00e1r i jo\u0161 neka mjesta, na \u0161to je sultan vrlo brzo odgovorio jer mu se nije svidio takav pomak u odnosu snaga. Ve\u0107 1541. godine pala je Buda i uspostavljen je budimski pa\u0161aluk. Ipak, Sulejman nije htio potpuno preuzeti sve dijelove te je stoga podr\u017eao Ivana Sigismunda Zapolju (tada tek dijete od godinu dana), sina Ivana Zapolje, za kralja Ugarske \u2013 izbor koji nikada nisu prihvatili ugarski, hrvatski, ali niti slavonski stale\u017ei.<a href=\"#_ftn37\" name=\"_ftnref37\">[37]<\/a> Zemlje Krune sv. Stjepana postale su o\u010dito podijeljene na tri dijela \u2013 ostatke Ugarskog Kraljevstva, prostor osmanske okupacije i prostor Transilvanije u vazalnom odnosu prema Osmanlijama. Gotovo 40% srednjovjekovnog Ugarskog Kraljevstva bilo je sada pod Osmanlijama, a jo\u0161 oko 20% pod Transilvanijom.<a href=\"#_ftn38\" name=\"_ftnref38\">[38]<\/a><\/p>\n<p>U narednim godinama Sulejman je osvojio Sz\u00e9kesfeh\u00e9rv\u00e1r, Siklos, P\u00e9cs, Esztergom itd. \u010dime je stvorena \u010dvrsta linija utvrda oko Bude. Padom Esztergoma 1543. godine Be\u010d je postao bli\u017ei jednoj velikoj osmanskoj utvrdi nego \u0161to je Ljubljana (sredi\u0161te Kranjske) bila Jajcu.<a href=\"#_ftn39\" name=\"_ftnref39\">[39]<\/a> Napredovanja su uslijedila i na prostoru Slavonije gdje pada Jasenovac, a ubrzo 1544. godine i prostor Moslavine.<a href=\"#_ftn40\" name=\"_ftnref40\">[40]<\/a><\/p>\n<p>Be\u010d je kona\u010dno shvatio da nema vremena za \u010dekanje i po\u010dela se organizirati ozbiljnija grani\u010dna obrambena regija, a za \u0161to su u Hrvatskoj i Slavoniji ve\u0107 od ranije postojali dobri temelji. Cijelo Kraljevstvo Ugarske po\u010delo je sve vi\u0161e ovisiti o novcu \u201eiz zale\u0111a\u201c, tj. iz tzv. Svetog Rimskog Carstva te ostalih habsbur\u0161kih posjeda. Ne treba krivo zaklju\u010diti da je Ugarska tada bila siroma\u0161na zemlja \u2013 naime, Ugarska je u drugoj polovici 16. stolje\u0107a ostvarivala ve\u0107e prihode od Zemalja Krune sv. Vaclava (oko 700 000 forinti) i otprilike jednako kao i Austrijske Nasljedne Zemlje (800\/900 000 naspram izme\u0111u 750\/800 000 u Ugarskoj).<a href=\"#_ftn41\" name=\"_ftnref41\">[41]<\/a> Ugarska je tako\u0111er bila najve\u0107i svjetski izvoznik mesa i sukladno tome jedan od najve\u0107ih uzgajatelja stoke, a imala je i velike izvore va\u017enih metala, poglavito srebra.<a href=\"#_ftn42\" name=\"_ftnref42\">[42]<\/a> Me\u0111utim, tro\u0161kovi odr\u017eavanja granice i vojnih posada su postali toliko veliki da je bilo nemogu\u0107e funkcionirati bez pomo\u0107i izvana.<a href=\"#_ftn43\" name=\"_ftnref43\">[43]<\/a><\/p>\n<p>Va\u017enu ulogu u formiranju novog sustava imali su Niklas Graf zu Salm (vrhovni zapovjednik cijele habsbur\u0161ke vojske) i Pal Varday (<i>locumtenens <\/i>i vrhovni prelat kraljevstva). Ve\u0107ina utvrda bila je jo\u0161 u vlasni\u0161tvu plemi\u0107a te se pristupilo njihovom potpunom preuzimanju (npr. Siget, Eger, Gyula) ili stavljanju dijela carske vojske u utvrde (npr. Papa), a ponegdje su podignute i nove utvrde.<a href=\"#_ftn44\" name=\"_ftnref44\">[44]<\/a> Utvrde koje su smatrane slabima su poru\u0161ene, ali su isto tako mnoge i dodatno fortificirane \u2013 uglavnom je rije\u010d tek o manjim zahvatima (podizanje palisada i sl.), ali pojedine klju\u010dne utvrde su utvr\u0111ivali talijanski arhitekti (Komarom, Gyor, Eger, Kessa, Szolnok\u2026). Tako\u0111er se razvija i sustav obavje\u0161tavanja o dolasku osmanske vojske putem pucnjeva i vatre (<i>Kreidschuss und Kreidfeuersystem<\/i>), a sustav se implementira i na Hrvatsko-slavonskoj krajini od 1538. godine.<a href=\"#_ftn45\" name=\"_ftnref45\">[45]<\/a> Okosnicu obrane nosile su velike (glavne) utvrde oko kojih se nalazilo nekoliko manjih (pomo\u0107nih) utvrda. Iako su zahvati davali rezultata ipak je jo\u0161 uvijek nedostajalo centralizirano tijelo koje bi rukovodilo cijelim sustavom.<\/p>\n<p>Kada je 1551. godine po\u010dela realizacija tajnog sporazuma izme\u0111u Ferdinanda i Ivana Sigismunda o predaji Transilvanije u zamjenu za 100 000 forinti i neke druge posjede u \u0160leskoj do\u0161lo je do brze Sulejmanove reakcije.<a href=\"#_ftn46\" name=\"_ftnref46\">[46]<\/a> U novom velikom naletu osmanske vojske 1552. godine padaju Temi\u0161var, Veszprem, Palota i Szolnak, a na slavonskom prostoru Virovitica i \u010cazma.<\/p>\n<p>Tih 1550-ih godina se sve vi\u0161e vidi trend imenovanja pojedinaca kao zapovjednika ve\u0107ih regija, a vremenom \u0107e se kristalizirati \u0161est kraji\u0161kih cjelina:<\/p>\n<ol>\n<li><b>Croatian Frontier<\/b><\/li>\n<li><b>Slavonian Frontier<\/b><\/li>\n<li><b>Kani\u0161ka krajina (Ugarska krajina izme\u0111u Drave i Balatona)<\/b><\/li>\n<li><b>Gyorska krajina (Ugarska krajina izme\u0111u Balatona i Dunava)<\/b><\/li>\n<li><b>Krajina rudarskih gradova<\/b><\/li>\n<li><b>Gornjougarska krajina<\/b><a href=\"#_ftn47\" name=\"_ftnref47\">[47]<\/a><\/li>\n<\/ol>\n<p>Godine 1554. kona\u010dno je imenovan novi palatin (nakon pauze od 24 godine) \u2013 Tomas Nadasdy. Uz to Nadasdy je zapovijedao i utvrdama oko Sigeta, ju\u017eno od Balatona. Ovdje valja ukratko istaknuti da su ugarski i hrvatsko-slavonski plemi\u0107i uvelike sudjelovali u obrani krajine, a gotovo da nije bilo plemi\u0107a koji nije na ovaj ili onaj na\u010din sudjelovao u ratnim sukobima na granici.<a href=\"#_ftn48\" name=\"_ftnref48\">[48]<\/a> Pojedine obitelji su \u010dak i postale slavne zbog svojih podviga i vi\u0161e generacije je vr\u0161ilo visoke funkcije na krajini \u2013 za na\u0161 prostor to su primjerice Zrinski, Dra\u0161kovi\u0107i i Erdodyji. Stoga moramo odbaciti tvrdnje nekih ranijih povjesni\u010dara da je Ugarska postala \u010disti \u201esatelit\u201c Habsburgovaca \u2013 u funkcioniranju krajine veliku su ulogu imali lokalni plemi\u0107i, a nije slu\u010dajnost ni da je Kraljevstvo Ugarske bilo druga po redu titula u naslovima Habsbur\u0161kih vladara.<a href=\"#_ftn49\" name=\"_ftnref49\">[49]<\/a> Postojala je i odre\u0111ena vertikalna fluidnost te su se pojedinci mogli istaknuti kroz uspje\u0161nu karijeru i dosegnuti visoke funkcije \u2013 kao dobar primjer mo\u017eemo uzeti Nikolu Juri\u0161i\u0107a, \u010dovjeka za kojeg nismo sigurni niti odakle je rodom. Ro\u0111en u Senju oko 1490. godine (\u010dak niti godinu ne znamo), po\u010deo je svoj uspon s dna te se brzo istaknuo i napredovao \u2013 sve do zapovjednika kranjske vojske, pa do Ferdinandovog poslanika u Carigrad 1530. godine, a ubrzo nakon uspje\u0161ne obrane Kisega 1532. godine dobio je od Ferdinanda i barunski naslov.<a href=\"#_ftn50\" name=\"_ftnref50\">[50]<\/a><\/p>\n<p>Sredinom stolje\u0107a postaje jasno da sustav ne mo\u017ee funkcionirati bez sna\u017enije centralizacije te je kona\u010dno 1556. godine osnovano Be\u010dko ratno vije\u0107e \u2013 ista godine kada padaju va\u017ene utvrde Kostajnica i Novi. Rije\u010d je o tijelu stru\u010dnjaka koji su se redovito sastajali i koje donosi odluke u ime vladara pa su ih u vojnim pitanjima morali slu\u0161ati ban i palatin.<a href=\"#_ftn51\" name=\"_ftnref51\">[51]<\/a> Bilo je to prvo takvo tijelo u Europi, a unutar njega su djelovali razni stru\u010dnjaci \u2013 za arsenal, za gradnju utvrda, za opskrbu hranom, za pla\u0107u vojnika itd., a i\u0161lo se toliko u organizaciju da je ve\u0107 1557. utemeljen poseban ured za gradnju pontonskih mostova preko rijeka, a od 1569. godine i nadle\u017eni ured za gradnju utvrda.<a href=\"#_ftn52\" name=\"_ftnref52\">[52]<\/a> Ve\u0107 se od ranije vode popisi vojske na krajini, a tijelo vodi i diplomaciju prema Osmanlijama. Sve to, uz stvari kao uspostavu velikih arsenala (Be\u010d, Graz, Ljubljana, Innsbruck\u2026), gradnju utvrda po najnovijim standardima (Gyor, Szatmar, Karlovac\u2026), sve ve\u0107u upotrebu vatrenog oru\u017eja, kako topova, tako i pu\u0161aka te pove\u0107anje broja vojnika u Ugarskom Kraljevstvu argumenti su za tvrdnju da se ve\u0107 od sredine 16. stolje\u0107a u kraljevstvu vide naznake \u201evojne revolucije\u201c koja \u0107e svoj vrhunac dosegnuti u drugoj polovici 17. st.<a href=\"#_ftn53\" name=\"_ftnref53\">[53]<\/a><\/p>\t\t\t\t\t\t\t\t<\/div>\n\t\t\t\t<\/div>\n\t\t\t\t<section class=\"elementor-section elementor-inner-section elementor-element elementor-element-bead407 elementor-section-boxed elementor-section-height-default elementor-section-height-default\" data-id=\"bead407\" data-element_type=\"section\">\n\t\t\t\t\t\t<div class=\"elementor-container elementor-column-gap-default\">\n\t\t\t\t\t<div class=\"elementor-column elementor-col-50 elementor-inner-column elementor-element elementor-element-efe8f3d\" data-id=\"efe8f3d\" data-element_type=\"column\">\n\t\t\t<div class=\"elementor-widget-wrap elementor-element-populated\">\n\t\t\t\t\t\t<div class=\"elementor-element elementor-element-7bdd326 elementor-widget elementor-widget-image\" data-id=\"7bdd326\" data-element_type=\"widget\" data-widget_type=\"image.default\">\n\t\t\t\t<div class=\"elementor-widget-container\">\n\t\t\t\t\t\t\t\t\t\t\t\t\t\t\t\t<a href=\"https:\/\/vojnakrajina.ffzg.unizg.hr\/wp-content\/uploads\/2020\/01\/Karta-krajina-\u2013-kopija.jpg\" data-elementor-open-lightbox=\"yes\" data-elementor-lightbox-title=\"Vojna krajina\" data-e-action-hash=\"#elementor-action%3Aaction%3Dlightbox%26settings%3DeyJpZCI6MTU3NiwidXJsIjoiaHR0cHM6XC9cL3Zvam5ha3JhamluYS5mZnpnLnVuaXpnLmhyXC93cC1jb250ZW50XC91cGxvYWRzXC8yMDIwXC8wMVwvS2FydGEta3JhamluYS1cdTIwMTMta29waWphLmpwZyJ9\">\n\t\t\t\t\t\t\t<img decoding=\"async\" src=\"https:\/\/vojnakrajina.ffzg.unizg.hr\/wp-content\/uploads\/elementor\/thumbs\/Karta-krajina-\u2013-kopija-okcqxebf6pc1a0z2wp24n45h5ne71kngo9uygc9k7c.jpg\" title=\"Military Frontier\" alt=\"Vojna krajina\" loading=\"lazy\" \/>\t\t\t\t\t\t\t\t<\/a>\n\t\t\t\t\t\t\t\t\t\t\t\t\t\t\t<\/div>\n\t\t\t\t<\/div>\n\t\t\t\t<div class=\"elementor-element elementor-element-1c66d39 elementor-widget elementor-widget-text-editor\" data-id=\"1c66d39\" data-element_type=\"widget\" data-widget_type=\"text-editor.default\">\n\t\t\t\t<div class=\"elementor-widget-container\">\n\t\t\t\t\t\t\t\t\t<p><b>Odsjeci Vojne krajine od Transilvanije do Jadrana<\/b>\u00a0<br \/><span style=\"font-size: 16px;\">(\u0160tefanec 2011, 496).<\/span><\/p>\t\t\t\t\t\t\t\t<\/div>\n\t\t\t\t<\/div>\n\t\t\t\t\t<\/div>\n\t\t<\/div>\n\t\t\t\t<div class=\"elementor-column elementor-col-50 elementor-inner-column elementor-element elementor-element-d094790\" data-id=\"d094790\" data-element_type=\"column\">\n\t\t\t<div class=\"elementor-widget-wrap elementor-element-populated\">\n\t\t\t\t\t\t<div class=\"elementor-element elementor-element-ae3365a elementor-widget elementor-widget-image\" data-id=\"ae3365a\" data-element_type=\"widget\" data-widget_type=\"image.default\">\n\t\t\t\t<div class=\"elementor-widget-container\">\n\t\t\t\t\t\t\t\t\t\t\t\t\t\t\t\t<a href=\"https:\/\/vojnakrajina.ffzg.unizg.hr\/wp-content\/uploads\/2020\/01\/1556-ver-2-BEZ-GRIDA-scaled.jpg\" data-elementor-open-lightbox=\"yes\" data-elementor-lightbox-title=\"Krajina (1556)\" data-e-action-hash=\"#elementor-action%3Aaction%3Dlightbox%26settings%3DeyJpZCI6MTU3NywidXJsIjoiaHR0cHM6XC9cL3Zvam5ha3JhamluYS5mZnpnLnVuaXpnLmhyXC93cC1jb250ZW50XC91cGxvYWRzXC8yMDIwXC8wMVwvMTU1Ni12ZXItMi1CRVotR1JJREEtc2NhbGVkLmpwZyJ9\">\n\t\t\t\t\t\t\t<img decoding=\"async\" src=\"https:\/\/vojnakrajina.ffzg.unizg.hr\/wp-content\/uploads\/elementor\/thumbs\/1556-ver-2-BEZ-GRIDA-scaled-okcqz91ynxve6ca52zwn25b7c099830elg6fizilxk.jpg\" title=\"Krajina (1556)\" alt=\"Krajina (1556)\" loading=\"lazy\" \/>\t\t\t\t\t\t\t\t<\/a>\n\t\t\t\t\t\t\t\t\t\t\t\t\t\t\t<\/div>\n\t\t\t\t<\/div>\n\t\t\t\t<div class=\"elementor-element elementor-element-8d8ae18 elementor-widget elementor-widget-text-editor\" data-id=\"8d8ae18\" data-element_type=\"widget\" data-widget_type=\"text-editor.default\">\n\t\t\t\t<div class=\"elementor-widget-container\">\n\t\t\t\t\t\t\t\t\t<p><b>Slavonska vojna krajina 1556. godine<\/b><br \/><span style=\"font-size: 16px;\">(izradio Filip \u0160imunjak).<\/span><\/p>\t\t\t\t\t\t\t\t<\/div>\n\t\t\t\t<\/div>\n\t\t\t\t\t<\/div>\n\t\t<\/div>\n\t\t\t\t\t<\/div>\n\t\t<\/section>\n\t\t\t\t<div class=\"elementor-element elementor-element-eeccd56 elementor-widget elementor-widget-text-editor\" data-id=\"eeccd56\" data-element_type=\"widget\" data-widget_type=\"text-editor.default\">\n\t\t\t\t<div class=\"elementor-widget-container\">\n\t\t\t\t\t\t\t\t\t<p>Na na\u0161em prostoru va\u017ean je doga\u0111aj odluka kralja Ferdinanda u suradnji sa stale\u017eima Unutarnje Austrije da se na Hrvatsko-slavonskoj krajini uzdr\u017eava stalna pla\u0107eni\u010dka vojska pod zapovjedni\u0161tvom jednog zapovjednika \u2013 na tu je du\u017enost imenovan Ivan Lenkovi\u0107 koji je tako\u0111er bio i zapovjednik Hrvatsko-slavonske vojne krajine. U njegovo vrijeme, 1558. godine, podignut \u0107e se utvrda Nehaj iznad Senja kao va\u017ena to\u010dka obrane.<a href=\"#_ftn54\" name=\"_ftnref54\">[54]<\/a> Na krajini su kao pomo\u0107 glavnom zapovjedniku djelovali ratni savjetnik stale\u017ea Unutarnje Austrije, <i>Mustermeister<\/i> (zadu\u017een za popise), <i>Knegszahlmeister <\/i>(ratni blagajnik), <i>Proviantmeister <\/i>(zadu\u017een za opskrbu) te, posebno samo za Hrvatsku krajinu, <i>Leutnant <\/i>koji je imao zadatak pomagati glavnom zapovjedniku krajine.<a href=\"#_ftn55\" name=\"_ftnref55\">[55]<\/a><\/p>\n<p>Gledaju\u0107i ustroj va\u017ena je 1569. godina jer tada dolazi do podjele jedinstvene Hrvatsko-slavonske krajine na dvije odvojene cjeline \u2013 na Hrvatskoj krajini zapovjednik postaje Herbart Auersperg, a na Slavonskoj krajini Vid Halek.<a href=\"#_ftn56\" name=\"_ftnref56\">[56]<\/a><\/p>\n<p>Zagreba\u010dki kaptol je 1544. godine podigao utvrdu Sisak koja \u0107e postati jedna od najva\u017enijih to\u010daka obrane i popri\u0161te slavne bitke nekoliko desetlje\u0107a kasnije.<a href=\"#_ftn57\" name=\"_ftnref57\">[57]<\/a> Nova sisa\u010dka utvrda djelovala je kao klju\u010dna karika u povezivanju \u201elanca\u201c Slavonske krajine (Koprivnica-Kri\u017eevci-Ivani\u0107) s \u201elancem\u201c obrane na Hrvatskoj krajini.<a href=\"#_ftn58\" name=\"_ftnref58\">[58]<\/a> Kruhek zaklju\u010duje kako je sisa\u010dka utvrda, prije izgradnje Karlovca, bila jedina fortifikacijska struktura gra\u0111ena prikladno za tada\u0161nje na\u010dine i potrebe ratovanja.<\/p>\n<p>Nikola IV. Zrinski, nakon \u0161to je napustio funkciju bana, postaje kapetan Sigeta te od 1563. godine zapovjednik utvrda ju\u017eno od Balatona. U Sigetu \u0107e Zrinski do\u010dekati i veliku, sedmu i posljednju ofenzivu sultana Sulejmana prema Ugarskoj. Ostarjeli i bolesni sultan odlu\u010dio je po posljednji put probati osvojiti Be\u010d, ali mu je na put stao Siget. Opsada je trajala vi\u0161e od mjesec dana, a vodila se za svaki od tri segmenata utvrde.<a href=\"#_ftn59\" name=\"_ftnref59\">[59]<\/a> U kona\u010dnici je Zrinski poginuo u juna\u010dkom juri\u0161u, a bitku je pre\u017eivjelo svega sedam branitelja.<a href=\"#_ftn60\" name=\"_ftnref60\">[60]<\/a> Sultan Sulejman umro je od bolesti prije zavr\u0161etka bitke. Istovremeno je pala i Gyula, jo\u0161 jedno va\u017eno sredi\u0161te obrane. Dvije godine kasnije potpisan je mir na osam godina, ali do ve\u0107ih napada ne\u0107e do\u0107i sve do 1591. godine.<a href=\"#_ftn61\" name=\"_ftnref61\">[61]<\/a> Me\u0111utim, manji sukobi su se i dalje nastavili na pograni\u010dnim prostorima, a dolazilo je i do zauzimanje nekih manjih utvrda \u2013 ovakav na\u010din ratovanja se u historiografiji naziva \u201emali rat\u201c.<a href=\"#_ftn62\" name=\"_ftnref62\">[62]<\/a><\/p>\n<p>Kada je 1564. godine umro kralj Ferdinand do\u0161lo je do podijele austrijskih posjeda izme\u0111u njegovih sinova. Maksimilijan II. je postao nadvojvoda Austrije (Gornje i Donje) te ujedno i kralj Ugarske, a kasnije i car. Drugi sin, Ferdinand II. postao je nadvojvoda Tirola i Vanjske\/Prednje Austrije. Karlo II., tre\u0107i sin, postao je nadvojvoda Unutarnje Austrije (tj. Kranjske, Koru\u0161ke i \u0160tajerske).<a href=\"#_ftn63\" name=\"_ftnref63\">[63]<\/a> Ovakva podjela pogodovala je budu\u0107em osnivanju ratnog vije\u0107a u Grazu jer je jug zemlje postajao sve samostalniji u vo\u0111enju obrane u odnosu na Be\u010d.<\/p>\n<p>Razdoblje primirja od 1568. do 1591. godine omogu\u0107ilo je kona\u010dno formiranje koherentnije granice. Neke mane su ipak opstale te je tako veliki problem bio dualizam vlasti \u2013 s jedne strane su postojali zapovjednici koji su imenovani i upravljaju obranom, a s druge strane su postojali plemi\u0107i i sabori te ban i palatin koji su imali pravo glasa i koji se nisu mirili sa smanjivanjem svoga utjecaja.<a href=\"#_ftn64\" name=\"_ftnref64\">[64]<\/a> U slu\u010daju Hrvatsko-slavonskog prostora ban je zadr\u017eao upravu nad tri \u017eupanije (Zagreba\u010dka, Vara\u017edinska i Koprivni\u010dka), nad svojom vojskom i nad uskim prostorom utvrda izme\u0111u Gline i Save.<\/p>\n<p>Jo\u0161 je jedan problem ostao prisutan \u2013 brzina reagiranja i podizanja habsbur\u0161ke vojske ostala je veoma spora u usporedbi s Osmanlijama.<a href=\"#_ftn65\" name=\"_ftnref65\">[65]<\/a> Porta je tako\u0111er bila svjesna da je podizanje vojske u feudalnom sustavu i k tome jo\u0161 u razli\u010ditim kraljevstvima veliki problem (pa \u010dak i u dva \u201esustava\u201c jer Ugarsko Kraljevstvo nije bilo dio tzv. Svetog Rimskog Carstva, dok ostali habsbur\u0161ki posjedi jesu). Tako je jo\u0161 1530. godine Ibrahim-pa\u0161a tijekom razgovora s Nikolom Juri\u0161i\u0107em koji je bio na misiji u Carigradu istaknuo razliku mo\u0107i izme\u0111u Habsburgovaca i sultana, gdje s jedne strane Karlo i Ferdinand svaki put moraju po saborima i preko delegacija skupljati vojsku uz veliku muku i nov\u010dana davanja, a s druge strane sultan je samo morao dati naredbu i cijela vojska bi bila spremna za rat.<a href=\"#_ftn66\" name=\"_ftnref66\">[66]<\/a><\/p>\n<p>Sredinom 1570-ih dolazi do manjih sukoba \u2013 bosanski sand\u017eakbeg Ferhat-pa\u0161a pokre\u0107e napade 1573. godine. Va\u017ean je doga\u0111aj pobjeda protiv Osmanlija u bitki kod Buda\u010dkog 1575. godine.<a href=\"#_ftn67\" name=\"_ftnref67\">[67]<\/a> U kona\u010dnici ipak nije bilo snage za du\u017ei otpor te 1576. godine padaju Bu\u017eim i Cazin, a tijekom 1577. i 1578. godine pada cijeli prostor Pounja, redom: Kladu\u0161a, Sturli\u0107, Ajti\u0107, Pe\u0107i(grad), Ostro\u017eac, Gvozdansko te Zrin. Pad Pounja bio je te\u017eak udarac za Hrvatsko Kraljevstvo, no nije bilo ne\u0161to \u0161to se nije moglo predvidjeti \u2013 1577. godine se u prijedlozima o preure\u0111enju krajine raspravljalo o mogu\u0107nosti povla\u010denja s Une na Glinu.<a href=\"#_ftn68\" name=\"_ftnref68\">[68]<\/a><\/p>\n<p>Godine 1576. Ugarsko Kraljevstvo je od Transilvanije do Jadrana imalo ukupno 123 utvrde i oko 22 500 vojnika na granicama. Od 123 utvrde \u010dak su 72 bile s hrvatsko-slavonskog prostora, ali su na njih otpadalo samo 22% ukupnih tro\u0161kova \u0161to jasno govori da je bilo rije\u010d uglavnom o manjim utvrdama s manje vojnika, a \u0161to pokazuju i popisi vojske po utvrdama iz toga perioda. Za usporedbu, Gyorska krajina je iste godine s devet utvrda tro\u0161ila 14% ukupnih tro\u0161kova, a Gornjougarska krajina na 13 utvrda \u010dak 32% .<a href=\"#_ftn69\" name=\"_ftnref69\">[69]<\/a> Mo\u017eemo zaklju\u010diti da i brojevi pokazuju ono \u0161to smo prethodno naveli \u2013 da je Hrvatsko-slavonska krajina bila tek sekundarni front, a da su se veliki pohodi vodili u sjevernijim krajevima \u0161to je i o\u010dekivano s obzirom na to da je to bio najlak\u0161i put prema Be\u010du. Brojnost vojske s osmanske strane bila je sli\u010dna \u2013 oko 18\/20 000 vojnika du\u017e granice te oko 7000 spahija u unutra\u0161njosti.<a href=\"#_ftn70\" name=\"_ftnref70\">[70]<\/a> Osmansko je pograni\u010dno podru\u010dje, barem u 16. stolje\u0107u, bilo i vi\u0161e samodostatno \u2013 tako 1559. godine Budimski pa\u0161aluk pokriva samo 28% vojnih pla\u0107a, ali ve\u0107 1570-ih pokriva oko 90% tro\u0161kova.<a href=\"#_ftn71\" name=\"_ftnref71\">[71]<\/a><\/p>\n<p>Stvari su se po\u010dele ozbiljno mijenjati na Vojnoj krajini kada je 1577. godine sazvano tzv. \u201eBe\u010dko savjetovanje\u201d oko budu\u0107nosti ustroja krajine. Na savjetovanju se poglavito bavilo ugarskim dijelom rati\u0161ta jer je ve\u0107 ranije odlu\u010deno da \u0107e se odr\u017eati poseban sastanak za hrvatsko-slavenski prostor.<a href=\"#_ftn72\" name=\"_ftnref72\">[72]<\/a> Taj se sastanak odr\u017eao 1578. godine u Brucku na Muri, a na njega nisu bili pozvani predstavnici hrvatsko-slavonskih stale\u017ea jer se dr\u017ealo da \u0107e previ\u0161e brinuti za vlastite interese.<a href=\"#_ftn73\" name=\"_ftnref73\">[73]<\/a> To nije bio prvi poku\u0161aj reorganizacije ovog dijela krajine, a o njima \u0107e vi\u0161e rije\u010di biti u sljede\u0107em poglavlju. Rezultat sastanka bilo je osnivanje posebnog ratnog vije\u0107a u Grazu koje je imalo za hrvatsko-slavenski prostor jednaku nadle\u017enost kao i Be\u010d za ugarski prostor. Ovakav razvoj doga\u0111aja bio je o\u010dekivan s obzirom na to da su ju\u017ene dijelove granice ionako financirali stale\u017ei Unutarnje Austrije te da je Be\u010d bio poprili\u010dno udaljen, a stoga i odaziv spor.<a href=\"#_ftn74\" name=\"_ftnref74\">[74]<\/a> Ideja je postojala i ranije, ve\u0107 1574\/5. godine, no sada je kona\u010dno realizirana \u010dime je ostvarena te\u017enja Koru\u0161ke, Kranjske i \u0160tajerske da direktnije kontrolira stvari koje financira.<a href=\"#_ftn75\" name=\"_ftnref75\">[75]<\/a> Za kraj trebalo bi spomenuti, ako ve\u0107 iz ovog pregleda samo po sebi nije jasno, da je karakter Vojne krajine bio isklju\u010divo defenzivan te sve do kraja 17. stolje\u0107a nije bilo ve\u0107ih habsbur\u0161kih ofenziva \u2013 cilj grani\u010dnog pojasa bio je zaustaviti osmansko prodiranje.<a href=\"#_ftn76\" name=\"_ftnref76\">[76]<\/a><\/p>\t\t\t\t\t\t\t\t<\/div>\n\t\t\t\t<\/div>\n\t\t\t\t<section class=\"elementor-section elementor-inner-section elementor-element elementor-element-0af5d94 elementor-section-boxed elementor-section-height-default elementor-section-height-default\" data-id=\"0af5d94\" data-element_type=\"section\">\n\t\t\t\t\t\t<div class=\"elementor-container elementor-column-gap-default\">\n\t\t\t\t\t<div class=\"elementor-column elementor-col-50 elementor-inner-column elementor-element elementor-element-5b23f53\" data-id=\"5b23f53\" data-element_type=\"column\">\n\t\t\t<div class=\"elementor-widget-wrap elementor-element-populated\">\n\t\t\t\t\t\t<div class=\"elementor-element elementor-element-e895bf7 elementor-widget elementor-widget-image\" data-id=\"e895bf7\" data-element_type=\"widget\" data-widget_type=\"image.default\">\n\t\t\t\t<div class=\"elementor-widget-container\">\n\t\t\t\t\t\t\t\t\t\t\t\t\t\t\t\t<a href=\"https:\/\/vojnakrajina.ffzg.unizg.hr\/wp-content\/uploads\/2020\/01\/1577-i-8-s-imenima-rijeka.jpg\" data-elementor-open-lightbox=\"yes\" data-elementor-lightbox-title=\"Krajina (1577\/8)\" data-e-action-hash=\"#elementor-action%3Aaction%3Dlightbox%26settings%3DeyJpZCI6MTU4MCwidXJsIjoiaHR0cHM6XC9cL3Zvam5ha3JhamluYS5mZnpnLnVuaXpnLmhyXC93cC1jb250ZW50XC91cGxvYWRzXC8yMDIwXC8wMVwvMTU3Ny1pLTgtcy1pbWVuaW1hLXJpamVrYS5qcGcifQ%3D%3D\">\n\t\t\t\t\t\t\t<img decoding=\"async\" src=\"https:\/\/vojnakrajina.ffzg.unizg.hr\/wp-content\/uploads\/elementor\/thumbs\/1577-i-8-s-imenima-rijeka-okcrbf2r4qj0gmlw198sc2s05kaav1bblo6p5xh5e0.jpg\" title=\"Krajina (1577\/8)\" alt=\"Krajina (1577\/8)\" loading=\"lazy\" \/>\t\t\t\t\t\t\t\t<\/a>\n\t\t\t\t\t\t\t\t\t\t\t\t\t\t\t<\/div>\n\t\t\t\t<\/div>\n\t\t\t\t<div class=\"elementor-element elementor-element-8084ec6 elementor-widget elementor-widget-text-editor\" data-id=\"8084ec6\" data-element_type=\"widget\" data-widget_type=\"text-editor.default\">\n\t\t\t\t<div class=\"elementor-widget-container\">\n\t\t\t\t\t\t\t\t\t<p><b>Hrvatska i Slavonska vojna krajina 1577. i odnos s osmanskom stranom<\/b><br \/><span style=\"font-size: 16px;\">(izradio Filip \u0160imunjak).<\/span><\/p>\t\t\t\t\t\t\t\t<\/div>\n\t\t\t\t<\/div>\n\t\t\t\t\t<\/div>\n\t\t<\/div>\n\t\t\t\t<div class=\"elementor-column elementor-col-50 elementor-inner-column elementor-element elementor-element-a788b19\" data-id=\"a788b19\" data-element_type=\"column\">\n\t\t\t<div class=\"elementor-widget-wrap elementor-element-populated\">\n\t\t\t\t\t\t<div class=\"elementor-element elementor-element-7511a4a elementor-widget elementor-widget-image\" data-id=\"7511a4a\" data-element_type=\"widget\" data-widget_type=\"image.default\">\n\t\t\t\t<div class=\"elementor-widget-container\">\n\t\t\t\t\t\t\t\t\t\t\t\t\t\t\t\t<a href=\"https:\/\/vojnakrajina.ffzg.unizg.hr\/wp-content\/uploads\/2020\/01\/1577-kapetanije-BELO.png\" data-elementor-open-lightbox=\"yes\" data-elementor-lightbox-title=\"Kapetanije (1577)\" data-e-action-hash=\"#elementor-action%3Aaction%3Dlightbox%26settings%3DeyJpZCI6MTU4MSwidXJsIjoiaHR0cHM6XC9cL3Zvam5ha3JhamluYS5mZnpnLnVuaXpnLmhyXC93cC1jb250ZW50XC91cGxvYWRzXC8yMDIwXC8wMVwvMTU3Ny1rYXBldGFuaWplLUJFTE8ucG5nIn0%3D\">\n\t\t\t\t\t\t\t<img decoding=\"async\" src=\"https:\/\/vojnakrajina.ffzg.unizg.hr\/wp-content\/uploads\/elementor\/thumbs\/1577-kapetanije-BELO-okcrc0p1hxclvnqhj0l7ffbltfbqs2p5cn6v7al3ew.png\" title=\"Kapetanije (1577)\" alt=\"Kapetanije (1577)\" loading=\"lazy\" \/>\t\t\t\t\t\t\t\t<\/a>\n\t\t\t\t\t\t\t\t\t\t\t\t\t\t\t<\/div>\n\t\t\t\t<\/div>\n\t\t\t\t<div class=\"elementor-element elementor-element-db12ee1 elementor-widget elementor-widget-text-editor\" data-id=\"db12ee1\" data-element_type=\"widget\" data-widget_type=\"text-editor.default\">\n\t\t\t\t<div class=\"elementor-widget-container\">\n\t\t\t\t\t\t\t\t\t<p><b>Kapetanije na Hrvatskoj krajini (Senj &#8211; crveno, Ogulin &#8211; \u017euto, Biha\u0107 &#8211; zeleno, Hrastovica &#8211; plavo, nesvrstano &#8211; sivo)<\/b><br \/><span style=\"font-size: 16px;\">(izradio Filip \u0160imunjak).<\/span><\/p>\t\t\t\t\t\t\t\t<\/div>\n\t\t\t\t<\/div>\n\t\t\t\t\t<\/div>\n\t\t<\/div>\n\t\t\t\t\t<\/div>\n\t\t<\/section>\n\t\t\t\t<div class=\"elementor-element elementor-element-d73e4aa elementor-widget-divider--view-line elementor-widget elementor-widget-divider\" data-id=\"d73e4aa\" data-element_type=\"widget\" data-widget_type=\"divider.default\">\n\t\t\t\t<div class=\"elementor-widget-container\">\n\t\t\t\t\t\t\t<div class=\"elementor-divider\">\n\t\t\t<span class=\"elementor-divider-separator\">\n\t\t\t\t\t\t<\/span>\n\t\t<\/div>\n\t\t\t\t\t\t<\/div>\n\t\t\t\t<\/div>\n\t\t\t\t<div class=\"elementor-element elementor-element-0dca384 elementor-widget elementor-widget-text-editor\" data-id=\"0dca384\" data-element_type=\"widget\" data-widget_type=\"text-editor.default\">\n\t\t\t\t<div class=\"elementor-widget-container\">\n\t\t\t\t\t\t\t\t\t<ul>\n<li><a href=\"#_ftnref1\">[1]<\/a> Za razvoj osmanske krajine vidi primjerice: \u00c1goston 2000, \u00c1goston 2012, \u00c1goston 2019. Posebno je vrijedna i nedavna doktorska studija Kornelije Jurin-Ster\u010devi\u0107 koja se bavi osmanskom krajinom u 16. i 17. stolje\u0107u (Jurin-Star\u010devi\u0107 2012). Zanimljivi su i radovi Dine Mujad\u017eevi\u0107a, prije svega zbog rada na samoj arhivskoj gra\u0111i, kao primjerice: Mujad\u017eevi\u0107 2009. Kao primjer izvora za osmansku stranu mo\u017ee poslu\u017eiti prevedeni defter za 1552. godinu (vidi Mujad\u017eevi\u0107 2008). Iako se ne\u0107emo doticati mleta\u010dke krajine, u ovom radu svakako upu\u0107ujemo na dvije va\u017ene studije kako bi se bolje razumio kraji\u0161ki prostor sva tri imperija. \u010clanak \u0160ime Peri\u010di\u0107a iz sada ve\u0107 davne 1989. godine i dalje ostaje dobar pregled (Peri\u010di\u0107 1989), a u novije vrijeme se temom bavila i Tea Mayhew, dodu\u0161e primarno za 17. i 18. stolje\u0107e (Mayhew 2008).<\/li>\n<li><a href=\"#_ftnref2\">[2]<\/a> P\u00e1lffy 2000, 7.<\/li>\n<li><a href=\"#_ftnref3\">[3]<\/a> Rady 2000, 150.<\/li>\n<li><a href=\"#_ftnref4\">[4]<\/a> Jurkovi\u0107 2019, 115.<\/li>\n<li><a href=\"#_ftnref5\">[5]<\/a> Jurkovi\u0107 2019, 116.<\/li>\n<li><a href=\"#_ftnref6\">[6]<\/a> Vi\u0161e o sporazumu i okolnostima potpisivanja te njegovoj va\u017enosti u: Prlender 1991.<\/li>\n<li><a href=\"#_ftnref7\">[7]<\/a> Jurkovi\u0107 2019, 117.<\/li>\n<li><a href=\"#_ftnref8\">[8]<\/a> Pears 1923, 691.<\/li>\n<li><a href=\"#_ftnref9\">[9]<\/a> Pears 1923, 691 \u2013 692.; Jurkovi\u0107 2019, 118.; Ostrogorski 2006, 336 \u2013 337.; Dabinovi\u0107 1990, 259.<\/li>\n<li><a href=\"#_ftnref10\">[10]<\/a> Grgin 2005, 54.<\/li>\n<li><a href=\"#_ftnref11\">[11]<\/a> Jurkovi\u0107 2019, 115.<\/li>\n<li><a href=\"#_ftnref12\">[12]<\/a> Moa\u010danin 2016b, 141.; Kaser 1997, 48.; Kureli\u0107 2019, 556.<\/li>\n<li><a href=\"#_ftnref13\">[13]<\/a> Holjevac i Moa\u010danin 2007, 12.; Banovine ili banati su formirane na prostoru koji je kralj Korvin uspio prisvojiti od Osmanlija. Srebreni\u010dka je banovina pala 1512. godine, a Jaja\u010dka 1528. godine ubrzo po padu Jajca. Banovine su bile administrativno-vojne jedinice \u010dija je zada\u0107a bila pratiti i zaustavljati eventualne osmanske prodore (Jurkovi\u0107 2019, 119).<\/li>\n<li><a href=\"#_ftnref14\">[14]<\/a> P\u00e1lffy 2000, 11.; P\u00e1losfalvi 2004, 50.<\/li>\n<li><a href=\"#_ftnref15\">[15]<\/a> P\u00e1lffy 2000, 12.; Jurkovi\u0107 2019, 119 \u2013 120.; VIDI KARTU (DODAT, jurkovic 2019, str 121)<\/li>\n<li><a href=\"#_ftnref16\">[16]<\/a> Jurkovi\u0107 2019, 120 \u2013 121.; Osmanskim provalama se \u010desto nije moglo odgovoriti na vrijeme pa bi se vojska uspjela okupititek na vrijeme da do\u010deka Osmanlije na povratku iz plja\u010dka\u0161kog pohoda \u0161to \u010desto nije zavr\u0161avalo bas najbolje o \u010demu svjedo\u010di i poznati poraz vojske bana Emerika Deren\u010dina na Krbavskom polju 1493. godine.<\/li>\n<li><a href=\"#_ftnref17\">[17]<\/a> Jurkovi\u0107 2019, 119.<\/li>\n<li><a href=\"#_ftnref18\">[18]<\/a> Grgin 2005, 55 \u2013 58.; Raukar 2004, 33. smatra da se plemstvo okre\u0107e drugim vladarima ve\u0107 nakon 1493. godine jer se u vrijeme Jagelovi\u0107a kraljevska \u201evladarska i za\u0161titna uloga sve vi\u0161e gasi.\u201c<\/li>\n<li><a href=\"#_ftnref19\">[19]<\/a> Jurkovi\u0107 2019, 126 \u2013 127.<\/li>\n<li><a href=\"#_ftnref20\">[20]<\/a> Jurkovi\u0107 2019, 127.<\/li>\n<li><a href=\"#_ftnref21\">[21]<\/a> P\u00e1lffy 2000, 13.<\/li>\n<li><a href=\"#_ftnref22\">[22]<\/a> Buczynski 2004, 126.<\/li>\n<li><a href=\"#_ftnref23\">[23]<\/a> Jurkovi\u0107 2019, 127.<\/li>\n<li><a href=\"#_ftnref24\">[24]<\/a> Jurkovi\u0107 2019, 128.<\/li>\n<li><a href=\"#_ftnref25\">[25]<\/a> P\u00e1lffy 2009b, 38.<\/li>\n<li><a href=\"#_ftnref26\">[26]<\/a> Na \u010dinjenicu da ugovori nemaju pravni temelj za nasljedstvo ukazivao je jo\u0161 i pravni povjesni\u010dar Lujo Margeti\u0107 (vidi Margeti\u0107 1990).; Sli\u010dna je situacija bila i s Ferdinandovim dolaskom na prijestolje u Bohemiji gdje su stale\u017ei odbili njegovo pozivanje na nasljedstvo putem braka s Anom Jagelovi\u0107, ali su ga zatim svojom voljom izabrali za kralja.<\/li>\n<li><a href=\"#_ftnref27\">[27]<\/a> Slavenski stale\u017ei nisu izabrali Zapolju za kralja jer Slavonsko Kraljevstvo za razliku od Hrvatskog nije imalo status \u201esamostalnog\u201c kraljevstva unutar Ugarske Krune ve\u0107 se prema njemu, nalik na Transilvaniju, gledalo kao na \u201eprovinciju\u201c kraljevstva te su mogli samo priznati, ali ne i izabrati kralja.<\/li>\n<li><a href=\"#_ftnref28\">[28]<\/a> P\u00e1lffy 2009b, 40 \u2013 42.<\/li>\n<li><a href=\"#_ftnref29\">[29]<\/a> Klai\u0107 1988c, 132 \u2013 138.; Delfiner 1994, 21 \u2013 27.<\/li>\n<li><a href=\"#_ftnref30\">[30]<\/a> P\u00e1lffy 2009b, 43.<\/li>\n<li><a href=\"#_ftnref31\">[31]<\/a> P\u00e1lffy 2000, 18.; Zanimljiva epizoda zabilje\u017eena je 1539. godine kada se zagreba\u010dki kanonici \u017eale kralju na pona\u0161anje njegovih trupa: <em>Odakle se o\u010dekivao spas, odandle je do\u0161la nesre\u0107a; naime, oni \u0160panjolci koje je Va\u0161e Veli\u010danstvo poslalo zajedno s nekim ugarskim konjanicima da brane ovo Kraljevstvo tako zatiru na\u0161 stale\u017e ve\u0107 petnaest dana i ne prestaju ga zatirati &#8230; U\u0161li su najprije nasilno i neprijateljski u na\u0161e ku\u0107e i, dovev\u0161i gotovo tri stotine nekih drolja, izbacili su sramotno na\u0161e osobe kao sasvim bezvredne i proste iz ku\u0107e i poplijenili sve stvari koje su na\u0161li u ku\u0107i, a na\u0161e dru\u017eine dijelom su odveli, a dijelom oslabljene okrutnim batinama natjerali da slu\u017ee njima i njihovim droljama &#8230; kmetove dijelom su ubili, dijelom batinom i udarcima oslabili &#8230; stoku ubili, sve vrste \u017eita, vina i sijena, kojima smo mogli hraniti nas same i vojsku Va\u0161eg Veli\u010danstva, tako\u0111er su pretvorili u plja\u010dku, sasvim beskorisno<\/em> (Dobroni\u0107 1991, 181).<\/li>\n<li><a href=\"#_ftnref32\">[32]<\/a> P\u00e1lffy 2009b, 95, definiranje ovlasti palatina napisane su krajem srednjeg vijeka kada je bilo nezamislivo da bi neka strana vojska boravila na tlu druge zemlje.<\/li>\n<li><a href=\"#_ftnref33\">[33]<\/a> P\u00e1lffy 2000, 19.<\/li>\n<li><a href=\"#_ftnref34\">[34]<\/a> P\u00e1lffy 2000, 21.; Moa\u010danin 1959, 406.<\/li>\n<li><a href=\"#_ftnref35\">[35]<\/a> Bracewell 1997, 39 \u2013 43.; Jurkovi\u0107 2019, 130.<\/li>\n<li><a href=\"#_ftnref36\">[36]<\/a> Kruhek 1984, 220 \u2013 221.<\/li>\n<li><a href=\"#_ftnref37\">[37]<\/a> P\u00e1lffy 2009b, 46.; \u00c1goston 2010, 117.<\/li>\n<li><a href=\"#_ftnref38\">[38]<\/a> P\u00e1lffy 2009a, 103.<\/li>\n<li><a href=\"#_ftnref39\">[39]<\/a> P\u00e1lffy 2012, 39.<\/li>\n<li><a href=\"#_ftnref40\">[40]<\/a> Moa\u010danin 1959, 412.<\/li>\n<li><a href=\"#_ftnref41\">[41]<\/a> P\u00e1lffy 2009b, 52.<\/li>\n<li><a href=\"#_ftnref42\">[42]<\/a> Tijekom 1580-ih godina bilo je rije\u010d o izvozu oko 200 000 grla stoke godi\u0161nje, Kontler 2007, 167.; P\u00e1lffy 2009a, 113 \u2013 115.<\/li>\n<li><a href=\"#_ftnref43\">[43]<\/a>&nbsp;1545 &#8211; 383 640, 1546 &#8211; 358 776, 1548 &#8211; 600 682, 1549 &#8211; 496 938, 1554 &#8211; 761 766, 1556 &#8211; 945 475, 1558 &#8211; 1 025 040, 1572 &#8211; 1 220 761, 1576 &#8211; 1 658 736, 1577 &#8211; 1 461 900, 1578 &#8211; 1 368 348, 1582 &#8211; 1 418 292, 1593 &#8211; 1 726 622 (usp.&nbsp;P\u00e1lffy 2009b, 91).<\/li>\n<li><a href=\"#_ftnref44\">[44]<\/a> P\u00e1lffy 2009b, 25 \u2013 26.<\/li>\n<li><a href=\"#_ftnref45\">[45]<\/a> \u0160tefanec 2011, 172.<\/li>\n<li><a href=\"#_ftnref46\">[46]<\/a> P\u00e1lffy 2009b, 49.<\/li>\n<li><a href=\"#_ftnref47\">[47]<\/a> P\u00e1lffy 2012, 44.; \u0160tefanec 2011, 496.<\/li>\n<li><a href=\"#_ftnref48\">[48]<\/a> P\u00e1lffy 2009b, 109.<\/li>\n<li><a href=\"#_ftnref49\">[49]<\/a> P\u00e1lffy 2009a, 108.<\/li>\n<li><a href=\"#_ftnref50\">[50]<\/a> Sekuli\u0107 1990, 20.; Vi\u0161e o \u017eivotu Nikole Juri\u0161i\u0107a kao primjera osobe koja je napredovala do najvi\u0161ih funkcija isklju\u010divo vojnim iskustvom vidi u: Delfinder 1994, Lopa\u0161i\u0107 1876, Sekuli\u0107 1990.<\/li>\n<li><a href=\"#_ftnref51\">[51]<\/a> P\u00e1lffy 2000, 34.<\/li>\n<li><a href=\"#_ftnref52\">[52]<\/a> P\u00e1lffy 2009b, 115.<\/li>\n<li><a href=\"#_ftnref53\">[53]<\/a> P\u00e1lffy 2009b, 112 \u2013 117.; G\u00e9za P\u00e1lffy navodi sve ove argumente kao protuargument na tvrdnje nekih vojnih povjesni\u010dara, pri \u010demu posebno izdvaja jednog od najva\u017enijih vojnih povjesni\u010dara dana\u0161njice, Jeremyja Blacka, koji tvrde da se \u201evojna revolucija\u201c po\u010dinje doga\u0111ati tek 1660\/70-ih godina.<\/li>\n<li><a href=\"#_ftnref54\">[54]<\/a> Holjevac i Moa\u010danin, 13.; Ivan Lenkovi\u0107 obna\u0161at \u0107e tu funkcije sve do 1567. godine.<\/li>\n<li><a href=\"#_ftnref55\">[55]<\/a> P\u00e1lffy 2000, 29.<\/li>\n<li><a href=\"#_ftnref56\">[56]<\/a> Holjevac i Moa\u010danin, 13.; P\u00e1lffy 2009b, 252 \u2013 253, navodi 1568. godinu kao po\u010detak.<\/li>\n<li><a href=\"#_ftnref57\">[57]<\/a> Gradnja je zapo\u010dela 1544. godine, ali je ve\u0107ina radova zavr\u0161ena tek 1550. godine. O utvrdi i ogranizaciji obrane kaptolskih posjeda ima nekoliko radova, a mi bismo posebno ukazali na ne\u0161to stariji \u010dlanak Ljudevita Ivan\u010dana (vidi Ivan\u010dan 1928) te \u010dlanak Andrije Lukinovi\u0107a (vidi Lukinovi\u0107 1994). Zagreba\u010dki kaptol je od kralja dobio razne privremene ekonomske (porezne) povlastice kako bi pribavio dovoljno novca za podizanje sisa\u010dke utvrde \u2013 u kona\u010dnici je ukupan tro\u0161ak gradnje iznosio 3365 forinti i 28 denara (Laszowski 1917, 233 \u2013 234).<\/li>\n<li><a href=\"#_ftnref58\">[58]<\/a> Kruhek 1984, 228.<\/li>\n<li><a href=\"#_ftnref59\">[59]<\/a> Zanimljivo je da je u periodu 16. stolje\u0107a samo devet utvrda izdr\u017ealo opsadu Osmanlija dulje od 20 dana, a od njih samo su \u010detiri i uspje\u0161no odbile napad \u2013 Kiseg (1532.), Temi\u0161var (1551.), Egar (1552.) i Siget (1556.). Od \u010detiri navedene utvrde sve su osim Kisega u kona\u010dnici pale pod Osmanlije. Siget, kojeg je 1556. godine, me\u0111u ostalima, branio i Nikola IV. Zrinski sada je, deset godina kasnije, uspje\u0161no osvojen (\u00c1goston 2010, 119).<\/li>\n<li><a href=\"#_ftnref60\">[60]<\/a> Me\u0111u pre\u017eivjelim braniteljima nalazio se i Ferenc \u010crnko. Njega je kasnije iz zarobljeni\u0161tva otkupio Juraj IV. Zrinski, Nikolin sin. Nakon oslobo\u0111enja napisao je djelo <em>Podsjedanje i osvojenje Sigeta<\/em>, originalno pisano na hrvatskom jeziku \u0161tokavsko-kajkavskog narje\u010dja toga doba \u0161to ga \u010dini vrijednim izvorom za povijest bitke, ali i povijest jezika (vidi \u010crnko 1971).<\/li>\n<li><a href=\"#_ftnref61\">[61]<\/a> P\u00e1lffy 2000, 40.<\/li>\n<li><a href=\"#_ftnref62\">[62]<\/a> \u0160tefanec 2011, 328 \u2013 329.<\/li>\n<li><a href=\"#_ftnref63\">[63]<\/a> Z\u00f6llner i Sch\u00fcssel 1997, 140 \u2013 142.<\/li>\n<li><a href=\"#_ftnref64\">[64]<\/a> P\u00e1lffy 2000, 43.<\/li>\n<li><a href=\"#_ftnref65\">[65]<\/a> Moa\u010danin 2016d, 204.<\/li>\n<li><a href=\"#_ftnref66\">[66]<\/a> Delfiner 1994, 18 \u2013 19.; Treba napomenuti da vlast sultana ipak nije bila toliko apsolutisti\u010dka kao \u0161to neki kasniji povjesni\u010dari, ali i suvremenici (primjerice Niccol\u00f2 Machiavelli), smatraju \u2013 no, svakako je bilo rije\u010d o mnogo sna\u017enijom i centraliziranijoj vlasti od feudalnog sustava Europe (\u00c1goston 2002, 85).<\/li>\n<li><a href=\"#_ftnref67\">[67]<\/a> Moa\u010danin 1959, 413.<\/li>\n<li><a href=\"#_ftnref68\">[68]<\/a> \u0160tefanec 2011, 293.<\/li>\n<li><a href=\"#_ftnref69\">[69]<\/a> P\u00e1lffy 2000, 49.<\/li>\n<li><a href=\"#_ftnref70\">[70]<\/a> \u00c1goston 2010, 118.<\/li>\n<li><a href=\"#_ftnref71\">[71]<\/a> \u00c1goston 2002, 99.; Razlog za pove\u0107anje prihoda mo\u017eemo vidjeti u fleksibilnosti osmanske vlasti koja se \u010desto pona\u0161ala pragmati\u010dno i dosta toga ostavljala nepromjenjeno. Vremenom se nakon kraja ve\u0107ih osvajanja i porezni sustav stabilizirao, a dio obrazlo\u017eenja mo\u017eemo vidjeti i u osvajanju novih prostora 1566. godine.<\/li>\n<li><a href=\"#_ftnref72\">[72]<\/a> \u0160tefanec 2011, 157 \u2013 158.<\/li>\n<li><a href=\"#_ftnref73\">[73]<\/a> \u0160tefanec 2014, 211.<\/li>\n<li><a href=\"#_ftnref74\">[74]<\/a> \u0160tefanec 2011, 213 \u2013 214.<\/li>\n<li><a href=\"#_ftnref75\">[75]<\/a> Reorganizacija krajine 1578. godine je zahtjevna tema sama za sebe te ne\u0107emo ulaziti dublje u detalje po\u0161to na\u0161a pri\u010da zavr\u0161ava godinu dana ranije. Upu\u0107ujemo na doktorsku studiju Nata\u0161e \u0160tefanec koja se bavi upravo pitanjem preustroja Hrvatsko-slavonske vojne krajine. Studija je prije nekoliko godina pretvorena i u knjigu te je uvelike kori\u0161tena za izradu ovog rada (vidi \u0160tefanec 2011).<\/li>\n<li><a href=\"#_ftnref76\">[76]<\/a> \u0160tefanec 2014, 212.; Primjerice, 1575. godine nadvojvoda Karlo ukorio je Zagreba\u010dki kaptol kada je saznao da su zajedno s banom izveli upad prema Dubici i spalili nekoliko osmanskih luka te ih upozorava da se ubudu\u0107e suzdr\u017ee od takvih pohoda (\u0160tefanec 2011, 274).<\/li>\n<\/ul>\t\t\t\t\t\t\t\t<\/div>\n\t\t\t\t<\/div>\n\t\t\t\t<div class=\"elementor-element elementor-element-524f1e2 elementor-widget elementor-widget-heading\" data-id=\"524f1e2\" data-element_type=\"widget\" data-widget_type=\"heading.default\">\n\t\t\t\t<div class=\"elementor-widget-container\">\n\t\t\t\t\t<h2 class=\"elementor-heading-title elementor-size-default\">Bibliografija<\/h2>\t\t\t\t<\/div>\n\t\t\t\t<\/div>\n\t\t\t\t<div class=\"elementor-element elementor-element-f303985 elementor-widget elementor-widget-text-editor\" data-id=\"f303985\" data-element_type=\"widget\" data-widget_type=\"text-editor.default\">\n\t\t\t\t<div class=\"elementor-widget-container\">\n\t\t\t\t\t\t\t\t\t<ul>\n<li><strong>\u00c1goston 2000: <\/strong>\u00c1goston, G\u00e1bor. \u201eThe Costs of the Ottoman Fortress-System in Hungary in the Sixteenth and Seventeenth Centuries.\u201d U: <em>Ottomans, Hungarians and Habsburgs in Central Europe. The Military Confines in the Era of Ottoman Conquest<\/em>, ur. G\u00e9za D\u00e1vid, P\u00e1l Fodor, 195 \u2013 228. Leiden and Boston: Brill, 2000.<\/li>\n<li><strong>\u00c1goston 2002: <\/strong>\u00c1goston, G\u00e1bor. \u201eOttoman Conquest and the Ottoman Military Frontier in Hungary.\u201d U: <em>A Millennium of Hungarian Military History<\/em>, ur. B\u00e9la Kir\u00e1ly, L\u00e1szl\u00f3 Veszpr\u00e9my, 85 \u2013 110. New York: Social Science Monographs, Brooklyn College Press, Columbia University Press, 2002.<\/li>\n<li><strong>\u00c1goston 2010: <\/strong>\u00c1goston, G\u00e1bor. \u201eEmpires and warfare in east-central Europe, 1550\u20131750: the Ottoman\u2013Habsburg rivalry and military transformation.\u201d U: <em>European Warfare, 1350\u20131750<\/em>, ur. Frank Tallet, D. J. B. Trim, 110 \u2013 135. Cambridge: Cambridge University Press, 2010.<\/li>\n<li><strong>\u00c1goston 2012:<\/strong> \u00c1goston, G\u00e1bor. \u201eDefending and administering the frontier: The case of Ottoman Hungary.\u201d U: <em>The Ottoman World<\/em>, ur. Christine Woodhead, 220 \u2013 236. Milton Park, Abingdon, Oxon: Routledge, 2012.<\/li>\n<li><strong>\u00c1goston 2019: <\/strong>\u00c1goston, G\u00e1bor. \u201eOttoman and Habsburg Military Affairs in the age of S\u00fcleyman the Magnificent.\u201d U: <em>The Battle for Central Europe<\/em>, ur. P\u00e1l Fodor, 287 \u2013 307. Leiden and New York: Brill, 2019.<\/li>\n<li><strong>Bogovi\u0107 1993: <\/strong>Bogovi\u0107, Mile. <em>Katoli\u010dka crkva i pravoslavlje u Dalmaciji: za vrijeme mleta\u010dke vladavine<\/em>, 2. izd. Zagreb: Kr\u0161\u0107anska sada\u0161njost, \u0160kolska knjiga, 1993.<\/li>\n<li><strong>Bracewell 1997: <\/strong>Bracewell, Catherine Wendy. <em>Senjski uskoci: piratstvo, razbojni\u0161tvo i sveti rat na Jadranu u \u0161esnaestom stolje\u0107u<\/em>. Zagreb: Barbat, 1997.<\/li>\n<li><strong>Buczynski 2004:<\/strong> Buczynski, Alexander. \u201eZajedno na granici izme\u0111u dvaju velikih carstava (16.-18.st.).\u201d U <em>Hrvatsko-ma\u0111arski odnosi 1102. \u2013 1918.<\/em>, ur. Milan Kruhek, 125 \u2013 135. Zagreb: Hrvatski institut za povijest, 2004.<\/li>\n<li><strong>Budak 2007: <\/strong>Budak, Neven. <em>Hrvatska i Slavonija u ranome novom vijeku<\/em>. Zagreb: Leykam International, 2007.<\/li>\n<li><strong>Delfiner 1994: <\/strong>Delfiner, Henry. \u201eNikolaus Jurischitz, 1490 \u2013 1543*. Soldier-Diplomat.\u201c <em>East European Quarterly<\/em> 28\/1 (1994): 1 \u2013 47.<\/li>\n<li><strong>Dobroni\u0107 1991: <\/strong>Dobroni\u0107, Lelja. <em>Biskupski i kaptolski Zagreb<\/em>. Zagreb: \u0160kolska knjiga, 1991.<\/li>\n<li><strong>Grgin 2004:<\/strong> Grgin, Borislav. \u201eGospodarski razvoj hrvatskih zemalja u ranom novom vijeku \u2013 osnovne razvojne smjernice.\u201d U <em>Hrvatsko-ma\u0111arski odnosi 1102. \u2013 1918.<\/em>, ur. Milan Kruhek, 167 \u2013 181. Zagreb: Hrvatski institut za povijest, 2004.<\/li>\n<li><strong>Grgin 2005:<\/strong> Grgin, Borislav. \u201eHrvatska izme\u0111u srednjovjekovnih dinastija 1437 \u2013 1526.\u201d <em>Historijski zbornik<\/em> 58 (2005): 53 \u2013 60.<\/li>\n<li><strong>Holjevac i Moa\u010danin 2007: <\/strong>Holjevac, \u017deljko, Nenad Moa\u010danin. <em>Hrvatsko-slavonska Vojna krajina i Hrvati pod vla\u0161\u0107u Osmanskoga Carstva u ranome novom vijeku<\/em>. Zagreb: Leykam International, 2007.<\/li>\n<li><strong>Horvat 1902:<\/strong> Horvat, Rudolf. <em>Pripovijesti iz hrvatske povijesti, dio IV<\/em>. Zagreb: Dru\u0161tvo sv. Jeronima, 1902.<\/li>\n<li><strong>Horvat 1910:<\/strong> Horvat, Rudolf. <em>Slike iz hrvatske povjesti<\/em>. Zagreb: Hrvatska pu\u010dka selja\u010dka tiskara, 1910.<\/li>\n<li><strong>Horvat 1994b:<\/strong> Horvat, Rudolf. <em>Slavonija<\/em>. Sv. 1 i 2. Vinkovci: Privla\u010dica, 1994. Pretisak.<\/li>\n<li><strong>Horvat 2014:<\/strong> Horvat, Zorislav. \u201ePseudoka\u0161teli kraja 15. i prve polovine 16. stolje\u0107a u obrani od Turaka.\u201c U <em>Ascendere historiam: Zbornik u \u010dast Milana Kruheka<\/em>, ur. Marija Karbi\u0107 et al., 371 \u2013 398. Zagreb: Hrvatski institut za povijest, 2014.<\/li>\n<li><strong>Hozjan 1997: <\/strong>Hozjan, Andrej, ur. <em>Po\u0161ta na slovenskih tleh<\/em>. Maribor: Po\u0161ta Slovenije, 1997.<\/li>\n<li><strong>Hozjan 2002: <\/strong>Hozjan, Andrej, ur. <em>Po\u0161ta sjeverozapadne Hrvatske<\/em>. Zagreb, Va\u017eardin: Hrvatske po\u0161te, Hrvatska akademija znanosti i umjetosti, 2002.<\/li>\n<li><strong>Hozjan 2016: <\/strong>Hozjan, Andrej. <em>Prve po\u0161te i po\u0161tari kontinentalne Hrvatske: Postanak i djelatnost vojnokraji\u0161kog po\u0161tanskog sustava na podru\u010dju izme\u0111u Kupe i Mure do 1606. godine<\/em>. Vara\u017edin; Zagreb; Maribor: Hrvatska akademija znanosti i umjetnosti, Zavod za znanstveni rad; Filozofski fakultet, Centar za komparativnohistorijske i interkulturne studije; Univerza v Mariboru, Filozofska fakulteta, 2017.<\/li>\n<li><strong>Ivan\u010dan 1928:<\/strong> Ivan\u010dan, Ljudevit. \u201eKaptolska tvr\u0111ava Sisak.\u201c <em>Bogoslovna smotra<\/em> 16\/3 (1928): 361 \u2013 369.<\/li>\n<li><strong>Jukinovi\u0107 1994:<\/strong> Lukinovi\u0107, Andrija. \u201eZagreba\u010dki kaptol i obrana Siska.\u201c U <em>Sisa\u010dka bitka 1593.<\/em>, ur. Ivo Goldstein, Milan Kruhek, 67 \u2013 74. Zagreb, Sisak: Zavod za hrvatsku povijest Filozofskog fakulteta u Zagrebu, Institut za suvremenu povijest Zagreb, Povijesni arhiv Sisak, 1994.<\/li>\n<li><strong>Jurin-Star\u010devi\u0107 2012: <\/strong>Jurin Star\u010devi\u0107, Kornelija. \u201eOsmanski kraji\u0161ki prostor: rat i dru\u0161tvo u jadransko-dinarskom zale\u0111u u 16. i 17. stolje\u0107u.\u201d Ph.D. diss., Filozofski fakultet u Zagrebu, 2012.<\/li>\n<li><strong>Jurkovi\u0107 2004:<\/strong> Jurkovi\u0107, Ivan. \u201eThe Fate of the Croatian Noble Families in the Face of Ottoman Advance\u201c. Ph.D. diss., Central European University, 2004.<\/li>\n<li><strong>Jurkovi\u0107 2019:<\/strong> Jurkovi\u0107, Ivan. \u201eVojni ustroj i obrana Kraljevstva: Cito. Cito. Cito. Citissime!.\u201d U <em>Vrijeme sazrijevanja, vrijeme razaranja Hrvatske zemlje u kasnome srednjem vijeku<\/em>, ur. Marija Karbi\u0107, 115 \u2013 135. Zagreb: Matica hrvatska, 2019.<\/li>\n<li><strong>Kaser 1997: <\/strong>Kaser, Karl. <em>Slobodan seljak i vojnik: povoja\u010denje agrarnog dru\u0161tva u Hrvatsko-slavonskoj Vojnoj krajini (1535.-1881.)<\/em>. Sv. 1. Preveo Josip Brki\u0107. Zagreb: Naprijed, 1997.<\/li>\n<li><strong>Klai\u0107 1973: <\/strong>Klai\u0107, Nada. \u201e\u201dOstaci ostataka\u201d Hrvatske i Slavonije u XVI st. (od moha\u010dke bitke do selja\u010dke bune 1573. g.).\u201d <em>Arhivski vjesnik <\/em>16\/1 (1973): 253 \u2013 322.<\/li>\n<li><strong>Klai\u0107 1988a: <\/strong>Klai\u0107, Vjekoslav. <em>Povijest Hrvata. <\/em>Sv. 1,<em> Prvo doba: vladanje knezova i kraljeva hrvatske krvi (641 \u2013 1102) \u2013 Drugo doba: Vladanje kraljeva Arpadovi\u0107a (1102-1301)<\/em>. Zagreb: Matica hrvatska, 1988.<\/li>\n<li><strong>Klai\u0107 1988b: <\/strong>Klai\u0107, Vjekoslav. <em>Povijest Hrvata. <\/em>Sv. 4,<em> Tre\u0107e doba: Vladanje kraljeva iz raznih porodica (1301-1526) \u2013 (III) Doba kralja Matija\u0161a Korvina i Jagelovi\u0107a (1458 \u2013 1526)<\/em>. Zagreb: Matica hrvatska, 1988.<\/li>\n<li><strong>Klai\u0107 1988c: <\/strong>Klai\u0107, Vjekoslav. <em>Povijest Hrvata<\/em>. Sv. 5, <em>\u010cetvrto doba: Vladanje kraljeva iz porodice Habsburga (1527-1740)<\/em>. Zagreb: Matica hrvatska, 1988.<\/li>\n<li><strong>Kolar-Dimitrijevi\u0107 2014: <\/strong>Kolar-Dimitrijevi\u0107, Mira. \u201eOstaci protuturskih utvrda u Hrvatskoj.\u201c U <em>Ascendere historiam: Zbornik u \u010dast Milana Kruheka<\/em>, ur. Marija Karbi\u0107 et al., 519 \u2013 550. Zagreb: Hrvatski institut za povijest, 2014.<\/li>\n<li><strong>Kontler 2007: <\/strong>Kontler, L\u00e1szl\u00f3. <em>Povijest Ma\u0111arske: tisu\u0107u godina u Srednjoj Europi<\/em>. Preveli Dra\u017eenka Ke\u0161i\u0107, Silvije Devalda. Zagreb: Srednja Europa, 2007.<\/li>\n<li><strong>Kre\u0161evljakovi\u0107 1953:<\/strong> Kre\u0161evljakovi\u0107, Hamdija. \u201eStari bosanski gradovi.\u201d <em>Na\u0161e starine <\/em>1 (1953): 7 \u2013 44.<\/li>\n<li><strong>Kre\u0161evljakovi\u0107 1954a:<\/strong> Kre\u0161evljakovi\u0107, Hamdija. <em>Kapetanije u Bosni i Hercegovini<\/em>. Sarajevo: Nau\u010dno dru\u0161tvo NR Bosne i Hercegovine, 1954.<\/li>\n<li><strong>Kre\u0161evljakovi\u0107 1954b:<\/strong> Kre\u0161evljakovi\u0107, Hamdija. \u201eStari hercegova\u010dki gradovi.\u201d <em>Na\u0161e starine <\/em>2 (1954): 9 \u2013 22.<\/li>\n<li><strong>Kruhek 1984: <\/strong>Kruhek, Milan. \u201eStvaranje i utvr\u0111ivanje obrambene granice na Kupi u toku XVI i XVII stolje\u0107a.\u201c U <em>Vojna krajina: povijesni pregled, historiografija, rasprave<\/em>, ur. Dragutin Pavli\u010devi\u0107, 215 \u2013 257. Zagreb: Sveu\u010dili\u0161na naklada Liber, 1984.<\/li>\n<li><strong>Kruhek 1995: <\/strong>Kruhek, Milan. <em>Kraji\u0161ke utvrde i obrana hrvatskog kraljevstva tijekom 16. stolje\u0107a<\/em>. Zagreb: Institut za suvremenu povijest, 1995.<\/li>\n<li><strong>Kruhek 2004:<\/strong> Kruhek, Milan. \u201eSredi\u0161nje dr\u017eavne institucije Kraljevine Hrvatske u razdoblju protuturskih ratova od 16. do 18. st.\u201d U <em>Hrvatsko-ma\u0111arski odnosi 1102. \u2013 1918.<\/em>, ur. Milan Kruhek, 143 \u2013 151. Zagreb: Hrvatski institut za povijest, 2004.<\/li>\n<li><strong>Kureli\u0107 2019:<\/strong> Kureli\u0107, Josip. \u201eAustrija.\u201d U <em>Vrijeme sazrijevanja, vrijeme razaranja Hrvatske zemlje u kasnome srednjem vijeku<\/em>, ur. Marija Karbi\u0107, 545 \u2013 561. Zagreb: Matica hrvatska, 2019.<\/li>\n<li><strong>Kursar 2019:<\/strong> Kursar, Vjeran. \u201eUnutra\u0161njost Balkana.\u201d U <em>Vrijeme sazrijevanja, vrijeme razaranja Hrvatske zemlje u kasnome srednjem vijeku<\/em>, ur. Marija Karbi\u0107, 571 \u2013 599. Zagreb: Matica hrvatska, 2019.<\/li>\n<li><strong>Laszowski 1923: <\/strong>Laszowski, Emilij. <em>Gorski kotar i Vinodol: dio dr\u017eavine knezova Frankopana i Zrinskih: mjestopisne i povjesne crtice<\/em>. Zagreb: Matica hrvatska, 1923.<\/li>\n<li><strong>Lazanin i \u0160tefanec 2000: <\/strong>Lazanin, Sanja, Nata\u0161a \u0160tefanec. \u201eHabsburg Military Conscription and Changing Realities of the Triplex Confinium, 16th-18th Centuries.\u201d U: <em>Constructing border societies on the Triplex Confinium<\/em>, ur. Drago Roksandi\u0107, Nata\u0161a \u0160tefanec, 91 \u2013 116. Budapest: Central European University, 2000.<\/li>\n<li><strong>Lopa\u0161i\u0107 1876: <\/strong>Lopa\u0161i\u0107, Radoslav. \u201eNikola Juri\u0161i\u0107 u Kisegu.\u201c <em>Vienac: zabavi i pouci<\/em> 8\/23 (1876.): 376 \u2013 380, 394 \u2013 396.<\/li>\n<li><strong>Lopa\u0161i\u0107 1890:<\/strong> Lopa\u0161i\u0107, Radoslav. <em>Biha\u0107 i Biha\u0107ka Krajina: mjestopisne i poviestne crtice: sa jednom zemljopisnom kartom i sa \u010detrnaest slika<\/em>. Zagreb: Matica hrvatska, 1890.<\/li>\n<li><strong>Lopa\u0161i\u0107 1895: <\/strong>Lopa\u0161i\u0107, Radoslav. <em>Oko Kupe i Korane: mjestopisne i povjestne crtice: sa dvadeset i tri slike i jednom zemljopisnom kartom<\/em>. Zagreb: Matica hrvatska, 1895.<\/li>\n<li><strong>Margeti\u0107 1990:<\/strong> Margeti\u0107, Lujo. \u201eCetinski sabori u 1527.\u201d <em>Senjski zbornik <\/em>17\/1 (1990): 35 \u2013 44.<\/li>\n<li><strong>Markovi\u0107 1993: <\/strong>Markovi\u0107, Mirko. <em>Descriptio Croatiae: hrvatske zemlje na geografskim kartama od najstarijih vremena do pojave prvih topografskih karata<\/em>. Zagreb: Naprijed, 1993.<\/li>\n<li><strong>Markovi\u0107 2001: <\/strong>Markovi\u0107, Mirko. <em>Hrvatski gradovi na starim planovima i vedutama<\/em>. Zagreb: AGM, 2001.<\/li>\n<li><strong>Mayhew 2008: <\/strong>Mayhew, Tea. <em>Dalmatia between Ottoman and Venetian rule: Contado di Zara 1645-1718<\/em>. Roma : Viella, 2008.<\/li>\n<li><strong>Mesi\u0107 1866: <\/strong>Mesi\u0107, Matija. <em>\u017divot Nikole Zrinjskog sigetskoga junaka<\/em>. Zagreb: Matica ilirska, 1866.<\/li>\n<li><strong>Moa\u010danin 1959: <\/strong>\u0110ur\u0111ev, Branislav, Bogo Grafenauer, Jorjo Tadi\u0107, ur. <em>Historija naroda Jugoslavije<\/em>. Sv. 2. Zagreb: \u0160kolska knjiga, 1959.<\/li>\n<li><strong>Moa\u010danin 1964: <\/strong>Moa\u010danin, Fedor. \u201eO nekim problemima iz historije Vojne krajine, I.: (povodom rasprave dr. Mi\u0161e Semjana, Istorija kraji\u0161nika i ku\u0107ne zadruge u ratnoj dr\u017eavi).\u201d <em>Historijski zbornik<\/em> 17 (1964): 327 \u2013 357.<\/li>\n<li><strong>Moa\u010danin 1999: <\/strong>Moa\u010danin, Nenad. <em>Turska Hrvatska: Hrvati pod vla\u0161\u0107u Osmanskoga Carstva do 1791<\/em>. Zagreb : Matica hrvatska, 1999.<\/li>\n<li><strong>Moa\u010danin 2001: <\/strong>Moa\u010danin, Nenad. <em>Slavonija i Srijem u razdoblju osmanske vladavine<\/em>. Slavonski Brod: Hrvatski institut za povijest, Podru\u017enica za povijest Slavonije, Srijema i Baranje, 2001.<\/li>\n<li><strong>Moa\u010danin 2016a: <\/strong>Moa\u010danin, Fedor. \u201ePregled istorije Vojne krajine od XVI do XVII vijeka.\u201d U: <em>Fedor Moa\u010danin: Radovi iz povijesti Vojne krajine<\/em>, ur. Nata\u0161a \u0160tefanec, 77 \u2013 108. Zagreb: Srpsko kulturno dru\u0161tvo Prosvjeta, 2017.<\/li>\n<li><strong>Moa\u010danin 2016b: <\/strong>Moa\u010danin, Fedor. \u201eVojna krajina do kantonskog ure\u0111enja 1787.\u201d U: <em>Fedor Moa\u010danin: Radovi iz povijesti Vojne krajine<\/em>, ur. Nata\u0161a \u0160tefanec, 139 \u2013 193. Zagreb: Srpsko kulturno dru\u0161tvo Prosvjeta, 2017.<\/li>\n<li><strong>Moa\u010danin 2016c: <\/strong>Moa\u010danin, Fedor. \u201eOrganizacijske strukture Vojne krajine do sredine 18. st.\u201d U: <em>Fedor Moa\u010danin: Radovi iz povijesti Vojne krajine<\/em>, ur. Nata\u0161a \u0160tefanec, 193 \u2013 202. Zagreb: Srpsko kulturno dru\u0161tvo Prosvjeta, 2017.<\/li>\n<li><strong>Moa\u010danin 2016d: <\/strong>Moa\u010danin, Fedor. \u201eOsnovni problemi obrane Hrvatske u 16. stolje\u0107u.\u201d U: <em>Fedor Moa\u010danin: Radovi iz povijesti Vojne krajine<\/em>, ur. Nata\u0161a \u0160tefanec, 202 \u2013 212. Zagreb: Srpsko kulturno dru\u0161tvo Prosvjeta, 2017.<\/li>\n<li><strong>Mujad\u017eevi\u0107 2009: <\/strong>Mujad\u017eevi\u0107, Dino. \u201eOsmanska osvajanja u Slavoniji 1552. u svjetlu osmanskih arhivskih izvora.\u201d <em>Povijesni prilozi <\/em>36 (2009): 89 \u2013 108.<\/li>\n<li><strong>Ostrogorski 2006:<\/strong> Ostrogorski, Georgije. <em>Povijest Bizanta 324 \u2013 1453<\/em>, 2. izd. Preveli Marina i Kiril Miladinov. Zagreb: Golden marketing, Tehni\u010dka knjiga, 2006.<\/li>\n<li><strong>P\u00e1lffy 2000:<\/strong> P\u00e1lffy, G\u00e9za. \u201eThe Origins and Development of the Border Defence System against the Ottoman Empire in Hungary (Up to the Early Eighteenth Century).\u201d U: <em>Ottomans, Hungarians, and Habsburgs in Central Europe: The Military Confines in the Era of Ottoman Conquest<\/em>, ur. G\u00e9za D\u00e1vid, P\u00e1l Fodor, 3 \u2013 69. Leiden, Boston, K\u00f6ln: Brill, 2000.<\/li>\n<li><strong>P\u00e1lffy 2002:<\/strong> P\u00e1lffy, G\u00e9za. \u201eThe Border Defense System in Hungary in the Sixteenth and Seventeenth Centuries.\u201d U: <em>A Millennium of Hungarian Military History<\/em>, ur. B\u00e9la Kir\u00e1ly, L\u00e1szl\u00f3 Veszpr\u00e9my, 111 \u2013 135. New York: Social Science Monographs, Brooklyn College Press, Columbia University Press, 2002.<\/li>\n<li><strong>P\u00e1lffy 2004a: <\/strong>P\u00e1lffy, G\u00e9za. \u201eO povijesti nastanka zemljovida hrvatsko-slavonskih i ugarskih kraji\u0161kih utvrda Nicola Angielinija.\u201d <em>Podravina<\/em> 3\/5 (2004): 45 \u2013 51.<\/li>\n<li><strong>P\u00e1lffy 2004b: <\/strong>P\u00e1lffy, G\u00e9za. \u201eHrvatska i Slavonija u sklopu Ugarske Kraljevine u 16. i 17. st. (s posebnim osvrtom na politi\u010dke, vojne i dru\u0161tvene odnose).\u201d U <em>Hrvatsko-ma\u0111arski odnosi 1102. \u2013 1918.<\/em>, ur. Milan Kruhek, 113 \u2013 125. Zagreb: Hrvatski institut za povijest, 2004.<\/li>\n<li><strong>P\u00e1lffy 2009a:<\/strong> P\u00e1lffy, G\u00e9za. \u201eThe Bulwark and Larder of Central Europe (1526\u20131711).\u201d U: <em>On the Stage of Europe. The millennial contribution of Hungary to the idea of European Community<\/em>, ur. Ern\u0151 Marosi, 100 \u2013 124. Research Institute for Art History of the Hungarian Academy of Sciences, Balassi Kiad\u00f3: Budapest, 2009.<\/li>\n<li><strong>P\u00e1lffy 2009b:<\/strong> P\u00e1lffy, G\u00e9za. <em>The Kingdom of Hungary and the Habsburg Monarchy in the Sixteenth Century<\/em>. Boulder, Colorado, New Jersey, New York: Social Science Monographs\u2013Wayne, Center for Hungarian Studies and Publications, Columbia University Press, 2009.<\/li>\n<li><strong>P\u00e1lffy 2012:<\/strong> P\u00e1lffy, G\u00e9za. \u201eThe Habsburg Defense System in Hungary Against the Ottomans in the Sixteenth Century: A Catalyst of Military Development in Central Europe.\u201d U: <em>Warfare in Eastern Europe, 1500-1800<\/em>, ur. Brian J. Davies, 35 \u2013 61. Leiden, Boson: Brill, 2012.<\/li>\n<li><strong>P\u00e1losfalvi 2004: <\/strong>P\u00e1losfalvi, Tam\u00e1s. \u201eSlavonski banovi u 15. stolje\u0107u.\u201d U <em>Hrvatsko-ma\u0111arski odnosi 1102. \u2013 1918.<\/em>, ur. Milan Kruhek, 45 \u2013 51. Zagreb: Hrvatski institut za povijest, 2004.<\/li>\n<li><strong>Pears 1923:<\/strong> Pears, Edwin. \u201eThe Ottoman Turks to the fall of Constantinople.\u201d U <em>The Cambridge Medieval History<\/em>, sv. 4. <em>The Eastern Roman Empire (717 \u2013 1453)<\/em>, ur. J. R. Tanner, C. W. Previt\u00e9-Orton, Z. N. Brooke, 653 \u2013 706. Cambridge: Cambridge University Press, 1923.<\/li>\n<li><strong>Peri\u010di\u0107 1989: <\/strong>Peri\u010di\u0107, \u0160ime. \u201eVojna krajina u Dalmaciji.\u201d U: <em>Vojne krajine u jugoslovenskim zemljama u novom veku do Karlova\u010dkog mira 1699<\/em>, ur. Vasa \u010cubrilovi\u0107, 169 \u2013 215. Beograd: Srpska akademija nauka i umetnosti, 1989.<\/li>\n<li><strong>Prlender 1991: <\/strong>Prlender, Ivica. \u201eSporazum u Tati 1426. godine i \u017digmundovi obrambeni sustavi.\u201d <em>Historijski zbornik <\/em>44\/1 (1991): 23 \u2013 41.<\/li>\n<li><strong>Rady 2000:<\/strong> Rady, Martyn C. <em>Nobility, Land and Service in Medieval Hungary<\/em>. Basingstoke: Palgrave MacMillan, 2000.<\/li>\n<li><strong>Rattkay 2016: <\/strong>Rattkay, Juraj. <em>Spomen na kraljeve i banove Kraljevstva Dalmacije, Hrvatske i Slavonije<\/em>, 2. izd. Uvodna studija S\u00e1ndor Bene, prijevod Zrinka Bla\u017eevi\u0107 et al. Zagreb: Hrvatski institut za povijest, Hrvatski studiji Sveu\u010dili\u0161ta u Zagrebu, 2016.<\/li>\n<li><strong>Raukar 2004: <\/strong>Raukar, Tomislav. \u201eHrvatska u dinasti\u010dkoj zajednici s Ugarskom 1102 \u2013 1526. godine.\u201d U <em>Hrvatsko-ma\u0111arski odnosi 1102. \u2013 1918.<\/em>, ur. Milan Kruhek, 27 \u2013 37. Zagreb: Hrvatski institut za povijest, 2004.<\/li>\n<li><strong>Sekuli\u0107 1990: <\/strong>Sekuli\u0107, Ante. \u201eSenjanin Nikola Juri\u0161i\u0107 i obrana Kisega 1532.\u201c <em>Senjski zbornik<\/em> 17 (1990): 15 \u2013 24.<\/li>\n<li><strong>Simoniti 1991: <\/strong>Simoniti, Vasko. <em>Voja\u0161ka organizacija na Slovenskem v 16. stoletju<\/em>. Ljubljana: Matica Slovenska, 1991.<\/li>\n<li><strong>Slukan Alti\u0107 2003: <\/strong>Slukan Alti\u0107, Mirela. <em>Povijesna kartografija: kartografski izvori u povijesnim znanostima<\/em>. Samobor: Meridijani, 2003.<\/li>\n<li><strong>Szabo 1920: <\/strong>Szabo, Gjuro. <em>Sredovje\u010dni gradovi u Hrvatskoj i Slavoniji<\/em>. Zagrebu: Matica hrvatska, 1920.<\/li>\n<li><strong>\u0160tefanec 2005: <\/strong>\u0160tefanec, Nata\u0161a. \u201eDemographic Changes on the Habsburg-Ottoman Border in Slavonia, c. 1570-1640.\u201d U: <em>Das Osmanische Reich und die Habsburgermonarchie: Akten des internationalen Kongresses zum 150-j\u00e4hrigen Bestehen des Instituts f\u00fcr \u00d6sterreichische Geschichtsforschung, Wien, 22.-25. September 2004<\/em>, ur. Kurz von Marlene et al., 551 \u2013 578. Wien, M\u00fcnchen: Oldenbourg, 2005.<\/li>\n<li><strong>\u0160tefanec 2009: <\/strong>\u0160tefanec, Nata\u0161a. <em>Muster liste: popratni komentari i obja\u0161njenja<\/em>. <a href=\"http:\/\/www.ffzg.unizg.hr\/pov\/zavod\/demografija\/?q=node\/9\">http:\/\/www.ffzg.unizg.hr\/pov\/zavod\/demografija\/?q=node\/9<\/a> (pristup 10. 5. 2019).<\/li>\n<li><strong>\u0160tefanec 2011: <\/strong>\u0160tefanec, Nata\u0161a. <em>Dr\u017eava ili ne: ustroj Vojne krajine 1578. godine i hrvatsko-slavonski stale\u017ei u regionalnoj obrani i politici<\/em>. Zagreb: Srednja Europa, 2011.<\/li>\n<li><strong>\u0160tefanec 2014: <\/strong>\u0160tefanec, Nata\u0161a. \u201eOsmanski zapovjednici i struktura osmanske i habsbur\u0161ke vojske na hrvatskom d\u0133elu kraji\u0161ta (prema \u0161p\u0133unskim izvje\u0161tajima iz 1570-ih).\u201d U <em>Ascendere historiam: Zbornik u \u010dast Milana Kruheka<\/em>, ur. Marija Karbi\u0107 et al., 209 \u2013 227. Zagreb: Hrvatski institut za povijest, 2014.<\/li>\n<li><strong>Tracy 2016:<\/strong> Tracy, James D. <em>Balkan Wars &#8211; Habsburg Croatia, Ottoman Bosnia, and Venetian Dalmatia, 1499 \u2013 1617<\/em>. Lanham, Boulder, New York, London: Rowman &amp; Littlefield, 2016.<\/li>\n<li><strong>Vrande\u010di\u0107 i Berto\u0161a 2007:<\/strong> Vrande\u010di\u0107, Josip, Miroslav Berto\u0161a. <em>Dalmacija, Dubrovnik i Istra u ranome novom vijeku<\/em>. Zagreb: Leykam International, 2007.<\/li>\n<li><strong>Z\u00f6llner i Sch\u00fcssel 1997: <\/strong>Z\u00f6llner, Erich, Therese Sch\u00fcssel. <em>Povijest Austrije<\/em>. Preveli Vlatka-Ana Duji\u0107, Sonja Ledin\u010di\u0107. Zagreb: Barbat, 1997.<\/li>\n<\/ul>\t\t\t\t\t\t\t\t<\/div>\n\t\t\t\t<\/div>\n\t\t\t\t\t<\/div>\n\t\t<\/div>\n\t\t\t\t\t<\/div>\n\t\t<\/section>\n\t\t\t\t<\/div>","protected":false},"excerpt":{"rendered":"<p>Razvoj Vojne krajine do 1578. s naglaskom na povijesni kontekst Pi\u0161e: Filip \u0160imunjak(\u00a92019.) U ovom eseju \u0107emo se prije svega pozabaviti razvojem Hrvatsko-slavenske vojne krajine unutar konteksta cjelokupne krajine Ugarskog Kraljevstva. Povremeno \u0107emo se, tamo gdje je to neophodno ili korisno, dotaknuti i osmanske strane, no zbog opsega rada ona \u0107e nam ipak ostati izvan [&hellip;]<\/p>","protected":false},"author":1,"featured_media":0,"parent":0,"menu_order":0,"comment_status":"closed","ping_status":"closed","template":"","meta":{"_acf_changed":false,"_monsterinsights_skip_tracking":false,"_monsterinsights_sitenote_active":false,"_monsterinsights_sitenote_note":"","_monsterinsights_sitenote_category":0,"site-sidebar-layout":"no-sidebar","site-content-layout":"page-builder","ast-site-content-layout":"default","site-content-style":"default","site-sidebar-style":"default","ast-global-header-display":"","ast-banner-title-visibility":"","ast-main-header-display":"","ast-hfb-above-header-display":"","ast-hfb-below-header-display":"","ast-hfb-mobile-header-display":"","site-post-title":"disabled","ast-breadcrumbs-content":"","ast-featured-img":"disabled","footer-sml-layout":"","ast-disable-related-posts":"","theme-transparent-header-meta":"default","adv-header-id-meta":"","stick-header-meta":"","header-above-stick-meta":"","header-main-stick-meta":"","header-below-stick-meta":"","astra-migrate-meta-layouts":"default","ast-page-background-enabled":"default","ast-page-background-meta":{"desktop":{"background-color":"","background-image":"","background-repeat":"repeat","background-position":"center center","background-size":"auto","background-attachment":"scroll","background-type":"","background-media":"","overlay-type":"","overlay-color":"","overlay-opacity":"","overlay-gradient":""},"tablet":{"background-color":"","background-image":"","background-repeat":"repeat","background-position":"center center","background-size":"auto","background-attachment":"scroll","background-type":"","background-media":"","overlay-type":"","overlay-color":"","overlay-opacity":"","overlay-gradient":""},"mobile":{"background-color":"","background-image":"","background-repeat":"repeat","background-position":"center center","background-size":"auto","background-attachment":"scroll","background-type":"","background-media":"","overlay-type":"","overlay-color":"","overlay-opacity":"","overlay-gradient":""}},"ast-content-background-meta":{"desktop":{"background-color":"var(--ast-global-color-5)","background-image":"","background-repeat":"repeat","background-position":"center center","background-size":"auto","background-attachment":"scroll","background-type":"","background-media":"","overlay-type":"","overlay-color":"","overlay-opacity":"","overlay-gradient":""},"tablet":{"background-color":"var(--ast-global-color-5)","background-image":"","background-repeat":"repeat","background-position":"center center","background-size":"auto","background-attachment":"scroll","background-type":"","background-media":"","overlay-type":"","overlay-color":"","overlay-opacity":"","overlay-gradient":""},"mobile":{"background-color":"var(--ast-global-color-5)","background-image":"","background-repeat":"repeat","background-position":"center center","background-size":"auto","background-attachment":"scroll","background-type":"","background-media":"","overlay-type":"","overlay-color":"","overlay-opacity":"","overlay-gradient":""}},"footnotes":""},"class_list":["post-858","page","type-page","status-publish","hentry"],"acf":[],"yoast_head":"<!-- This site is optimized with the Yoast SEO plugin v26.6 - https:\/\/yoast.com\/wordpress\/plugins\/seo\/ -->\n<title>Razvoj krajine - Bulwark of Europe<\/title>\n<meta name=\"robots\" content=\"index, follow, max-snippet:-1, max-image-preview:large, max-video-preview:-1\" \/>\n<link rel=\"canonical\" href=\"https:\/\/vojnakrajina.ffzg.unizg.hr\/en\/razvoj-krajine\/\" \/>\n<meta property=\"og:locale\" content=\"en_GB\" \/>\n<meta property=\"og:type\" content=\"article\" \/>\n<meta property=\"og:title\" content=\"Razvoj krajine - Bulwark of Europe\" \/>\n<meta property=\"og:description\" content=\"Razvoj Vojne krajine do 1578. s naglaskom na povijesni kontekst Pi\u0161e: Filip \u0160imunjak(\u00a92019.) U ovom eseju \u0107emo se prije svega pozabaviti razvojem Hrvatsko-slavenske vojne krajine unutar konteksta cjelokupne krajine Ugarskog Kraljevstva. Povremeno \u0107emo se, tamo gdje je to neophodno ili korisno, dotaknuti i osmanske strane, no zbog opsega rada ona \u0107e nam ipak ostati izvan [&hellip;]\" \/>\n<meta property=\"og:url\" content=\"https:\/\/vojnakrajina.ffzg.unizg.hr\/en\/razvoj-krajine\/\" \/>\n<meta property=\"og:site_name\" content=\"Bulwark of Europe\" \/>\n<meta property=\"article:modified_time\" content=\"2025-04-02T13:26:59+00:00\" \/>\n<meta property=\"og:image\" content=\"https:\/\/vojnakrajina.ffzg.unizg.hr\/wp-content\/uploads\/elementor\/thumbs\/1556-ver-2-BEZ-GRIDA-scaled-okcqz91ynxve6ca52zwn25b7c099830elg6fizilxk.jpg\" \/>\n<meta name=\"twitter:card\" content=\"summary_large_image\" \/>\n<meta name=\"twitter:label1\" content=\"Estimated reading time\" \/>\n\t<meta name=\"twitter:data1\" content=\"38 minutes\" \/>\n<script type=\"application\/ld+json\" class=\"yoast-schema-graph\">{\"@context\":\"https:\/\/schema.org\",\"@graph\":[{\"@type\":\"WebPage\",\"@id\":\"https:\/\/vojnakrajina.ffzg.unizg.hr\/razvoj-krajine\/\",\"url\":\"https:\/\/vojnakrajina.ffzg.unizg.hr\/razvoj-krajine\/\",\"name\":\"Razvoj krajine - Bulwark of Europe\",\"isPartOf\":{\"@id\":\"https:\/\/vojnakrajina.ffzg.unizg.hr\/#website\"},\"primaryImageOfPage\":{\"@id\":\"https:\/\/vojnakrajina.ffzg.unizg.hr\/razvoj-krajine\/#primaryimage\"},\"image\":{\"@id\":\"https:\/\/vojnakrajina.ffzg.unizg.hr\/razvoj-krajine\/#primaryimage\"},\"thumbnailUrl\":\"https:\/\/vojnakrajina.ffzg.unizg.hr\/wp-content\/uploads\/elementor\/thumbs\/1556-ver-2-BEZ-GRIDA-scaled-okcqz91ynxve6ca52zwn25b7c099830elg6fizilxk.jpg\",\"datePublished\":\"2019-07-05T14:24:15+00:00\",\"dateModified\":\"2025-04-02T13:26:59+00:00\",\"breadcrumb\":{\"@id\":\"https:\/\/vojnakrajina.ffzg.unizg.hr\/razvoj-krajine\/#breadcrumb\"},\"inLanguage\":\"en-GB\",\"potentialAction\":[{\"@type\":\"ReadAction\",\"target\":[\"https:\/\/vojnakrajina.ffzg.unizg.hr\/razvoj-krajine\/\"]}]},{\"@type\":\"ImageObject\",\"inLanguage\":\"en-GB\",\"@id\":\"https:\/\/vojnakrajina.ffzg.unizg.hr\/razvoj-krajine\/#primaryimage\",\"url\":\"https:\/\/vojnakrajina.ffzg.unizg.hr\/wp-content\/uploads\/elementor\/thumbs\/1556-ver-2-BEZ-GRIDA-scaled-okcqz91ynxve6ca52zwn25b7c099830elg6fizilxk.jpg\",\"contentUrl\":\"https:\/\/vojnakrajina.ffzg.unizg.hr\/wp-content\/uploads\/elementor\/thumbs\/1556-ver-2-BEZ-GRIDA-scaled-okcqz91ynxve6ca52zwn25b7c099830elg6fizilxk.jpg\"},{\"@type\":\"BreadcrumbList\",\"@id\":\"https:\/\/vojnakrajina.ffzg.unizg.hr\/razvoj-krajine\/#breadcrumb\",\"itemListElement\":[{\"@type\":\"ListItem\",\"position\":1,\"name\":\"Home\",\"item\":\"https:\/\/vojnakrajina.ffzg.unizg.hr\/\"},{\"@type\":\"ListItem\",\"position\":2,\"name\":\"Razvoj krajine\"}]},{\"@type\":\"WebSite\",\"@id\":\"https:\/\/vojnakrajina.ffzg.unizg.hr\/#website\",\"url\":\"https:\/\/vojnakrajina.ffzg.unizg.hr\/\",\"name\":\"Bulwark of Europe - Vojna krajina u 16. stolje\u0107u\",\"description\":\"Digitizing Habsburg-Ottoman Border\",\"potentialAction\":[{\"@type\":\"SearchAction\",\"target\":{\"@type\":\"EntryPoint\",\"urlTemplate\":\"https:\/\/vojnakrajina.ffzg.unizg.hr\/?s={search_term_string}\"},\"query-input\":{\"@type\":\"PropertyValueSpecification\",\"valueRequired\":true,\"valueName\":\"search_term_string\"}}],\"inLanguage\":\"en-GB\"}]}<\/script>\n<!-- \/ Yoast SEO plugin. -->","yoast_head_json":{"title":"Razvoj krajine - Bulwark of Europe","robots":{"index":"index","follow":"follow","max-snippet":"max-snippet:-1","max-image-preview":"max-image-preview:large","max-video-preview":"max-video-preview:-1"},"canonical":"https:\/\/vojnakrajina.ffzg.unizg.hr\/en\/razvoj-krajine\/","og_locale":"en_GB","og_type":"article","og_title":"Razvoj krajine - Bulwark of Europe","og_description":"Razvoj Vojne krajine do 1578. s naglaskom na povijesni kontekst Pi\u0161e: Filip \u0160imunjak(\u00a92019.) U ovom eseju \u0107emo se prije svega pozabaviti razvojem Hrvatsko-slavenske vojne krajine unutar konteksta cjelokupne krajine Ugarskog Kraljevstva. Povremeno \u0107emo se, tamo gdje je to neophodno ili korisno, dotaknuti i osmanske strane, no zbog opsega rada ona \u0107e nam ipak ostati izvan [&hellip;]","og_url":"https:\/\/vojnakrajina.ffzg.unizg.hr\/en\/razvoj-krajine\/","og_site_name":"Bulwark of Europe","article_modified_time":"2025-04-02T13:26:59+00:00","og_image":[{"url":"https:\/\/vojnakrajina.ffzg.unizg.hr\/wp-content\/uploads\/elementor\/thumbs\/1556-ver-2-BEZ-GRIDA-scaled-okcqz91ynxve6ca52zwn25b7c099830elg6fizilxk.jpg","type":"","width":"","height":""}],"twitter_card":"summary_large_image","twitter_misc":{"Estimated reading time":"38 minutes"},"schema":{"@context":"https:\/\/schema.org","@graph":[{"@type":"WebPage","@id":"https:\/\/vojnakrajina.ffzg.unizg.hr\/razvoj-krajine\/","url":"https:\/\/vojnakrajina.ffzg.unizg.hr\/razvoj-krajine\/","name":"Razvoj krajine - Bulwark of Europe","isPartOf":{"@id":"https:\/\/vojnakrajina.ffzg.unizg.hr\/#website"},"primaryImageOfPage":{"@id":"https:\/\/vojnakrajina.ffzg.unizg.hr\/razvoj-krajine\/#primaryimage"},"image":{"@id":"https:\/\/vojnakrajina.ffzg.unizg.hr\/razvoj-krajine\/#primaryimage"},"thumbnailUrl":"https:\/\/vojnakrajina.ffzg.unizg.hr\/wp-content\/uploads\/elementor\/thumbs\/1556-ver-2-BEZ-GRIDA-scaled-okcqz91ynxve6ca52zwn25b7c099830elg6fizilxk.jpg","datePublished":"2019-07-05T14:24:15+00:00","dateModified":"2025-04-02T13:26:59+00:00","breadcrumb":{"@id":"https:\/\/vojnakrajina.ffzg.unizg.hr\/razvoj-krajine\/#breadcrumb"},"inLanguage":"en-GB","potentialAction":[{"@type":"ReadAction","target":["https:\/\/vojnakrajina.ffzg.unizg.hr\/razvoj-krajine\/"]}]},{"@type":"ImageObject","inLanguage":"en-GB","@id":"https:\/\/vojnakrajina.ffzg.unizg.hr\/razvoj-krajine\/#primaryimage","url":"https:\/\/vojnakrajina.ffzg.unizg.hr\/wp-content\/uploads\/elementor\/thumbs\/1556-ver-2-BEZ-GRIDA-scaled-okcqz91ynxve6ca52zwn25b7c099830elg6fizilxk.jpg","contentUrl":"https:\/\/vojnakrajina.ffzg.unizg.hr\/wp-content\/uploads\/elementor\/thumbs\/1556-ver-2-BEZ-GRIDA-scaled-okcqz91ynxve6ca52zwn25b7c099830elg6fizilxk.jpg"},{"@type":"BreadcrumbList","@id":"https:\/\/vojnakrajina.ffzg.unizg.hr\/razvoj-krajine\/#breadcrumb","itemListElement":[{"@type":"ListItem","position":1,"name":"Home","item":"https:\/\/vojnakrajina.ffzg.unizg.hr\/"},{"@type":"ListItem","position":2,"name":"Razvoj krajine"}]},{"@type":"WebSite","@id":"https:\/\/vojnakrajina.ffzg.unizg.hr\/#website","url":"https:\/\/vojnakrajina.ffzg.unizg.hr\/","name":"Bulwark of Europe - Vojna krajina u 16. stolje\u0107u","description":"Digitizing Habsburg-Ottoman Border","potentialAction":[{"@type":"SearchAction","target":{"@type":"EntryPoint","urlTemplate":"https:\/\/vojnakrajina.ffzg.unizg.hr\/?s={search_term_string}"},"query-input":{"@type":"PropertyValueSpecification","valueRequired":true,"valueName":"search_term_string"}}],"inLanguage":"en-GB"}]}},"_links":{"self":[{"href":"https:\/\/vojnakrajina.ffzg.unizg.hr\/en\/wp-json\/wp\/v2\/pages\/858","targetHints":{"allow":["GET"]}}],"collection":[{"href":"https:\/\/vojnakrajina.ffzg.unizg.hr\/en\/wp-json\/wp\/v2\/pages"}],"about":[{"href":"https:\/\/vojnakrajina.ffzg.unizg.hr\/en\/wp-json\/wp\/v2\/types\/page"}],"author":[{"embeddable":true,"href":"https:\/\/vojnakrajina.ffzg.unizg.hr\/en\/wp-json\/wp\/v2\/users\/1"}],"replies":[{"embeddable":true,"href":"https:\/\/vojnakrajina.ffzg.unizg.hr\/en\/wp-json\/wp\/v2\/comments?post=858"}],"version-history":[{"count":27,"href":"https:\/\/vojnakrajina.ffzg.unizg.hr\/en\/wp-json\/wp\/v2\/pages\/858\/revisions"}],"predecessor-version":[{"id":3857,"href":"https:\/\/vojnakrajina.ffzg.unizg.hr\/en\/wp-json\/wp\/v2\/pages\/858\/revisions\/3857"}],"wp:attachment":[{"href":"https:\/\/vojnakrajina.ffzg.unizg.hr\/en\/wp-json\/wp\/v2\/media?parent=858"}],"curies":[{"name":"wp","href":"https:\/\/api.w.org\/{rel}","templated":true}]}}